{"version":"1.0","provider_name":"Creative Ireland Programme","provider_url":"https:\/\/www.creativeireland.gov.ie\/en\/","title":"F\u00e9ile Sr\u00e1ide 2023 (N\u00e1s na R\u00edogh) - Creative Ireland Programme","type":"rich","width":600,"height":338,"html":"<blockquote class=\"wp-embedded-content\" data-secret=\"bSbXtYERLt\"><a href=\"https:\/\/www.creativeireland.gov.ie\/en\/event\/feile-sraide-2023-nas-na-riogh\/\">F\u00e9ile Sr\u00e1ide 2023 (N\u00e1s na R\u00edogh)<\/a><\/blockquote><iframe sandbox=\"allow-scripts\" security=\"restricted\" src=\"https:\/\/www.creativeireland.gov.ie\/en\/event\/feile-sraide-2023-nas-na-riogh\/embed\/#?secret=bSbXtYERLt\" width=\"600\" height=\"338\" title=\"&#8220;F\u00e9ile Sr\u00e1ide 2023 (N\u00e1s na R\u00edogh)&#8221; &#8212; Creative Ireland Programme\" data-secret=\"bSbXtYERLt\" frameborder=\"0\" marginwidth=\"0\" marginheight=\"0\" scrolling=\"no\" class=\"wp-embedded-content\"><\/iframe><script type=\"text\/javascript\">\n\/* <![CDATA[ *\/\n\/*! This file is auto-generated *\/\n!function(d,l){\"use strict\";l.querySelector&&d.addEventListener&&\"undefined\"!=typeof URL&&(d.wp=d.wp||{},d.wp.receiveEmbedMessage||(d.wp.receiveEmbedMessage=function(e){var t=e.data;if((t||t.secret||t.message||t.value)&&!\/[^a-zA-Z0-9]\/.test(t.secret)){for(var s,r,n,a=l.querySelectorAll('iframe[data-secret=\"'+t.secret+'\"]'),o=l.querySelectorAll('blockquote[data-secret=\"'+t.secret+'\"]'),c=new RegExp(\"^https?:$\",\"i\"),i=0;i<o.length;i++)o[i].style.display=\"none\";for(i=0;i<a.length;i++)s=a[i],e.source===s.contentWindow&&(s.removeAttribute(\"style\"),\"height\"===t.message?(1e3<(r=parseInt(t.value,10))?r=1e3:~~r<200&&(r=200),s.height=r):\"link\"===t.message&&(r=new URL(s.getAttribute(\"src\")),n=new URL(t.value),c.test(n.protocol))&&n.host===r.host&&l.activeElement===s&&(d.top.location.href=t.value))}},d.addEventListener(\"message\",d.wp.receiveEmbedMessage,!1),l.addEventListener(\"DOMContentLoaded\",function(){for(var e,t,s=l.querySelectorAll(\"iframe.wp-embedded-content\"),r=0;r<s.length;r++)(t=(e=s[r]).getAttribute(\"data-secret\"))||(t=Math.random().toString(36).substring(2,12),e.src+=\"#?secret=\"+t,e.setAttribute(\"data-secret\",t)),e.contentWindow.postMessage({message:\"ready\",secret:t},\"*\")},!1)))}(window,document);\n\/* ]]> *\/\n<\/script>\n","thumbnail_url":"https:\/\/www.creativeireland.gov.ie\/app\/uploads\/2023\/03\/st-patricks-image-ci.jpg","thumbnail_width":612,"thumbnail_height":408,"description":"Seo an dara bliain den Fh\u00e9ile Sr\u00e1ide ar L\u00e1 Fh\u00e9ile P\u00e1draig i N\u00e1s na R\u00edogh. Anuraidh bh\u00ed l\u00e1 iontach\u00a0 ag slua m\u00f3r daoine agus bhain gach duine taitneamh agus tairbhe as na h\u00f3c\u00e1ide. T\u00e1 n\u00edos m\u00f3 gr\u00fapa\u00ed agus daoine difri\u00fala mar chuid den fh\u00e9\u00edle i mbliana. Aidhm an choiste n\u00e1 go bhfuil rud \u00e9igin do [&hellip;]"}