{"id":12143,"date":"2020-11-07T03:02:40","date_gmt":"2020-11-07T03:02:40","guid":{"rendered":"https:\/\/www.creativeireland.gov.ie\/event\/ballai-na-ndeise\/"},"modified":"2020-11-07T03:02:40","modified_gmt":"2020-11-07T03:02:40","slug":"ballai-na-ndeise","status":"publish","type":"event","link":"https:\/\/www.creativeireland.gov.ie\/en\/event\/ballai-na-ndeise\/","title":{"rendered":"Balla\u00ed na nD\u00e9ise"},"content":{"rendered":"<p>Is \u00e9 aidhm an tionscadail seo n\u00e1 sainaithint a dh\u00e9anamh ar<br \/>\nsu\u00edomhanna, sc\u00e9alta, tallann agus scileanna \u00e1r bpobal, a bheidh<br \/>\nriachtanach chun sraith m\u00farphicti\u00far a fhorbairt ar fud Gaeltacht na<br \/>\nnD\u00e9ise.\u00a0<\/p>\n<p>\nIs \u00ed an fh\u00eds n\u00e1 nu\u00e1la\u00edocht, cruthaitheacht agus comhoibri\u00fa a bheith i<br \/>\ngcro\u00edl\u00e1r chomhfhorbairt \u00e1ite laistigh de shu\u00edomh cult\u00fartha uath\u00fail agus comhth\u00e9acs teangan Ghealtacht na nD\u00e9ise.\u00a0<\/p>\n<p>\nIs \u00ed an uaillmhian n\u00e1 eala\u00edont\u00f3ir\u00ed, sc\u00e9alaithe agus \u00e9ascaitheoir\u00ed pobail \u00f3 laistigh den Ghaeltacht agus \u00f3n taobh amuigh de a thabhairt le ch\u00e9ile chun scileanna agus na cleachtais a fhorbairt<br \/>\n&#8211; chun tac\u00fa len\u00e1r bpobal a mbeochan a roinnt agus a fhorbairt,<br \/>\n&#8211; chun pl\u00e9 a dh\u00e9anamh ar conas ceangail go samhla\u00edocht le<br \/>\nstrucht\u00fair th\u00f3gtha sa cheantar,<br \/>\n&#8211; chun tac\u00fa le hathlonn\u00fa amharceala\u00edon agus l\u00e9iri\u00fa pobail de r\u00e9ir<br \/>\nriachtanais sl\u00e1inte poibl\u00ed, agus<br \/>\n&#8211; rannph\u00e1irt\u00edocht agus comhoibri\u00fa an phobail san eala\u00edn phoibl\u00ed a<br \/>\ndhaingni\u00fa.\u00a0<\/p>\n<p>\nIs \u00e9 an plean n\u00e1 sraith ceardlann speisialta a thairiscint, arna<br \/>\nseachadadh ag The Walls Project, a thabharfaidh bun\u00fas sna scileanna agus na cleachtais at\u00e1 riachtanach chun tionscadal suntasach eala\u00edne poibl\u00ed a sheachadadh amach anseo.<\/p>\n<p>\nIs \u00ed an toradh n\u00e1 Meitheal M\u00farphicti\u00far &#8211; pobal fuinni\u00fail eala\u00edont\u00f3ir\u00ed,<br \/>\nsc\u00e9alaithe agus \u00e9ascaitheoir\u00ed pobail a sh\u00e1r\u00f3idh an tionscadal seo, agus a bheidh oilte agus cumasaithe chun oibri\u00fa le pobal na Gaeltachta chun a sc\u00e9alta a insint tr\u00ed mhe\u00e1n na m\u00farphicti\u00far.<\/p>\n","protected":false},"author":0,"featured_media":0,"template":"","class_list":["post-12143","event","type-event","status-publish","hentry"],"acf":[],"yoast_head":"<!-- This site is optimized with the Yoast SEO plugin v25.9 - https:\/\/yoast.com\/wordpress\/plugins\/seo\/ -->\n<title>Balla\u00ed na nD\u00e9ise - Creative Ireland Programme<\/title>\n<meta name=\"description\" content=\"Is \u00e9 aidhm an tionscadail seo n\u00e1 sainaithint a dh\u00e9anamh ar\nsu\u00edomhanna, sc\u00e9alta, tallann agus scileanna \u00e1r bpobal, a bheidh\nriachtanach chun sraith m\u00farphicti\u00far a fhorbairt ar fud Gaeltacht na\nnD\u00e9ise.\" \/>\n<meta name=\"robots\" content=\"index, follow, max-snippet:-1, max-image-preview:large, max-video-preview:-1\" \/>\n<link rel=\"canonical\" href=\"https:\/\/www.creativeireland.gov.ie\/en\/event\/ballai-na-ndeise\/\" \/>\n<meta property=\"og:locale\" content=\"en_US\" \/>\n<meta property=\"og:type\" content=\"article\" \/>\n<meta property=\"og:title\" content=\"Balla\u00ed na nD\u00e9ise - Creative Ireland Programme\" \/>\n<meta property=\"og:description\" content=\"Is \u00e9 aidhm an tionscadail seo n\u00e1 sainaithint a dh\u00e9anamh ar su\u00edomhanna, sc\u00e9alta, tallann agus scileanna \u00e1r bpobal, a bheidh riachtanach chun sraith m\u00farphicti\u00far a fhorbairt ar fud Gaeltacht na nD\u00e9ise.\u00a0 Is \u00ed an fh\u00eds n\u00e1 nu\u00e1la\u00edocht, cruthaitheacht agus comhoibri\u00fa a bheith i gcro\u00edl\u00e1r chomhfhorbairt \u00e1ite laistigh de shu\u00edomh cult\u00fartha uath\u00fail agus comhth\u00e9acs teangan Ghealtacht [&hellip;]\" \/>\n<meta property=\"og:url\" content=\"https:\/\/www.creativeireland.gov.ie\/en\/event\/ballai-na-ndeise\/\" \/>\n<meta property=\"og:site_name\" content=\"Creative Ireland Programme\" \/>\n<meta property=\"article:publisher\" content=\"https:\/\/www.facebook.com\/CreativeIrl\/\" \/>\n<meta name=\"twitter:card\" content=\"summary_large_image\" \/>\n<meta name=\"twitter:site\" content=\"@creativeirl\" \/>\n<meta name=\"twitter:label1\" content=\"Est. reading time\" \/>\n\t<meta name=\"twitter:data1\" content=\"1 minute\" \/>\n<script type=\"application\/ld+json\" class=\"yoast-schema-graph\">{\"@context\":\"https:\/\/schema.org\",\"@graph\":[{\"@type\":\"WebPage\",\"@id\":\"https:\/\/www.creativeireland.gov.ie\/en\/event\/ballai-na-ndeise\/\",\"url\":\"https:\/\/www.creativeireland.gov.ie\/en\/event\/ballai-na-ndeise\/\",\"name\":\"Balla\u00ed na nD\u00e9ise - Creative Ireland Programme\",\"isPartOf\":{\"@id\":\"https:\/\/www.creativeireland.gov.ie\/en\/#website\"},\"datePublished\":\"2020-11-07T03:02:40+00:00\",\"breadcrumb\":{\"@id\":\"https:\/\/www.creativeireland.gov.ie\/en\/event\/ballai-na-ndeise\/#breadcrumb\"},\"inLanguage\":\"en-US\",\"potentialAction\":[{\"@type\":\"ReadAction\",\"target\":[\"https:\/\/www.creativeireland.gov.ie\/en\/event\/ballai-na-ndeise\/\"]}]},{\"@type\":\"BreadcrumbList\",\"@id\":\"https:\/\/www.creativeireland.gov.ie\/en\/event\/ballai-na-ndeise\/#breadcrumb\",\"itemListElement\":[{\"@type\":\"ListItem\",\"position\":1,\"name\":\"Home\",\"item\":\"https:\/\/www.creativeireland.gov.ie\/en\/\"},{\"@type\":\"ListItem\",\"position\":2,\"name\":\"Balla\u00ed na nD\u00e9ise\"}]},{\"@type\":\"WebSite\",\"@id\":\"https:\/\/www.creativeireland.gov.ie\/en\/#website\",\"url\":\"https:\/\/www.creativeireland.gov.ie\/en\/\",\"name\":\"Creative Ireland Programme\",\"description\":\"The Creative Ireland Programme is guided by a vision that every person in Ireland will have the opportunity to realise their full creative potential. It is a five year all-of-Government initiative, from 2017 to 2022, to place creativity at the centre of public policy.\",\"potentialAction\":[{\"@type\":\"SearchAction\",\"target\":{\"@type\":\"EntryPoint\",\"urlTemplate\":\"https:\/\/www.creativeireland.gov.ie\/en\/?s={search_term_string}\"},\"query-input\":{\"@type\":\"PropertyValueSpecification\",\"valueRequired\":true,\"valueName\":\"search_term_string\"}}],\"inLanguage\":\"en-US\"}]}<\/script>\n<!-- \/ Yoast SEO plugin. -->","yoast_head_json":{"title":"Balla\u00ed na nD\u00e9ise - Creative Ireland Programme","description":"Is \u00e9 aidhm an tionscadail seo n\u00e1 sainaithint a dh\u00e9anamh ar\nsu\u00edomhanna, sc\u00e9alta, tallann agus scileanna \u00e1r bpobal, a bheidh\nriachtanach chun sraith m\u00farphicti\u00far a fhorbairt ar fud Gaeltacht na\nnD\u00e9ise.","robots":{"index":"index","follow":"follow","max-snippet":"max-snippet:-1","max-image-preview":"max-image-preview:large","max-video-preview":"max-video-preview:-1"},"canonical":"https:\/\/www.creativeireland.gov.ie\/en\/event\/ballai-na-ndeise\/","og_locale":"en_US","og_type":"article","og_title":"Balla\u00ed na nD\u00e9ise - Creative Ireland Programme","og_description":"Is \u00e9 aidhm an tionscadail seo n\u00e1 sainaithint a dh\u00e9anamh ar su\u00edomhanna, sc\u00e9alta, tallann agus scileanna \u00e1r bpobal, a bheidh riachtanach chun sraith m\u00farphicti\u00far a fhorbairt ar fud Gaeltacht na nD\u00e9ise.\u00a0 Is \u00ed an fh\u00eds n\u00e1 nu\u00e1la\u00edocht, cruthaitheacht agus comhoibri\u00fa a bheith i gcro\u00edl\u00e1r chomhfhorbairt \u00e1ite laistigh de shu\u00edomh cult\u00fartha uath\u00fail agus comhth\u00e9acs teangan Ghealtacht [&hellip;]","og_url":"https:\/\/www.creativeireland.gov.ie\/en\/event\/ballai-na-ndeise\/","og_site_name":"Creative Ireland Programme","article_publisher":"https:\/\/www.facebook.com\/CreativeIrl\/","twitter_card":"summary_large_image","twitter_site":"@creativeirl","twitter_misc":{"Est. reading time":"1 minute"},"schema":{"@context":"https:\/\/schema.org","@graph":[{"@type":"WebPage","@id":"https:\/\/www.creativeireland.gov.ie\/en\/event\/ballai-na-ndeise\/","url":"https:\/\/www.creativeireland.gov.ie\/en\/event\/ballai-na-ndeise\/","name":"Balla\u00ed na nD\u00e9ise - Creative Ireland Programme","isPartOf":{"@id":"https:\/\/www.creativeireland.gov.ie\/en\/#website"},"datePublished":"2020-11-07T03:02:40+00:00","breadcrumb":{"@id":"https:\/\/www.creativeireland.gov.ie\/en\/event\/ballai-na-ndeise\/#breadcrumb"},"inLanguage":"en-US","potentialAction":[{"@type":"ReadAction","target":["https:\/\/www.creativeireland.gov.ie\/en\/event\/ballai-na-ndeise\/"]}]},{"@type":"BreadcrumbList","@id":"https:\/\/www.creativeireland.gov.ie\/en\/event\/ballai-na-ndeise\/#breadcrumb","itemListElement":[{"@type":"ListItem","position":1,"name":"Home","item":"https:\/\/www.creativeireland.gov.ie\/en\/"},{"@type":"ListItem","position":2,"name":"Balla\u00ed na nD\u00e9ise"}]},{"@type":"WebSite","@id":"https:\/\/www.creativeireland.gov.ie\/en\/#website","url":"https:\/\/www.creativeireland.gov.ie\/en\/","name":"Creative Ireland Programme","description":"The Creative Ireland Programme is guided by a vision that every person in Ireland will have the opportunity to realise their full creative potential. It is a five year all-of-Government initiative, from 2017 to 2022, to place creativity at the centre of public policy.","potentialAction":[{"@type":"SearchAction","target":{"@type":"EntryPoint","urlTemplate":"https:\/\/www.creativeireland.gov.ie\/en\/?s={search_term_string}"},"query-input":{"@type":"PropertyValueSpecification","valueRequired":true,"valueName":"search_term_string"}}],"inLanguage":"en-US"}]}},"_links":{"self":[{"href":"https:\/\/www.creativeireland.gov.ie\/en\/wp-json\/wp\/v2\/event\/12143","targetHints":{"allow":["GET"]}}],"collection":[{"href":"https:\/\/www.creativeireland.gov.ie\/en\/wp-json\/wp\/v2\/event"}],"about":[{"href":"https:\/\/www.creativeireland.gov.ie\/en\/wp-json\/wp\/v2\/types\/event"}],"wp:attachment":[{"href":"https:\/\/www.creativeireland.gov.ie\/en\/wp-json\/wp\/v2\/media?parent=12143"}],"curies":[{"name":"wp","href":"https:\/\/api.w.org\/{rel}","templated":true}]}}