{"id":20452,"date":"2022-07-02T03:02:38","date_gmt":"2022-07-02T02:02:38","guid":{"rendered":"https:\/\/www.creativeireland.gov.ie\/event\/micheal-ui-cleirigh-summer-school-2022\/"},"modified":"2022-07-02T03:02:38","modified_gmt":"2022-07-02T02:02:38","slug":"micheal-ui-cleirigh-summer-school-2022","status":"publish","type":"event","link":"https:\/\/www.creativeireland.gov.ie\/en\/event\/micheal-ui-cleirigh-summer-school-2022\/","title":{"rendered":"M\u00edche\u00e1l U\u00ed Cl\u00e9irigh Summer School 2022"},"content":{"rendered":"<p><span><span><span>The eighth M\u00edche\u00e1l \u00d3\u2019Cl\u00e9irigh Summer School takes place in the Sandhouse Hotel, Rossnowlagh (Eircode F94X56F) on the weekend 6th \u2013 8th May, 2022 with the theme of \u201c<strong>Bloodshed and Retribution \/ Doirteadh Fola agus D\u00edoltas 1530-1700<\/strong>\u201d. <\/span><\/span><\/span><\/p>\n<p><span><span><span>Events include talks from four expert speakers; music and song\u00a0will be by young musicians; art competition for school children from the locality; a tour associated with the Four Masters; a Conference dinner; a musical evening and other events associated with the Four Masters. <\/span><\/span><\/span><\/p>\n<p><span><span><span>The 2022 Primary Schools art competition\u00a0once again presents with a large entry of art work from many young artists from seven schools in the locality, with\u00a0four winning art categories for this free event:<\/span><\/span><\/span><\/p>\n<ol>\n<li><span><span><span>Junior\/Senior <\/span><\/span><\/span><\/li>\n<li><span><span><span>First\/Second Class<\/span><\/span><\/span><\/li>\n<li><span><span><span>Third\/ Fourth Class <\/span><\/span><\/span><\/li>\n<li><span><span><span>Fifth\/Sixth Class Art. \u00a0<\/span><\/span><\/span><\/li>\n<\/ol>\n<p><span><span><span>The M\u00edche\u00e1l \u00d3 Cl\u00e9irigh Summer School is organised in the birthplace of the principal of the Four Masters, to celebrate his life and work and provide insights into the Gaelic world, of which he was a part, from the latest historical research. The main (ticketed) events\u00a0for\u00a0this year are\u00a0talks given by historians on Saturday. Tickets\u00a0can be pre-booked or purchased at the door.<\/span><\/span><\/span><\/p>\n<p><span><span><span>After each Summer School the lectures and other associated events are published in a book and some copies distributed to various libraries in Co. Donegal. <\/span><\/span><\/span><\/p>\n","protected":false},"author":0,"featured_media":20453,"template":"","class_list":["post-20452","event","type-event","status-publish","has-post-thumbnail","hentry"],"acf":[],"yoast_head":"<!-- This site is optimized with the Yoast SEO plugin v25.9 - https:\/\/yoast.com\/wordpress\/plugins\/seo\/ -->\n<title>M\u00edche\u00e1l U\u00ed Cl\u00e9irigh Summer School 2022 - Creative Ireland Programme<\/title>\n<meta name=\"description\" content=\"The eighth M\u00edche\u00e1l \u00d3\u2019Cl\u00e9irigh Summer School takes place in the Sandhouse Hotel, Rossnowlagh (Eircode F94X56F) on the weekend 6th \u2013 8th May, 2022 with the theme of \u201cBloodshed and Retribution \/ Doirteadh Fola agus D\u00edoltas 1530-1700\u201d.\" \/>\n<meta name=\"robots\" content=\"index, follow, max-snippet:-1, max-image-preview:large, max-video-preview:-1\" \/>\n<link rel=\"canonical\" href=\"https:\/\/www.creativeireland.gov.ie\/en\/event\/micheal-ui-cleirigh-summer-school-2022\/\" \/>\n<meta property=\"og:locale\" content=\"en_US\" \/>\n<meta property=\"og:type\" content=\"article\" \/>\n<meta property=\"og:title\" content=\"M\u00edche\u00e1l U\u00ed Cl\u00e9irigh Summer School 2022 - Creative Ireland Programme\" \/>\n<meta property=\"og:description\" content=\"The eighth M\u00edche\u00e1l \u00d3\u2019Cl\u00e9irigh Summer School takes place in the Sandhouse Hotel, Rossnowlagh (Eircode F94X56F) on the weekend 6th \u2013 8th May, 2022 with the theme of \u201cBloodshed and Retribution \/ Doirteadh Fola agus D\u00edoltas 1530-1700\u201d. Events include talks from four expert speakers; music and song\u00a0will be by young musicians; art competition for school children [&hellip;]\" \/>\n<meta property=\"og:url\" content=\"https:\/\/www.creativeireland.gov.ie\/en\/event\/micheal-ui-cleirigh-summer-school-2022\/\" \/>\n<meta property=\"og:site_name\" content=\"Creative Ireland Programme\" \/>\n<meta property=\"article:publisher\" content=\"https:\/\/www.facebook.com\/CreativeIrl\/\" \/>\n<meta name=\"twitter:card\" content=\"summary_large_image\" \/>\n<meta name=\"twitter:site\" content=\"@creativeirl\" \/>\n<meta name=\"twitter:label1\" content=\"Est. reading time\" \/>\n\t<meta name=\"twitter:data1\" content=\"1 minute\" \/>\n<script type=\"application\/ld+json\" class=\"yoast-schema-graph\">{\"@context\":\"https:\/\/schema.org\",\"@graph\":[{\"@type\":\"WebPage\",\"@id\":\"https:\/\/www.creativeireland.gov.ie\/en\/event\/micheal-ui-cleirigh-summer-school-2022\/\",\"url\":\"https:\/\/www.creativeireland.gov.ie\/en\/event\/micheal-ui-cleirigh-summer-school-2022\/\",\"name\":\"M\u00edche\u00e1l U\u00ed Cl\u00e9irigh Summer School 2022 - Creative Ireland Programme\",\"isPartOf\":{\"@id\":\"https:\/\/www.creativeireland.gov.ie\/en\/#website\"},\"primaryImageOfPage\":{\"@id\":\"https:\/\/www.creativeireland.gov.ie\/en\/event\/micheal-ui-cleirigh-summer-school-2022\/#primaryimage\"},\"image\":{\"@id\":\"https:\/\/www.creativeireland.gov.ie\/en\/event\/micheal-ui-cleirigh-summer-school-2022\/#primaryimage\"},\"thumbnailUrl\":\"https:\/\/www.creativeireland.gov.ie\/app\/uploads\/2022\/07\/michael-o-cleirigh-summer-school-2022.png\",\"datePublished\":\"2022-07-02T02:02:38+00:00\",\"breadcrumb\":{\"@id\":\"https:\/\/www.creativeireland.gov.ie\/en\/event\/micheal-ui-cleirigh-summer-school-2022\/#breadcrumb\"},\"inLanguage\":\"en-US\",\"potentialAction\":[{\"@type\":\"ReadAction\",\"target\":[\"https:\/\/www.creativeireland.gov.ie\/en\/event\/micheal-ui-cleirigh-summer-school-2022\/\"]}]},{\"@type\":\"ImageObject\",\"inLanguage\":\"en-US\",\"@id\":\"https:\/\/www.creativeireland.gov.ie\/en\/event\/micheal-ui-cleirigh-summer-school-2022\/#primaryimage\",\"url\":\"https:\/\/www.creativeireland.gov.ie\/app\/uploads\/2022\/07\/michael-o-cleirigh-summer-school-2022.png\",\"contentUrl\":\"https:\/\/www.creativeireland.gov.ie\/app\/uploads\/2022\/07\/michael-o-cleirigh-summer-school-2022.png\",\"width\":597,\"height\":393},{\"@type\":\"BreadcrumbList\",\"@id\":\"https:\/\/www.creativeireland.gov.ie\/en\/event\/micheal-ui-cleirigh-summer-school-2022\/#breadcrumb\",\"itemListElement\":[{\"@type\":\"ListItem\",\"position\":1,\"name\":\"Home\",\"item\":\"https:\/\/www.creativeireland.gov.ie\/en\/\"},{\"@type\":\"ListItem\",\"position\":2,\"name\":\"M\u00edche\u00e1l U\u00ed Cl\u00e9irigh Summer School 2022\"}]},{\"@type\":\"WebSite\",\"@id\":\"https:\/\/www.creativeireland.gov.ie\/en\/#website\",\"url\":\"https:\/\/www.creativeireland.gov.ie\/en\/\",\"name\":\"Creative Ireland Programme\",\"description\":\"The Creative Ireland Programme is guided by a vision that every person in Ireland will have the opportunity to realise their full creative potential. It is a five year all-of-Government initiative, from 2017 to 2022, to place creativity at the centre of public policy.\",\"potentialAction\":[{\"@type\":\"SearchAction\",\"target\":{\"@type\":\"EntryPoint\",\"urlTemplate\":\"https:\/\/www.creativeireland.gov.ie\/en\/?s={search_term_string}\"},\"query-input\":{\"@type\":\"PropertyValueSpecification\",\"valueRequired\":true,\"valueName\":\"search_term_string\"}}],\"inLanguage\":\"en-US\"}]}<\/script>\n<!-- \/ Yoast SEO plugin. -->","yoast_head_json":{"title":"M\u00edche\u00e1l U\u00ed Cl\u00e9irigh Summer School 2022 - Creative Ireland Programme","description":"The eighth M\u00edche\u00e1l \u00d3\u2019Cl\u00e9irigh Summer School takes place in the Sandhouse Hotel, Rossnowlagh (Eircode F94X56F) on the weekend 6th \u2013 8th May, 2022 with the theme of \u201cBloodshed and Retribution \/ Doirteadh Fola agus D\u00edoltas 1530-1700\u201d.","robots":{"index":"index","follow":"follow","max-snippet":"max-snippet:-1","max-image-preview":"max-image-preview:large","max-video-preview":"max-video-preview:-1"},"canonical":"https:\/\/www.creativeireland.gov.ie\/en\/event\/micheal-ui-cleirigh-summer-school-2022\/","og_locale":"en_US","og_type":"article","og_title":"M\u00edche\u00e1l U\u00ed Cl\u00e9irigh Summer School 2022 - Creative Ireland Programme","og_description":"The eighth M\u00edche\u00e1l \u00d3\u2019Cl\u00e9irigh Summer School takes place in the Sandhouse Hotel, Rossnowlagh (Eircode F94X56F) on the weekend 6th \u2013 8th May, 2022 with the theme of \u201cBloodshed and Retribution \/ Doirteadh Fola agus D\u00edoltas 1530-1700\u201d. Events include talks from four expert speakers; music and song\u00a0will be by young musicians; art competition for school children [&hellip;]","og_url":"https:\/\/www.creativeireland.gov.ie\/en\/event\/micheal-ui-cleirigh-summer-school-2022\/","og_site_name":"Creative Ireland Programme","article_publisher":"https:\/\/www.facebook.com\/CreativeIrl\/","twitter_card":"summary_large_image","twitter_site":"@creativeirl","twitter_misc":{"Est. reading time":"1 minute"},"schema":{"@context":"https:\/\/schema.org","@graph":[{"@type":"WebPage","@id":"https:\/\/www.creativeireland.gov.ie\/en\/event\/micheal-ui-cleirigh-summer-school-2022\/","url":"https:\/\/www.creativeireland.gov.ie\/en\/event\/micheal-ui-cleirigh-summer-school-2022\/","name":"M\u00edche\u00e1l U\u00ed Cl\u00e9irigh Summer School 2022 - Creative Ireland Programme","isPartOf":{"@id":"https:\/\/www.creativeireland.gov.ie\/en\/#website"},"primaryImageOfPage":{"@id":"https:\/\/www.creativeireland.gov.ie\/en\/event\/micheal-ui-cleirigh-summer-school-2022\/#primaryimage"},"image":{"@id":"https:\/\/www.creativeireland.gov.ie\/en\/event\/micheal-ui-cleirigh-summer-school-2022\/#primaryimage"},"thumbnailUrl":"https:\/\/www.creativeireland.gov.ie\/app\/uploads\/2022\/07\/michael-o-cleirigh-summer-school-2022.png","datePublished":"2022-07-02T02:02:38+00:00","breadcrumb":{"@id":"https:\/\/www.creativeireland.gov.ie\/en\/event\/micheal-ui-cleirigh-summer-school-2022\/#breadcrumb"},"inLanguage":"en-US","potentialAction":[{"@type":"ReadAction","target":["https:\/\/www.creativeireland.gov.ie\/en\/event\/micheal-ui-cleirigh-summer-school-2022\/"]}]},{"@type":"ImageObject","inLanguage":"en-US","@id":"https:\/\/www.creativeireland.gov.ie\/en\/event\/micheal-ui-cleirigh-summer-school-2022\/#primaryimage","url":"https:\/\/www.creativeireland.gov.ie\/app\/uploads\/2022\/07\/michael-o-cleirigh-summer-school-2022.png","contentUrl":"https:\/\/www.creativeireland.gov.ie\/app\/uploads\/2022\/07\/michael-o-cleirigh-summer-school-2022.png","width":597,"height":393},{"@type":"BreadcrumbList","@id":"https:\/\/www.creativeireland.gov.ie\/en\/event\/micheal-ui-cleirigh-summer-school-2022\/#breadcrumb","itemListElement":[{"@type":"ListItem","position":1,"name":"Home","item":"https:\/\/www.creativeireland.gov.ie\/en\/"},{"@type":"ListItem","position":2,"name":"M\u00edche\u00e1l U\u00ed Cl\u00e9irigh Summer School 2022"}]},{"@type":"WebSite","@id":"https:\/\/www.creativeireland.gov.ie\/en\/#website","url":"https:\/\/www.creativeireland.gov.ie\/en\/","name":"Creative Ireland Programme","description":"The Creative Ireland Programme is guided by a vision that every person in Ireland will have the opportunity to realise their full creative potential. It is a five year all-of-Government initiative, from 2017 to 2022, to place creativity at the centre of public policy.","potentialAction":[{"@type":"SearchAction","target":{"@type":"EntryPoint","urlTemplate":"https:\/\/www.creativeireland.gov.ie\/en\/?s={search_term_string}"},"query-input":{"@type":"PropertyValueSpecification","valueRequired":true,"valueName":"search_term_string"}}],"inLanguage":"en-US"}]}},"_links":{"self":[{"href":"https:\/\/www.creativeireland.gov.ie\/en\/wp-json\/wp\/v2\/event\/20452","targetHints":{"allow":["GET"]}}],"collection":[{"href":"https:\/\/www.creativeireland.gov.ie\/en\/wp-json\/wp\/v2\/event"}],"about":[{"href":"https:\/\/www.creativeireland.gov.ie\/en\/wp-json\/wp\/v2\/types\/event"}],"wp:featuredmedia":[{"embeddable":true,"href":"https:\/\/www.creativeireland.gov.ie\/en\/wp-json\/wp\/v2\/media\/20453"}],"wp:attachment":[{"href":"https:\/\/www.creativeireland.gov.ie\/en\/wp-json\/wp\/v2\/media?parent=20452"}],"curies":[{"name":"wp","href":"https:\/\/api.w.org\/{rel}","templated":true}]}}