{"id":23826,"date":"2023-03-03T03:01:25","date_gmt":"2023-03-03T03:01:25","guid":{"rendered":"https:\/\/www.creativeireland.gov.ie\/event\/cruinniu-na-nog\/"},"modified":"2023-03-03T03:01:25","modified_gmt":"2023-03-03T03:01:25","slug":"cruinniu-na-nog","status":"publish","type":"event","link":"https:\/\/www.creativeireland.gov.ie\/en\/event\/cruinniu-na-nog\/","title":{"rendered":"Cruinni\u00fa na n\u00d3g"},"content":{"rendered":"<h4><strong>Cruinni\u00fa na n\u00d3g &#8211; celebrating creativity in young people<\/strong><\/h4>\n<p><strong>Saturday 10th\u00a0June 2023, funding application is now open.<\/strong><\/p>\n<p>Do you have an exciting idea for a creative project\/event for children and young people that you would like to see happen? This year Cruinni\u00fa na n\u00d3g &#8211; the national day of creativity for children and young people \u2013 is going to be bigger than ever before and right now we are encouraging children\u2019s groups, youth organisations, arts centres, or any arts, heritage, environmental or educational organization etc. to apply for funding to develop a project that allows children and young people to explore, enhance or celebrate their own creativity.<\/p>\n<p>If you work with children and young people, this is a great opportunity to develop something really special. Have a chat with them and see what they\u2019re interested in and develop a plan together. Perhaps they\u2019ve always wanted to make a film, do some incredible science experiments, or explore their own community in a creative way. If you\u2019ve got an idea, we can help make it happen.\u00a0<\/p>\n<p><strong>CLOSING DATE FOR RECEIPT OF APPLICATIONS: Sunday 2nd April 2023<\/strong><\/p>\n<p><strong>Applications are accepted Online only.<\/strong><\/p>\n<p>If you need assistance or further information please contact Alice Dixon, Creative Ireland Project Manager, on\u00a0<a href=\"mailto:creativeleitrim@gmail.com\">creativeleitrim@gmail.com<\/a>\u00a0or contact Leitrim County Council on 071 96 21694.<\/p>\n","protected":false},"author":0,"featured_media":23827,"template":"","class_list":["post-23826","event","type-event","status-publish","has-post-thumbnail","hentry"],"acf":[],"yoast_head":"<!-- This site is optimized with the Yoast SEO plugin v25.9 - https:\/\/yoast.com\/wordpress\/plugins\/seo\/ -->\n<title>Cruinni\u00fa na n\u00d3g - Creative Ireland Programme<\/title>\n<meta name=\"description\" content=\"Cruinni\u00fa na n\u00d3g - celebrating creativity in young people\n\nSaturday 10th\u00a0June 2023, funding application is now open.\" \/>\n<meta name=\"robots\" content=\"index, follow, max-snippet:-1, max-image-preview:large, max-video-preview:-1\" \/>\n<link rel=\"canonical\" href=\"https:\/\/www.creativeireland.gov.ie\/en\/event\/cruinniu-na-nog\/\" \/>\n<meta property=\"og:locale\" content=\"en_US\" \/>\n<meta property=\"og:type\" content=\"article\" \/>\n<meta property=\"og:title\" content=\"Cruinni\u00fa na n\u00d3g - Creative Ireland Programme\" \/>\n<meta property=\"og:description\" content=\"Cruinni\u00fa na n\u00d3g &#8211; celebrating creativity in young people Saturday 10th\u00a0June 2023, funding application is now open. Do you have an exciting idea for a creative project\/event for children and young people that you would like to see happen? This year Cruinni\u00fa na n\u00d3g &#8211; the national day of creativity for children and young people [&hellip;]\" \/>\n<meta property=\"og:url\" content=\"https:\/\/www.creativeireland.gov.ie\/en\/event\/cruinniu-na-nog\/\" \/>\n<meta property=\"og:site_name\" content=\"Creative Ireland Programme\" \/>\n<meta property=\"article:publisher\" content=\"https:\/\/www.facebook.com\/CreativeIrl\/\" \/>\n<meta name=\"twitter:card\" content=\"summary_large_image\" \/>\n<meta name=\"twitter:site\" content=\"@creativeirl\" \/>\n<meta name=\"twitter:label1\" content=\"Est. reading time\" \/>\n\t<meta name=\"twitter:data1\" content=\"1 minute\" \/>\n<script type=\"application\/ld+json\" class=\"yoast-schema-graph\">{\"@context\":\"https:\/\/schema.org\",\"@graph\":[{\"@type\":\"WebPage\",\"@id\":\"https:\/\/www.creativeireland.gov.ie\/en\/event\/cruinniu-na-nog\/\",\"url\":\"https:\/\/www.creativeireland.gov.ie\/en\/event\/cruinniu-na-nog\/\",\"name\":\"Cruinni\u00fa na n\u00d3g - Creative Ireland Programme\",\"isPartOf\":{\"@id\":\"https:\/\/www.creativeireland.gov.ie\/en\/#website\"},\"primaryImageOfPage\":{\"@id\":\"https:\/\/www.creativeireland.gov.ie\/en\/event\/cruinniu-na-nog\/#primaryimage\"},\"image\":{\"@id\":\"https:\/\/www.creativeireland.gov.ie\/en\/event\/cruinniu-na-nog\/#primaryimage\"},\"thumbnailUrl\":\"https:\/\/www.creativeireland.gov.ie\/app\/uploads\/2023\/03\/yellow-river-exhibition-cruinniu-na-nog-2022.jpg\",\"datePublished\":\"2023-03-03T03:01:25+00:00\",\"breadcrumb\":{\"@id\":\"https:\/\/www.creativeireland.gov.ie\/en\/event\/cruinniu-na-nog\/#breadcrumb\"},\"inLanguage\":\"en-US\",\"potentialAction\":[{\"@type\":\"ReadAction\",\"target\":[\"https:\/\/www.creativeireland.gov.ie\/en\/event\/cruinniu-na-nog\/\"]}]},{\"@type\":\"ImageObject\",\"inLanguage\":\"en-US\",\"@id\":\"https:\/\/www.creativeireland.gov.ie\/en\/event\/cruinniu-na-nog\/#primaryimage\",\"url\":\"https:\/\/www.creativeireland.gov.ie\/app\/uploads\/2023\/03\/yellow-river-exhibition-cruinniu-na-nog-2022.jpg\",\"contentUrl\":\"https:\/\/www.creativeireland.gov.ie\/app\/uploads\/2023\/03\/yellow-river-exhibition-cruinniu-na-nog-2022.jpg\",\"width\":848,\"height\":1433},{\"@type\":\"BreadcrumbList\",\"@id\":\"https:\/\/www.creativeireland.gov.ie\/en\/event\/cruinniu-na-nog\/#breadcrumb\",\"itemListElement\":[{\"@type\":\"ListItem\",\"position\":1,\"name\":\"Home\",\"item\":\"https:\/\/www.creativeireland.gov.ie\/en\/\"},{\"@type\":\"ListItem\",\"position\":2,\"name\":\"Cruinni\u00fa na n\u00d3g\"}]},{\"@type\":\"WebSite\",\"@id\":\"https:\/\/www.creativeireland.gov.ie\/en\/#website\",\"url\":\"https:\/\/www.creativeireland.gov.ie\/en\/\",\"name\":\"Creative Ireland Programme\",\"description\":\"The Creative Ireland Programme is guided by a vision that every person in Ireland will have the opportunity to realise their full creative potential. It is a five year all-of-Government initiative, from 2017 to 2022, to place creativity at the centre of public policy.\",\"potentialAction\":[{\"@type\":\"SearchAction\",\"target\":{\"@type\":\"EntryPoint\",\"urlTemplate\":\"https:\/\/www.creativeireland.gov.ie\/en\/?s={search_term_string}\"},\"query-input\":{\"@type\":\"PropertyValueSpecification\",\"valueRequired\":true,\"valueName\":\"search_term_string\"}}],\"inLanguage\":\"en-US\"}]}<\/script>\n<!-- \/ Yoast SEO plugin. -->","yoast_head_json":{"title":"Cruinni\u00fa na n\u00d3g - Creative Ireland Programme","description":"Cruinni\u00fa na n\u00d3g - celebrating creativity in young people\n\nSaturday 10th\u00a0June 2023, funding application is now open.","robots":{"index":"index","follow":"follow","max-snippet":"max-snippet:-1","max-image-preview":"max-image-preview:large","max-video-preview":"max-video-preview:-1"},"canonical":"https:\/\/www.creativeireland.gov.ie\/en\/event\/cruinniu-na-nog\/","og_locale":"en_US","og_type":"article","og_title":"Cruinni\u00fa na n\u00d3g - Creative Ireland Programme","og_description":"Cruinni\u00fa na n\u00d3g &#8211; celebrating creativity in young people Saturday 10th\u00a0June 2023, funding application is now open. Do you have an exciting idea for a creative project\/event for children and young people that you would like to see happen? This year Cruinni\u00fa na n\u00d3g &#8211; the national day of creativity for children and young people [&hellip;]","og_url":"https:\/\/www.creativeireland.gov.ie\/en\/event\/cruinniu-na-nog\/","og_site_name":"Creative Ireland Programme","article_publisher":"https:\/\/www.facebook.com\/CreativeIrl\/","twitter_card":"summary_large_image","twitter_site":"@creativeirl","twitter_misc":{"Est. reading time":"1 minute"},"schema":{"@context":"https:\/\/schema.org","@graph":[{"@type":"WebPage","@id":"https:\/\/www.creativeireland.gov.ie\/en\/event\/cruinniu-na-nog\/","url":"https:\/\/www.creativeireland.gov.ie\/en\/event\/cruinniu-na-nog\/","name":"Cruinni\u00fa na n\u00d3g - Creative Ireland Programme","isPartOf":{"@id":"https:\/\/www.creativeireland.gov.ie\/en\/#website"},"primaryImageOfPage":{"@id":"https:\/\/www.creativeireland.gov.ie\/en\/event\/cruinniu-na-nog\/#primaryimage"},"image":{"@id":"https:\/\/www.creativeireland.gov.ie\/en\/event\/cruinniu-na-nog\/#primaryimage"},"thumbnailUrl":"https:\/\/www.creativeireland.gov.ie\/app\/uploads\/2023\/03\/yellow-river-exhibition-cruinniu-na-nog-2022.jpg","datePublished":"2023-03-03T03:01:25+00:00","breadcrumb":{"@id":"https:\/\/www.creativeireland.gov.ie\/en\/event\/cruinniu-na-nog\/#breadcrumb"},"inLanguage":"en-US","potentialAction":[{"@type":"ReadAction","target":["https:\/\/www.creativeireland.gov.ie\/en\/event\/cruinniu-na-nog\/"]}]},{"@type":"ImageObject","inLanguage":"en-US","@id":"https:\/\/www.creativeireland.gov.ie\/en\/event\/cruinniu-na-nog\/#primaryimage","url":"https:\/\/www.creativeireland.gov.ie\/app\/uploads\/2023\/03\/yellow-river-exhibition-cruinniu-na-nog-2022.jpg","contentUrl":"https:\/\/www.creativeireland.gov.ie\/app\/uploads\/2023\/03\/yellow-river-exhibition-cruinniu-na-nog-2022.jpg","width":848,"height":1433},{"@type":"BreadcrumbList","@id":"https:\/\/www.creativeireland.gov.ie\/en\/event\/cruinniu-na-nog\/#breadcrumb","itemListElement":[{"@type":"ListItem","position":1,"name":"Home","item":"https:\/\/www.creativeireland.gov.ie\/en\/"},{"@type":"ListItem","position":2,"name":"Cruinni\u00fa na n\u00d3g"}]},{"@type":"WebSite","@id":"https:\/\/www.creativeireland.gov.ie\/en\/#website","url":"https:\/\/www.creativeireland.gov.ie\/en\/","name":"Creative Ireland Programme","description":"The Creative Ireland Programme is guided by a vision that every person in Ireland will have the opportunity to realise their full creative potential. It is a five year all-of-Government initiative, from 2017 to 2022, to place creativity at the centre of public policy.","potentialAction":[{"@type":"SearchAction","target":{"@type":"EntryPoint","urlTemplate":"https:\/\/www.creativeireland.gov.ie\/en\/?s={search_term_string}"},"query-input":{"@type":"PropertyValueSpecification","valueRequired":true,"valueName":"search_term_string"}}],"inLanguage":"en-US"}]}},"_links":{"self":[{"href":"https:\/\/www.creativeireland.gov.ie\/en\/wp-json\/wp\/v2\/event\/23826","targetHints":{"allow":["GET"]}}],"collection":[{"href":"https:\/\/www.creativeireland.gov.ie\/en\/wp-json\/wp\/v2\/event"}],"about":[{"href":"https:\/\/www.creativeireland.gov.ie\/en\/wp-json\/wp\/v2\/types\/event"}],"wp:featuredmedia":[{"embeddable":true,"href":"https:\/\/www.creativeireland.gov.ie\/en\/wp-json\/wp\/v2\/media\/23827"}],"wp:attachment":[{"href":"https:\/\/www.creativeireland.gov.ie\/en\/wp-json\/wp\/v2\/media?parent=23826"}],"curies":[{"name":"wp","href":"https:\/\/api.w.org\/{rel}","templated":true}]}}