{"id":27526,"date":"2023-10-20T03:03:45","date_gmt":"2023-10-20T02:03:45","guid":{"rendered":"https:\/\/www.creativeireland.gov.ie\/event\/turas-ur-at-the-workhouse-garden-letterkenny\/"},"modified":"2023-10-20T03:03:45","modified_gmt":"2023-10-20T02:03:45","slug":"turas-ur-at-the-workhouse-garden-letterkenny","status":"publish","type":"event","link":"https:\/\/www.creativeireland.gov.ie\/en\/event\/turas-ur-at-the-workhouse-garden-letterkenny\/","title":{"rendered":"Turas \u00dar at The Workhouse Garden, Letterkenny"},"content":{"rendered":"<p><span lang=\"EN-US\" xml:lang=\"EN-US\">Turas\u00a0\u00dar are a group of visual artists based in the Gaeltacht community of North West Donegal., who make sculptural responses to their environment. Up to twelve artists, including invited guest practitioners, participate in the group\u2019s annual Eala\u00edon sa Ph\u00e1irc trail of largescale sculptures and mixed media installations at Teach Bhaile Chonaill, Falcarrach.\u00a0 \u00a0Among the regularly participating artists are Leanne McLaughlin, Ewen Berry, Mickey McFadden, Laura N\u00ed Dhuibhir, M\u00e1ire Nic Fhearraigh and Cathal Mac Fhionnlao\u00edcha.\u00a0<\/span><\/p>\n<p><span lang=\"EN-US\" xml:lang=\"EN-US\">The Turas\u00a0\u00dar group will show their 2023 Eala\u00edon sa Ph\u00e1irc exhibition at The Workhouse Garden, next to the Donegal County Museum, on Culture Night, September 22.<\/span><\/p>\n","protected":false},"author":0,"featured_media":27527,"template":"","class_list":["post-27526","event","type-event","status-publish","has-post-thumbnail","hentry"],"acf":[],"yoast_head":"<!-- This site is optimized with the Yoast SEO plugin v25.9 - https:\/\/yoast.com\/wordpress\/plugins\/seo\/ -->\n<title>Turas \u00dar at The Workhouse Garden, Letterkenny - Creative Ireland Programme<\/title>\n<meta name=\"description\" content=\"Turas\u00a0\u00dar are a group of visual artists based in the Gaeltacht community of North West Donegal.\" \/>\n<meta name=\"robots\" content=\"index, follow, max-snippet:-1, max-image-preview:large, max-video-preview:-1\" \/>\n<link rel=\"canonical\" href=\"https:\/\/www.creativeireland.gov.ie\/en\/event\/turas-ur-at-the-workhouse-garden-letterkenny\/\" \/>\n<meta property=\"og:locale\" content=\"en_US\" \/>\n<meta property=\"og:type\" content=\"article\" \/>\n<meta property=\"og:title\" content=\"Turas \u00dar at The Workhouse Garden, Letterkenny - Creative Ireland Programme\" \/>\n<meta property=\"og:description\" content=\"Turas\u00a0\u00dar are a group of visual artists based in the Gaeltacht community of North West Donegal., who make sculptural responses to their environment. Up to twelve artists, including invited guest practitioners, participate in the group\u2019s annual Eala\u00edon sa Ph\u00e1irc trail of largescale sculptures and mixed media installations at Teach Bhaile Chonaill, Falcarrach.\u00a0 \u00a0Among the regularly [&hellip;]\" \/>\n<meta property=\"og:url\" content=\"https:\/\/www.creativeireland.gov.ie\/en\/event\/turas-ur-at-the-workhouse-garden-letterkenny\/\" \/>\n<meta property=\"og:site_name\" content=\"Creative Ireland Programme\" \/>\n<meta property=\"article:publisher\" content=\"https:\/\/www.facebook.com\/CreativeIrl\/\" \/>\n<meta name=\"twitter:card\" content=\"summary_large_image\" \/>\n<meta name=\"twitter:site\" content=\"@creativeirl\" \/>\n<meta name=\"twitter:label1\" content=\"Est. reading time\" \/>\n\t<meta name=\"twitter:data1\" content=\"1 minute\" \/>\n<script type=\"application\/ld+json\" class=\"yoast-schema-graph\">{\"@context\":\"https:\/\/schema.org\",\"@graph\":[{\"@type\":\"WebPage\",\"@id\":\"https:\/\/www.creativeireland.gov.ie\/en\/event\/turas-ur-at-the-workhouse-garden-letterkenny\/\",\"url\":\"https:\/\/www.creativeireland.gov.ie\/en\/event\/turas-ur-at-the-workhouse-garden-letterkenny\/\",\"name\":\"Turas \u00dar at The Workhouse Garden, Letterkenny - Creative Ireland Programme\",\"isPartOf\":{\"@id\":\"https:\/\/www.creativeireland.gov.ie\/en\/#website\"},\"primaryImageOfPage\":{\"@id\":\"https:\/\/www.creativeireland.gov.ie\/en\/event\/turas-ur-at-the-workhouse-garden-letterkenny\/#primaryimage\"},\"image\":{\"@id\":\"https:\/\/www.creativeireland.gov.ie\/en\/event\/turas-ur-at-the-workhouse-garden-letterkenny\/#primaryimage\"},\"thumbnailUrl\":\"https:\/\/www.creativeireland.gov.ie\/app\/uploads\/2023\/10\/turas-ur-2023-artwork-by-leanne-mclaughlin-photo-dcc-arts-service_.jpg\",\"datePublished\":\"2023-10-20T02:03:45+00:00\",\"breadcrumb\":{\"@id\":\"https:\/\/www.creativeireland.gov.ie\/en\/event\/turas-ur-at-the-workhouse-garden-letterkenny\/#breadcrumb\"},\"inLanguage\":\"en-US\",\"potentialAction\":[{\"@type\":\"ReadAction\",\"target\":[\"https:\/\/www.creativeireland.gov.ie\/en\/event\/turas-ur-at-the-workhouse-garden-letterkenny\/\"]}]},{\"@type\":\"ImageObject\",\"inLanguage\":\"en-US\",\"@id\":\"https:\/\/www.creativeireland.gov.ie\/en\/event\/turas-ur-at-the-workhouse-garden-letterkenny\/#primaryimage\",\"url\":\"https:\/\/www.creativeireland.gov.ie\/app\/uploads\/2023\/10\/turas-ur-2023-artwork-by-leanne-mclaughlin-photo-dcc-arts-service_.jpg\",\"contentUrl\":\"https:\/\/www.creativeireland.gov.ie\/app\/uploads\/2023\/10\/turas-ur-2023-artwork-by-leanne-mclaughlin-photo-dcc-arts-service_.jpg\",\"width\":1800,\"height\":1350},{\"@type\":\"BreadcrumbList\",\"@id\":\"https:\/\/www.creativeireland.gov.ie\/en\/event\/turas-ur-at-the-workhouse-garden-letterkenny\/#breadcrumb\",\"itemListElement\":[{\"@type\":\"ListItem\",\"position\":1,\"name\":\"Home\",\"item\":\"https:\/\/www.creativeireland.gov.ie\/en\/\"},{\"@type\":\"ListItem\",\"position\":2,\"name\":\"Turas \u00dar at The Workhouse Garden, Letterkenny\"}]},{\"@type\":\"WebSite\",\"@id\":\"https:\/\/www.creativeireland.gov.ie\/en\/#website\",\"url\":\"https:\/\/www.creativeireland.gov.ie\/en\/\",\"name\":\"Creative Ireland Programme\",\"description\":\"The Creative Ireland Programme is guided by a vision that every person in Ireland will have the opportunity to realise their full creative potential. It is a five year all-of-Government initiative, from 2017 to 2022, to place creativity at the centre of public policy.\",\"potentialAction\":[{\"@type\":\"SearchAction\",\"target\":{\"@type\":\"EntryPoint\",\"urlTemplate\":\"https:\/\/www.creativeireland.gov.ie\/en\/?s={search_term_string}\"},\"query-input\":{\"@type\":\"PropertyValueSpecification\",\"valueRequired\":true,\"valueName\":\"search_term_string\"}}],\"inLanguage\":\"en-US\"}]}<\/script>\n<!-- \/ Yoast SEO plugin. -->","yoast_head_json":{"title":"Turas \u00dar at The Workhouse Garden, Letterkenny - Creative Ireland Programme","description":"Turas\u00a0\u00dar are a group of visual artists based in the Gaeltacht community of North West Donegal.","robots":{"index":"index","follow":"follow","max-snippet":"max-snippet:-1","max-image-preview":"max-image-preview:large","max-video-preview":"max-video-preview:-1"},"canonical":"https:\/\/www.creativeireland.gov.ie\/en\/event\/turas-ur-at-the-workhouse-garden-letterkenny\/","og_locale":"en_US","og_type":"article","og_title":"Turas \u00dar at The Workhouse Garden, Letterkenny - Creative Ireland Programme","og_description":"Turas\u00a0\u00dar are a group of visual artists based in the Gaeltacht community of North West Donegal., who make sculptural responses to their environment. Up to twelve artists, including invited guest practitioners, participate in the group\u2019s annual Eala\u00edon sa Ph\u00e1irc trail of largescale sculptures and mixed media installations at Teach Bhaile Chonaill, Falcarrach.\u00a0 \u00a0Among the regularly [&hellip;]","og_url":"https:\/\/www.creativeireland.gov.ie\/en\/event\/turas-ur-at-the-workhouse-garden-letterkenny\/","og_site_name":"Creative Ireland Programme","article_publisher":"https:\/\/www.facebook.com\/CreativeIrl\/","twitter_card":"summary_large_image","twitter_site":"@creativeirl","twitter_misc":{"Est. reading time":"1 minute"},"schema":{"@context":"https:\/\/schema.org","@graph":[{"@type":"WebPage","@id":"https:\/\/www.creativeireland.gov.ie\/en\/event\/turas-ur-at-the-workhouse-garden-letterkenny\/","url":"https:\/\/www.creativeireland.gov.ie\/en\/event\/turas-ur-at-the-workhouse-garden-letterkenny\/","name":"Turas \u00dar at The Workhouse Garden, Letterkenny - Creative Ireland Programme","isPartOf":{"@id":"https:\/\/www.creativeireland.gov.ie\/en\/#website"},"primaryImageOfPage":{"@id":"https:\/\/www.creativeireland.gov.ie\/en\/event\/turas-ur-at-the-workhouse-garden-letterkenny\/#primaryimage"},"image":{"@id":"https:\/\/www.creativeireland.gov.ie\/en\/event\/turas-ur-at-the-workhouse-garden-letterkenny\/#primaryimage"},"thumbnailUrl":"https:\/\/www.creativeireland.gov.ie\/app\/uploads\/2023\/10\/turas-ur-2023-artwork-by-leanne-mclaughlin-photo-dcc-arts-service_.jpg","datePublished":"2023-10-20T02:03:45+00:00","breadcrumb":{"@id":"https:\/\/www.creativeireland.gov.ie\/en\/event\/turas-ur-at-the-workhouse-garden-letterkenny\/#breadcrumb"},"inLanguage":"en-US","potentialAction":[{"@type":"ReadAction","target":["https:\/\/www.creativeireland.gov.ie\/en\/event\/turas-ur-at-the-workhouse-garden-letterkenny\/"]}]},{"@type":"ImageObject","inLanguage":"en-US","@id":"https:\/\/www.creativeireland.gov.ie\/en\/event\/turas-ur-at-the-workhouse-garden-letterkenny\/#primaryimage","url":"https:\/\/www.creativeireland.gov.ie\/app\/uploads\/2023\/10\/turas-ur-2023-artwork-by-leanne-mclaughlin-photo-dcc-arts-service_.jpg","contentUrl":"https:\/\/www.creativeireland.gov.ie\/app\/uploads\/2023\/10\/turas-ur-2023-artwork-by-leanne-mclaughlin-photo-dcc-arts-service_.jpg","width":1800,"height":1350},{"@type":"BreadcrumbList","@id":"https:\/\/www.creativeireland.gov.ie\/en\/event\/turas-ur-at-the-workhouse-garden-letterkenny\/#breadcrumb","itemListElement":[{"@type":"ListItem","position":1,"name":"Home","item":"https:\/\/www.creativeireland.gov.ie\/en\/"},{"@type":"ListItem","position":2,"name":"Turas \u00dar at The Workhouse Garden, Letterkenny"}]},{"@type":"WebSite","@id":"https:\/\/www.creativeireland.gov.ie\/en\/#website","url":"https:\/\/www.creativeireland.gov.ie\/en\/","name":"Creative Ireland Programme","description":"The Creative Ireland Programme is guided by a vision that every person in Ireland will have the opportunity to realise their full creative potential. It is a five year all-of-Government initiative, from 2017 to 2022, to place creativity at the centre of public policy.","potentialAction":[{"@type":"SearchAction","target":{"@type":"EntryPoint","urlTemplate":"https:\/\/www.creativeireland.gov.ie\/en\/?s={search_term_string}"},"query-input":{"@type":"PropertyValueSpecification","valueRequired":true,"valueName":"search_term_string"}}],"inLanguage":"en-US"}]}},"_links":{"self":[{"href":"https:\/\/www.creativeireland.gov.ie\/en\/wp-json\/wp\/v2\/event\/27526","targetHints":{"allow":["GET"]}}],"collection":[{"href":"https:\/\/www.creativeireland.gov.ie\/en\/wp-json\/wp\/v2\/event"}],"about":[{"href":"https:\/\/www.creativeireland.gov.ie\/en\/wp-json\/wp\/v2\/types\/event"}],"wp:featuredmedia":[{"embeddable":true,"href":"https:\/\/www.creativeireland.gov.ie\/en\/wp-json\/wp\/v2\/media\/27527"}],"wp:attachment":[{"href":"https:\/\/www.creativeireland.gov.ie\/en\/wp-json\/wp\/v2\/media?parent=27526"}],"curies":[{"name":"wp","href":"https:\/\/api.w.org\/{rel}","templated":true}]}}