{"id":29908,"date":"2024-04-20T03:03:14","date_gmt":"2024-04-20T02:03:14","guid":{"rendered":"https:\/\/www.creativeireland.gov.ie\/event\/peann-agus-par\/"},"modified":"2024-04-20T03:03:14","modified_gmt":"2024-04-20T02:03:14","slug":"peann-agus-par","status":"publish","type":"event","link":"https:\/\/www.creativeireland.gov.ie\/en\/event\/peann-agus-par\/","title":{"rendered":"Peann agus P\u00e1r"},"content":{"rendered":"<p><span lang=\"EN-IE\" xml:lang=\"EN-IE\">The Peann agus P\u00e1r Irish language creative group was established in 2014 as part of Seachtain na Gaeilge. The group, led by writer Colm O Ceallach\u00e1in, meets bi-monthly and is the most successful Irish language initiative in Cork City Libraries. The group was awarded the Gradam U\u00ed Chuanachain, Gn\u00f3lacht M\u00f3r in 2018 and this year it is shortlisted for the National LAMA Awards. It has also been part of the national Poetry as Commemoration programme under the direction of Ailbhe N\u00ed Ghearbhuigh.<\/span><\/p>\n<p><span lang=\"EN-IE\" xml:lang=\"EN-IE\">In 2024 a Peann agus P\u00e1r publication will feature the work of this group along with work of some of the established poets that have facilitated the workshops in the past, including Doireann N\u00ed Ghr\u00edofa, <\/span><span>Dairena N\u00ed Chinn\u00e9ide<\/span><span lang=\"EN-IE\" xml:lang=\"EN-IE\">, Ailbhe N\u00ed Ghearbhuigh, Louis de Paor, Julie Field and R\u00e9 \u00d3 Laighl\u00e9is. Other Irish language poets will also be considered.\u00a0<\/span><\/p>\n<p><em><span lang=\"EN-IE\" xml:lang=\"EN-IE\">In partnership with Cork City Council Irish Language Office, University College Cork and an tOireachtas.<\/span><\/em><\/p>\n","protected":false},"author":0,"featured_media":29909,"template":"","class_list":["post-29908","event","type-event","status-publish","has-post-thumbnail","hentry"],"acf":[],"yoast_head":"<!-- This site is optimized with the Yoast SEO plugin v25.9 - https:\/\/yoast.com\/wordpress\/plugins\/seo\/ -->\n<title>Peann agus P\u00e1r - Creative Ireland Programme<\/title>\n<meta name=\"description\" content=\"The Peann agus P\u00e1r Irish language creative group was established in 2014 as part of Seachtain na Gaeilge.\" \/>\n<meta name=\"robots\" content=\"index, follow, max-snippet:-1, max-image-preview:large, max-video-preview:-1\" \/>\n<link rel=\"canonical\" href=\"https:\/\/www.creativeireland.gov.ie\/en\/event\/peann-agus-par\/\" \/>\n<meta property=\"og:locale\" content=\"en_US\" \/>\n<meta property=\"og:type\" content=\"article\" \/>\n<meta property=\"og:title\" content=\"Peann agus P\u00e1r - Creative Ireland Programme\" \/>\n<meta property=\"og:description\" content=\"The Peann agus P\u00e1r Irish language creative group was established in 2014 as part of Seachtain na Gaeilge. The group, led by writer Colm O Ceallach\u00e1in, meets bi-monthly and is the most successful Irish language initiative in Cork City Libraries. The group was awarded the Gradam U\u00ed Chuanachain, Gn\u00f3lacht M\u00f3r in 2018 and this year [&hellip;]\" \/>\n<meta property=\"og:url\" content=\"https:\/\/www.creativeireland.gov.ie\/en\/event\/peann-agus-par\/\" \/>\n<meta property=\"og:site_name\" content=\"Creative Ireland Programme\" \/>\n<meta property=\"article:publisher\" content=\"https:\/\/www.facebook.com\/CreativeIrl\/\" \/>\n<meta name=\"twitter:card\" content=\"summary_large_image\" \/>\n<meta name=\"twitter:site\" content=\"@creativeirl\" \/>\n<meta name=\"twitter:label1\" content=\"Est. reading time\" \/>\n\t<meta name=\"twitter:data1\" content=\"1 minute\" \/>\n<script type=\"application\/ld+json\" class=\"yoast-schema-graph\">{\"@context\":\"https:\/\/schema.org\",\"@graph\":[{\"@type\":\"WebPage\",\"@id\":\"https:\/\/www.creativeireland.gov.ie\/en\/event\/peann-agus-par\/\",\"url\":\"https:\/\/www.creativeireland.gov.ie\/en\/event\/peann-agus-par\/\",\"name\":\"Peann agus P\u00e1r - Creative Ireland Programme\",\"isPartOf\":{\"@id\":\"https:\/\/www.creativeireland.gov.ie\/en\/#website\"},\"primaryImageOfPage\":{\"@id\":\"https:\/\/www.creativeireland.gov.ie\/en\/event\/peann-agus-par\/#primaryimage\"},\"image\":{\"@id\":\"https:\/\/www.creativeireland.gov.ie\/en\/event\/peann-agus-par\/#primaryimage\"},\"thumbnailUrl\":\"https:\/\/www.creativeireland.gov.ie\/app\/uploads\/2024\/04\/mikhail-pavstyuk-eky2otrpxdw-unsplash.jpg\",\"datePublished\":\"2024-04-20T02:03:14+00:00\",\"breadcrumb\":{\"@id\":\"https:\/\/www.creativeireland.gov.ie\/en\/event\/peann-agus-par\/#breadcrumb\"},\"inLanguage\":\"en-US\",\"potentialAction\":[{\"@type\":\"ReadAction\",\"target\":[\"https:\/\/www.creativeireland.gov.ie\/en\/event\/peann-agus-par\/\"]}]},{\"@type\":\"ImageObject\",\"inLanguage\":\"en-US\",\"@id\":\"https:\/\/www.creativeireland.gov.ie\/en\/event\/peann-agus-par\/#primaryimage\",\"url\":\"https:\/\/www.creativeireland.gov.ie\/app\/uploads\/2024\/04\/mikhail-pavstyuk-eky2otrpxdw-unsplash.jpg\",\"contentUrl\":\"https:\/\/www.creativeireland.gov.ie\/app\/uploads\/2024\/04\/mikhail-pavstyuk-eky2otrpxdw-unsplash.jpg\",\"width\":2560,\"height\":1440},{\"@type\":\"BreadcrumbList\",\"@id\":\"https:\/\/www.creativeireland.gov.ie\/en\/event\/peann-agus-par\/#breadcrumb\",\"itemListElement\":[{\"@type\":\"ListItem\",\"position\":1,\"name\":\"Home\",\"item\":\"https:\/\/www.creativeireland.gov.ie\/en\/\"},{\"@type\":\"ListItem\",\"position\":2,\"name\":\"Peann agus P\u00e1r\"}]},{\"@type\":\"WebSite\",\"@id\":\"https:\/\/www.creativeireland.gov.ie\/en\/#website\",\"url\":\"https:\/\/www.creativeireland.gov.ie\/en\/\",\"name\":\"Creative Ireland Programme\",\"description\":\"The Creative Ireland Programme is guided by a vision that every person in Ireland will have the opportunity to realise their full creative potential. It is a five year all-of-Government initiative, from 2017 to 2022, to place creativity at the centre of public policy.\",\"potentialAction\":[{\"@type\":\"SearchAction\",\"target\":{\"@type\":\"EntryPoint\",\"urlTemplate\":\"https:\/\/www.creativeireland.gov.ie\/en\/?s={search_term_string}\"},\"query-input\":{\"@type\":\"PropertyValueSpecification\",\"valueRequired\":true,\"valueName\":\"search_term_string\"}}],\"inLanguage\":\"en-US\"}]}<\/script>\n<!-- \/ Yoast SEO plugin. -->","yoast_head_json":{"title":"Peann agus P\u00e1r - Creative Ireland Programme","description":"The Peann agus P\u00e1r Irish language creative group was established in 2014 as part of Seachtain na Gaeilge.","robots":{"index":"index","follow":"follow","max-snippet":"max-snippet:-1","max-image-preview":"max-image-preview:large","max-video-preview":"max-video-preview:-1"},"canonical":"https:\/\/www.creativeireland.gov.ie\/en\/event\/peann-agus-par\/","og_locale":"en_US","og_type":"article","og_title":"Peann agus P\u00e1r - Creative Ireland Programme","og_description":"The Peann agus P\u00e1r Irish language creative group was established in 2014 as part of Seachtain na Gaeilge. The group, led by writer Colm O Ceallach\u00e1in, meets bi-monthly and is the most successful Irish language initiative in Cork City Libraries. The group was awarded the Gradam U\u00ed Chuanachain, Gn\u00f3lacht M\u00f3r in 2018 and this year [&hellip;]","og_url":"https:\/\/www.creativeireland.gov.ie\/en\/event\/peann-agus-par\/","og_site_name":"Creative Ireland Programme","article_publisher":"https:\/\/www.facebook.com\/CreativeIrl\/","twitter_card":"summary_large_image","twitter_site":"@creativeirl","twitter_misc":{"Est. reading time":"1 minute"},"schema":{"@context":"https:\/\/schema.org","@graph":[{"@type":"WebPage","@id":"https:\/\/www.creativeireland.gov.ie\/en\/event\/peann-agus-par\/","url":"https:\/\/www.creativeireland.gov.ie\/en\/event\/peann-agus-par\/","name":"Peann agus P\u00e1r - Creative Ireland Programme","isPartOf":{"@id":"https:\/\/www.creativeireland.gov.ie\/en\/#website"},"primaryImageOfPage":{"@id":"https:\/\/www.creativeireland.gov.ie\/en\/event\/peann-agus-par\/#primaryimage"},"image":{"@id":"https:\/\/www.creativeireland.gov.ie\/en\/event\/peann-agus-par\/#primaryimage"},"thumbnailUrl":"https:\/\/www.creativeireland.gov.ie\/app\/uploads\/2024\/04\/mikhail-pavstyuk-eky2otrpxdw-unsplash.jpg","datePublished":"2024-04-20T02:03:14+00:00","breadcrumb":{"@id":"https:\/\/www.creativeireland.gov.ie\/en\/event\/peann-agus-par\/#breadcrumb"},"inLanguage":"en-US","potentialAction":[{"@type":"ReadAction","target":["https:\/\/www.creativeireland.gov.ie\/en\/event\/peann-agus-par\/"]}]},{"@type":"ImageObject","inLanguage":"en-US","@id":"https:\/\/www.creativeireland.gov.ie\/en\/event\/peann-agus-par\/#primaryimage","url":"https:\/\/www.creativeireland.gov.ie\/app\/uploads\/2024\/04\/mikhail-pavstyuk-eky2otrpxdw-unsplash.jpg","contentUrl":"https:\/\/www.creativeireland.gov.ie\/app\/uploads\/2024\/04\/mikhail-pavstyuk-eky2otrpxdw-unsplash.jpg","width":2560,"height":1440},{"@type":"BreadcrumbList","@id":"https:\/\/www.creativeireland.gov.ie\/en\/event\/peann-agus-par\/#breadcrumb","itemListElement":[{"@type":"ListItem","position":1,"name":"Home","item":"https:\/\/www.creativeireland.gov.ie\/en\/"},{"@type":"ListItem","position":2,"name":"Peann agus P\u00e1r"}]},{"@type":"WebSite","@id":"https:\/\/www.creativeireland.gov.ie\/en\/#website","url":"https:\/\/www.creativeireland.gov.ie\/en\/","name":"Creative Ireland Programme","description":"The Creative Ireland Programme is guided by a vision that every person in Ireland will have the opportunity to realise their full creative potential. It is a five year all-of-Government initiative, from 2017 to 2022, to place creativity at the centre of public policy.","potentialAction":[{"@type":"SearchAction","target":{"@type":"EntryPoint","urlTemplate":"https:\/\/www.creativeireland.gov.ie\/en\/?s={search_term_string}"},"query-input":{"@type":"PropertyValueSpecification","valueRequired":true,"valueName":"search_term_string"}}],"inLanguage":"en-US"}]}},"_links":{"self":[{"href":"https:\/\/www.creativeireland.gov.ie\/en\/wp-json\/wp\/v2\/event\/29908","targetHints":{"allow":["GET"]}}],"collection":[{"href":"https:\/\/www.creativeireland.gov.ie\/en\/wp-json\/wp\/v2\/event"}],"about":[{"href":"https:\/\/www.creativeireland.gov.ie\/en\/wp-json\/wp\/v2\/types\/event"}],"wp:featuredmedia":[{"embeddable":true,"href":"https:\/\/www.creativeireland.gov.ie\/en\/wp-json\/wp\/v2\/media\/29909"}],"wp:attachment":[{"href":"https:\/\/www.creativeireland.gov.ie\/en\/wp-json\/wp\/v2\/media?parent=29908"}],"curies":[{"name":"wp","href":"https:\/\/api.w.org\/{rel}","templated":true}]}}