{"id":31442,"date":"2024-07-17T03:03:56","date_gmt":"2024-07-17T02:03:56","guid":{"rendered":"https:\/\/www.creativeireland.gov.ie\/event\/gnathoga-nadurtha-natural-habitats\/"},"modified":"2024-07-17T03:03:56","modified_gmt":"2024-07-17T02:03:56","slug":"gnathoga-nadurtha-natural-habitats","status":"publish","type":"event","link":"https:\/\/www.creativeireland.gov.ie\/en\/event\/gnathoga-nadurtha-natural-habitats\/","title":{"rendered":"Gn\u00e1th\u00f3ga N\u00e1d\u00fartha  &#8211; Natural Habitats"},"content":{"rendered":"<p><span lang=\"EN-GB\" xml:lang=\"EN-GB\">Gn\u00e1th\u00f3ga N\u00e1d\u00fartha, is an innovative, unique and far reaching socially engaged project that is working towards long term change and development of attitudes around climate action and environmental protection. Gn\u00e1th\u00f3ga N\u00e1d\u00fartha will build on a unique partnership with local authorities, artists and community members to work in a partnership approach towards climate action. Gn\u00e1th\u00f3ga N\u00e1d\u00fartha, will bolster collaboration with key partners including the Drummin Bog Committee, in Carlow, Girley Bog Meitheal in Meath and Creative Rathangan Meitheal, in Kildare, Jules Michael, Monica DeBath, Kate Flood, Socialy Engaged Artists\/Scientists respectively, the local and the wider community in each County.\u00a0<\/span><\/p>\n<p>\u00a0<\/p>\n","protected":false},"author":0,"featured_media":31443,"template":"","class_list":["post-31442","event","type-event","status-publish","has-post-thumbnail","hentry"],"acf":[],"yoast_head":"<!-- This site is optimized with the Yoast SEO plugin v25.9 - https:\/\/yoast.com\/wordpress\/plugins\/seo\/ -->\n<title>Gn\u00e1th\u00f3ga N\u00e1d\u00fartha - Natural Habitats - Creative Ireland Programme<\/title>\n<meta name=\"description\" content=\"Gn\u00e1th\u00f3ga N\u00e1d\u00fartha, is an innovative, unique and far reaching socially engaged project that is working towards long term change and development of attitudes around climate action and environmental protection.\" \/>\n<meta name=\"robots\" content=\"index, follow, max-snippet:-1, max-image-preview:large, max-video-preview:-1\" \/>\n<link rel=\"canonical\" href=\"https:\/\/www.creativeireland.gov.ie\/en\/event\/gnathoga-nadurtha-natural-habitats\/\" \/>\n<meta property=\"og:locale\" content=\"en_US\" \/>\n<meta property=\"og:type\" content=\"article\" \/>\n<meta property=\"og:title\" content=\"Gn\u00e1th\u00f3ga N\u00e1d\u00fartha - Natural Habitats - Creative Ireland Programme\" \/>\n<meta property=\"og:description\" content=\"Gn\u00e1th\u00f3ga N\u00e1d\u00fartha, is an innovative, unique and far reaching socially engaged project that is working towards long term change and development of attitudes around climate action and environmental protection. Gn\u00e1th\u00f3ga N\u00e1d\u00fartha will build on a unique partnership with local authorities, artists and community members to work in a partnership approach towards climate action. Gn\u00e1th\u00f3ga N\u00e1d\u00fartha, [&hellip;]\" \/>\n<meta property=\"og:url\" content=\"https:\/\/www.creativeireland.gov.ie\/en\/event\/gnathoga-nadurtha-natural-habitats\/\" \/>\n<meta property=\"og:site_name\" content=\"Creative Ireland Programme\" \/>\n<meta property=\"article:publisher\" content=\"https:\/\/www.facebook.com\/CreativeIrl\/\" \/>\n<meta name=\"twitter:card\" content=\"summary_large_image\" \/>\n<meta name=\"twitter:site\" content=\"@creativeirl\" \/>\n<meta name=\"twitter:label1\" content=\"Est. reading time\" \/>\n\t<meta name=\"twitter:data1\" content=\"1 minute\" \/>\n<script type=\"application\/ld+json\" class=\"yoast-schema-graph\">{\"@context\":\"https:\/\/schema.org\",\"@graph\":[{\"@type\":\"WebPage\",\"@id\":\"https:\/\/www.creativeireland.gov.ie\/en\/event\/gnathoga-nadurtha-natural-habitats\/\",\"url\":\"https:\/\/www.creativeireland.gov.ie\/en\/event\/gnathoga-nadurtha-natural-habitats\/\",\"name\":\"Gn\u00e1th\u00f3ga N\u00e1d\u00fartha - Natural Habitats - Creative Ireland Programme\",\"isPartOf\":{\"@id\":\"https:\/\/www.creativeireland.gov.ie\/en\/#website\"},\"primaryImageOfPage\":{\"@id\":\"https:\/\/www.creativeireland.gov.ie\/en\/event\/gnathoga-nadurtha-natural-habitats\/#primaryimage\"},\"image\":{\"@id\":\"https:\/\/www.creativeireland.gov.ie\/en\/event\/gnathoga-nadurtha-natural-habitats\/#primaryimage\"},\"thumbnailUrl\":\"https:\/\/www.creativeireland.gov.ie\/app\/uploads\/2024\/07\/2girleybogimg_20230208_124053.jpg\",\"datePublished\":\"2024-07-17T02:03:56+00:00\",\"breadcrumb\":{\"@id\":\"https:\/\/www.creativeireland.gov.ie\/en\/event\/gnathoga-nadurtha-natural-habitats\/#breadcrumb\"},\"inLanguage\":\"en-US\",\"potentialAction\":[{\"@type\":\"ReadAction\",\"target\":[\"https:\/\/www.creativeireland.gov.ie\/en\/event\/gnathoga-nadurtha-natural-habitats\/\"]}]},{\"@type\":\"ImageObject\",\"inLanguage\":\"en-US\",\"@id\":\"https:\/\/www.creativeireland.gov.ie\/en\/event\/gnathoga-nadurtha-natural-habitats\/#primaryimage\",\"url\":\"https:\/\/www.creativeireland.gov.ie\/app\/uploads\/2024\/07\/2girleybogimg_20230208_124053.jpg\",\"contentUrl\":\"https:\/\/www.creativeireland.gov.ie\/app\/uploads\/2024\/07\/2girleybogimg_20230208_124053.jpg\",\"width\":2010,\"height\":1387},{\"@type\":\"BreadcrumbList\",\"@id\":\"https:\/\/www.creativeireland.gov.ie\/en\/event\/gnathoga-nadurtha-natural-habitats\/#breadcrumb\",\"itemListElement\":[{\"@type\":\"ListItem\",\"position\":1,\"name\":\"Home\",\"item\":\"https:\/\/www.creativeireland.gov.ie\/en\/\"},{\"@type\":\"ListItem\",\"position\":2,\"name\":\"Gn\u00e1th\u00f3ga N\u00e1d\u00fartha &#8211; Natural Habitats\"}]},{\"@type\":\"WebSite\",\"@id\":\"https:\/\/www.creativeireland.gov.ie\/en\/#website\",\"url\":\"https:\/\/www.creativeireland.gov.ie\/en\/\",\"name\":\"Creative Ireland Programme\",\"description\":\"The Creative Ireland Programme is guided by a vision that every person in Ireland will have the opportunity to realise their full creative potential. It is a five year all-of-Government initiative, from 2017 to 2022, to place creativity at the centre of public policy.\",\"potentialAction\":[{\"@type\":\"SearchAction\",\"target\":{\"@type\":\"EntryPoint\",\"urlTemplate\":\"https:\/\/www.creativeireland.gov.ie\/en\/?s={search_term_string}\"},\"query-input\":{\"@type\":\"PropertyValueSpecification\",\"valueRequired\":true,\"valueName\":\"search_term_string\"}}],\"inLanguage\":\"en-US\"}]}<\/script>\n<!-- \/ Yoast SEO plugin. -->","yoast_head_json":{"title":"Gn\u00e1th\u00f3ga N\u00e1d\u00fartha - Natural Habitats - Creative Ireland Programme","description":"Gn\u00e1th\u00f3ga N\u00e1d\u00fartha, is an innovative, unique and far reaching socially engaged project that is working towards long term change and development of attitudes around climate action and environmental protection.","robots":{"index":"index","follow":"follow","max-snippet":"max-snippet:-1","max-image-preview":"max-image-preview:large","max-video-preview":"max-video-preview:-1"},"canonical":"https:\/\/www.creativeireland.gov.ie\/en\/event\/gnathoga-nadurtha-natural-habitats\/","og_locale":"en_US","og_type":"article","og_title":"Gn\u00e1th\u00f3ga N\u00e1d\u00fartha - Natural Habitats - Creative Ireland Programme","og_description":"Gn\u00e1th\u00f3ga N\u00e1d\u00fartha, is an innovative, unique and far reaching socially engaged project that is working towards long term change and development of attitudes around climate action and environmental protection. Gn\u00e1th\u00f3ga N\u00e1d\u00fartha will build on a unique partnership with local authorities, artists and community members to work in a partnership approach towards climate action. Gn\u00e1th\u00f3ga N\u00e1d\u00fartha, [&hellip;]","og_url":"https:\/\/www.creativeireland.gov.ie\/en\/event\/gnathoga-nadurtha-natural-habitats\/","og_site_name":"Creative Ireland Programme","article_publisher":"https:\/\/www.facebook.com\/CreativeIrl\/","twitter_card":"summary_large_image","twitter_site":"@creativeirl","twitter_misc":{"Est. reading time":"1 minute"},"schema":{"@context":"https:\/\/schema.org","@graph":[{"@type":"WebPage","@id":"https:\/\/www.creativeireland.gov.ie\/en\/event\/gnathoga-nadurtha-natural-habitats\/","url":"https:\/\/www.creativeireland.gov.ie\/en\/event\/gnathoga-nadurtha-natural-habitats\/","name":"Gn\u00e1th\u00f3ga N\u00e1d\u00fartha - Natural Habitats - Creative Ireland Programme","isPartOf":{"@id":"https:\/\/www.creativeireland.gov.ie\/en\/#website"},"primaryImageOfPage":{"@id":"https:\/\/www.creativeireland.gov.ie\/en\/event\/gnathoga-nadurtha-natural-habitats\/#primaryimage"},"image":{"@id":"https:\/\/www.creativeireland.gov.ie\/en\/event\/gnathoga-nadurtha-natural-habitats\/#primaryimage"},"thumbnailUrl":"https:\/\/www.creativeireland.gov.ie\/app\/uploads\/2024\/07\/2girleybogimg_20230208_124053.jpg","datePublished":"2024-07-17T02:03:56+00:00","breadcrumb":{"@id":"https:\/\/www.creativeireland.gov.ie\/en\/event\/gnathoga-nadurtha-natural-habitats\/#breadcrumb"},"inLanguage":"en-US","potentialAction":[{"@type":"ReadAction","target":["https:\/\/www.creativeireland.gov.ie\/en\/event\/gnathoga-nadurtha-natural-habitats\/"]}]},{"@type":"ImageObject","inLanguage":"en-US","@id":"https:\/\/www.creativeireland.gov.ie\/en\/event\/gnathoga-nadurtha-natural-habitats\/#primaryimage","url":"https:\/\/www.creativeireland.gov.ie\/app\/uploads\/2024\/07\/2girleybogimg_20230208_124053.jpg","contentUrl":"https:\/\/www.creativeireland.gov.ie\/app\/uploads\/2024\/07\/2girleybogimg_20230208_124053.jpg","width":2010,"height":1387},{"@type":"BreadcrumbList","@id":"https:\/\/www.creativeireland.gov.ie\/en\/event\/gnathoga-nadurtha-natural-habitats\/#breadcrumb","itemListElement":[{"@type":"ListItem","position":1,"name":"Home","item":"https:\/\/www.creativeireland.gov.ie\/en\/"},{"@type":"ListItem","position":2,"name":"Gn\u00e1th\u00f3ga N\u00e1d\u00fartha &#8211; Natural Habitats"}]},{"@type":"WebSite","@id":"https:\/\/www.creativeireland.gov.ie\/en\/#website","url":"https:\/\/www.creativeireland.gov.ie\/en\/","name":"Creative Ireland Programme","description":"The Creative Ireland Programme is guided by a vision that every person in Ireland will have the opportunity to realise their full creative potential. It is a five year all-of-Government initiative, from 2017 to 2022, to place creativity at the centre of public policy.","potentialAction":[{"@type":"SearchAction","target":{"@type":"EntryPoint","urlTemplate":"https:\/\/www.creativeireland.gov.ie\/en\/?s={search_term_string}"},"query-input":{"@type":"PropertyValueSpecification","valueRequired":true,"valueName":"search_term_string"}}],"inLanguage":"en-US"}]}},"_links":{"self":[{"href":"https:\/\/www.creativeireland.gov.ie\/en\/wp-json\/wp\/v2\/event\/31442","targetHints":{"allow":["GET"]}}],"collection":[{"href":"https:\/\/www.creativeireland.gov.ie\/en\/wp-json\/wp\/v2\/event"}],"about":[{"href":"https:\/\/www.creativeireland.gov.ie\/en\/wp-json\/wp\/v2\/types\/event"}],"wp:featuredmedia":[{"embeddable":true,"href":"https:\/\/www.creativeireland.gov.ie\/en\/wp-json\/wp\/v2\/media\/31443"}],"wp:attachment":[{"href":"https:\/\/www.creativeireland.gov.ie\/en\/wp-json\/wp\/v2\/media?parent=31442"}],"curies":[{"name":"wp","href":"https:\/\/api.w.org\/{rel}","templated":true}]}}