{"id":32946,"date":"2024-09-13T03:05:44","date_gmt":"2024-09-13T02:05:44","guid":{"rendered":"https:\/\/www.creativeireland.gov.ie\/event\/seachtain-na-gaeilge-leabharlann-an-longfoirt\/"},"modified":"2024-09-13T03:05:44","modified_gmt":"2024-09-13T02:05:44","slug":"seachtain-na-gaeilge-leabharlann-an-longfoirt","status":"publish","type":"event","link":"https:\/\/www.creativeireland.gov.ie\/en\/event\/seachtain-na-gaeilge-leabharlann-an-longfoirt\/","title":{"rendered":"Seachtain Na Gaeilge &#8211; Leabharlann An Longfoirt"},"content":{"rendered":"<p><strong>SEACHTAIN NA GAEILGE \u00c1 CEILI\u00daRADH I LEABHARLANN AN LONGFOIRT<\/strong><\/p>\n<p><strong>IMEACHTA\u00cd LEIS NA SCOILEANNA\u00a0<\/strong><\/p>\n<p><strong>5 M\u00e1rta: <\/strong>Little Gem Puppets &#8211; Se\u00f3nna Puip\u00e9ad D\u00e1theangacha Su\u00edomh: Leabharlann an Longfoirt\u00a0<\/p>\n<p><strong>6 M\u00e1rta: <\/strong>Anyone4Science &#8211; Ceardlanna D\u00e1theangacha ar Iontas na hEola\u00edochta Su\u00edomh: Leabharlann Ghr\u00e1naird\u00a0<\/p>\n<p><strong>7 &amp; 14 M\u00e1rta: <\/strong>Esther G\u00f6bl U\u00ed Nuall\u00e1in &#8211; Seisi\u00fan Sc\u00e9ala\u00edochta Su\u00edomh: Leabharlann Dhroim Lis &amp; Leabharlann an Longfoirt\u00a0<\/p>\n<p><strong>12 &amp; 13 M\u00e1rta: <\/strong>Frank Galligan &#8211; Sc\u00e9ala\u00edocht agus Scr\u00edbhneoireacht Chruthaitheach Su\u00edomh: Leabharlann Mheathas Troim, Leabharlann an Longfoirt, Leabharlann Bhaile U\u00ed Mhath\u00e1in agus Leabharlann Bh\u00e9al \u00c1tha Liag\u00a0<\/p>\n<p>Beidh Tr\u00e1th na gCeist ar si\u00fal i leabharlanna ar fud an chontae le linn Sheachtain na Gaeilge<\/p>\n<p><strong>IMEACHTA\u00cd DO GACH DUINE 14 M\u00e1rta: <\/strong>Caint, Ceol &amp; Craic i Leabharlann an Longfoirt ag 1.00 &#8211; 2.30pm\u00a0<\/p>\n<p>F\u00e1ilte roimh d\u00e1nta, amhr\u00e1in agus ceol \u00f3n bpobal Tae agus ceapair\u00ed ar f\u00e1il ar an l\u00e1.<\/p>\n","protected":false},"author":0,"featured_media":32947,"template":"","class_list":["post-32946","event","type-event","status-publish","has-post-thumbnail","hentry"],"acf":[],"yoast_head":"<!-- This site is optimized with the Yoast SEO plugin v25.9 - https:\/\/yoast.com\/wordpress\/plugins\/seo\/ -->\n<title>Seachtain Na Gaeilge - Leabharlann An Longfoirt - Creative Ireland Programme<\/title>\n<meta name=\"description\" content=\"SEACHTAIN NA GAEILGE \u00c1 CEILI\u00daRADH I LEABHARLANN AN LONGFOIRTIMEACHTA\u00cd LEIS NA SCOILEANNA\u00a05 M\u00e1rta: Little Gem Puppets - Se\u00f3nna Puip\u00e9ad D\u00e1theangacha Su\u00edomh: Leabharlann an Longfoirt\u00a06 M\u00e1rta: Anyone4Science - Ceardlanna D\u00e1theangacha ar Iontas na hEola\u00edochta Su\u00edomh: Leabharlann Ghr\u00e1naird\u00a07 &amp; 14 M\u00e1rta: Esther G\u00f6bl U\u00ed Nuall\u00e1in - Seisi\u00fan Sc\u00e9ala\u00edochta Su\u00edomh: Leabharlann Dhroim Lis &amp; Leabharlann an Longfoirt\u00a012 &amp; 13 M\u00e1rta: Frank Galligan - Sc\u00e9ala\u00edocht agus Scr\u00edbhneoireacht Chruthaitheach Su\u00edomh: Leabharlann Mheathas Troim, Leabharlann an Longfoirt, Leabharlann Bhaile U\u00ed Mhath\u00e1in agus Leabharlann Bh\u00e9al \u00c1tha Liag\u00a0Beidh Tr\u00e1th na gCeist ar si\u00fal i leabharlanna ar fud an chontae le linn Sheachtain na GaeilgeIMEACHTA\u00cd DO GACH DUINE 14 M\u00e1rta: Caint, Ceol &amp; Craic i Leabharlann an Longfoirt ag 1.\" \/>\n<meta name=\"robots\" content=\"index, follow, max-snippet:-1, max-image-preview:large, max-video-preview:-1\" \/>\n<link rel=\"canonical\" href=\"https:\/\/www.creativeireland.gov.ie\/en\/event\/seachtain-na-gaeilge-leabharlann-an-longfoirt\/\" \/>\n<meta property=\"og:locale\" content=\"en_US\" \/>\n<meta property=\"og:type\" content=\"article\" \/>\n<meta property=\"og:title\" content=\"Seachtain Na Gaeilge - Leabharlann An Longfoirt - Creative Ireland Programme\" \/>\n<meta property=\"og:description\" content=\"SEACHTAIN NA GAEILGE \u00c1 CEILI\u00daRADH I LEABHARLANN AN LONGFOIRT IMEACHTA\u00cd LEIS NA SCOILEANNA\u00a0 5 M\u00e1rta: Little Gem Puppets &#8211; Se\u00f3nna Puip\u00e9ad D\u00e1theangacha Su\u00edomh: Leabharlann an Longfoirt\u00a0 6 M\u00e1rta: Anyone4Science &#8211; Ceardlanna D\u00e1theangacha ar Iontas na hEola\u00edochta Su\u00edomh: Leabharlann Ghr\u00e1naird\u00a0 7 &amp; 14 M\u00e1rta: Esther G\u00f6bl U\u00ed Nuall\u00e1in &#8211; Seisi\u00fan Sc\u00e9ala\u00edochta Su\u00edomh: Leabharlann Dhroim Lis &amp; [&hellip;]\" \/>\n<meta property=\"og:url\" content=\"https:\/\/www.creativeireland.gov.ie\/en\/event\/seachtain-na-gaeilge-leabharlann-an-longfoirt\/\" \/>\n<meta property=\"og:site_name\" content=\"Creative Ireland Programme\" \/>\n<meta property=\"article:publisher\" content=\"https:\/\/www.facebook.com\/CreativeIrl\/\" \/>\n<meta name=\"twitter:card\" content=\"summary_large_image\" \/>\n<meta name=\"twitter:site\" content=\"@creativeirl\" \/>\n<meta name=\"twitter:label1\" content=\"Est. reading time\" \/>\n\t<meta name=\"twitter:data1\" content=\"1 minute\" \/>\n<script type=\"application\/ld+json\" class=\"yoast-schema-graph\">{\"@context\":\"https:\/\/schema.org\",\"@graph\":[{\"@type\":\"WebPage\",\"@id\":\"https:\/\/www.creativeireland.gov.ie\/en\/event\/seachtain-na-gaeilge-leabharlann-an-longfoirt\/\",\"url\":\"https:\/\/www.creativeireland.gov.ie\/en\/event\/seachtain-na-gaeilge-leabharlann-an-longfoirt\/\",\"name\":\"Seachtain Na Gaeilge - Leabharlann An Longfoirt - Creative Ireland Programme\",\"isPartOf\":{\"@id\":\"https:\/\/www.creativeireland.gov.ie\/en\/#website\"},\"primaryImageOfPage\":{\"@id\":\"https:\/\/www.creativeireland.gov.ie\/en\/event\/seachtain-na-gaeilge-leabharlann-an-longfoirt\/#primaryimage\"},\"image\":{\"@id\":\"https:\/\/www.creativeireland.gov.ie\/en\/event\/seachtain-na-gaeilge-leabharlann-an-longfoirt\/#primaryimage\"},\"thumbnailUrl\":\"https:\/\/www.creativeireland.gov.ie\/app\/uploads\/2024\/09\/snag-part-a.jpg\",\"datePublished\":\"2024-09-13T02:05:44+00:00\",\"breadcrumb\":{\"@id\":\"https:\/\/www.creativeireland.gov.ie\/en\/event\/seachtain-na-gaeilge-leabharlann-an-longfoirt\/#breadcrumb\"},\"inLanguage\":\"en-US\",\"potentialAction\":[{\"@type\":\"ReadAction\",\"target\":[\"https:\/\/www.creativeireland.gov.ie\/en\/event\/seachtain-na-gaeilge-leabharlann-an-longfoirt\/\"]}]},{\"@type\":\"ImageObject\",\"inLanguage\":\"en-US\",\"@id\":\"https:\/\/www.creativeireland.gov.ie\/en\/event\/seachtain-na-gaeilge-leabharlann-an-longfoirt\/#primaryimage\",\"url\":\"https:\/\/www.creativeireland.gov.ie\/app\/uploads\/2024\/09\/snag-part-a.jpg\",\"contentUrl\":\"https:\/\/www.creativeireland.gov.ie\/app\/uploads\/2024\/09\/snag-part-a.jpg\",\"width\":1920,\"height\":1080},{\"@type\":\"BreadcrumbList\",\"@id\":\"https:\/\/www.creativeireland.gov.ie\/en\/event\/seachtain-na-gaeilge-leabharlann-an-longfoirt\/#breadcrumb\",\"itemListElement\":[{\"@type\":\"ListItem\",\"position\":1,\"name\":\"Home\",\"item\":\"https:\/\/www.creativeireland.gov.ie\/en\/\"},{\"@type\":\"ListItem\",\"position\":2,\"name\":\"Seachtain Na Gaeilge &#8211; Leabharlann An Longfoirt\"}]},{\"@type\":\"WebSite\",\"@id\":\"https:\/\/www.creativeireland.gov.ie\/en\/#website\",\"url\":\"https:\/\/www.creativeireland.gov.ie\/en\/\",\"name\":\"Creative Ireland Programme\",\"description\":\"The Creative Ireland Programme is guided by a vision that every person in Ireland will have the opportunity to realise their full creative potential. It is a five year all-of-Government initiative, from 2017 to 2022, to place creativity at the centre of public policy.\",\"potentialAction\":[{\"@type\":\"SearchAction\",\"target\":{\"@type\":\"EntryPoint\",\"urlTemplate\":\"https:\/\/www.creativeireland.gov.ie\/en\/?s={search_term_string}\"},\"query-input\":{\"@type\":\"PropertyValueSpecification\",\"valueRequired\":true,\"valueName\":\"search_term_string\"}}],\"inLanguage\":\"en-US\"}]}<\/script>\n<!-- \/ Yoast SEO plugin. -->","yoast_head_json":{"title":"Seachtain Na Gaeilge - Leabharlann An Longfoirt - Creative Ireland Programme","description":"SEACHTAIN NA GAEILGE \u00c1 CEILI\u00daRADH I LEABHARLANN AN LONGFOIRTIMEACHTA\u00cd LEIS NA SCOILEANNA\u00a05 M\u00e1rta: Little Gem Puppets - Se\u00f3nna Puip\u00e9ad D\u00e1theangacha Su\u00edomh: Leabharlann an Longfoirt\u00a06 M\u00e1rta: Anyone4Science - Ceardlanna D\u00e1theangacha ar Iontas na hEola\u00edochta Su\u00edomh: Leabharlann Ghr\u00e1naird\u00a07 &amp; 14 M\u00e1rta: Esther G\u00f6bl U\u00ed Nuall\u00e1in - Seisi\u00fan Sc\u00e9ala\u00edochta Su\u00edomh: Leabharlann Dhroim Lis &amp; Leabharlann an Longfoirt\u00a012 &amp; 13 M\u00e1rta: Frank Galligan - Sc\u00e9ala\u00edocht agus Scr\u00edbhneoireacht Chruthaitheach Su\u00edomh: Leabharlann Mheathas Troim, Leabharlann an Longfoirt, Leabharlann Bhaile U\u00ed Mhath\u00e1in agus Leabharlann Bh\u00e9al \u00c1tha Liag\u00a0Beidh Tr\u00e1th na gCeist ar si\u00fal i leabharlanna ar fud an chontae le linn Sheachtain na GaeilgeIMEACHTA\u00cd DO GACH DUINE 14 M\u00e1rta: Caint, Ceol &amp; Craic i Leabharlann an Longfoirt ag 1.","robots":{"index":"index","follow":"follow","max-snippet":"max-snippet:-1","max-image-preview":"max-image-preview:large","max-video-preview":"max-video-preview:-1"},"canonical":"https:\/\/www.creativeireland.gov.ie\/en\/event\/seachtain-na-gaeilge-leabharlann-an-longfoirt\/","og_locale":"en_US","og_type":"article","og_title":"Seachtain Na Gaeilge - Leabharlann An Longfoirt - Creative Ireland Programme","og_description":"SEACHTAIN NA GAEILGE \u00c1 CEILI\u00daRADH I LEABHARLANN AN LONGFOIRT IMEACHTA\u00cd LEIS NA SCOILEANNA\u00a0 5 M\u00e1rta: Little Gem Puppets &#8211; Se\u00f3nna Puip\u00e9ad D\u00e1theangacha Su\u00edomh: Leabharlann an Longfoirt\u00a0 6 M\u00e1rta: Anyone4Science &#8211; Ceardlanna D\u00e1theangacha ar Iontas na hEola\u00edochta Su\u00edomh: Leabharlann Ghr\u00e1naird\u00a0 7 &amp; 14 M\u00e1rta: Esther G\u00f6bl U\u00ed Nuall\u00e1in &#8211; Seisi\u00fan Sc\u00e9ala\u00edochta Su\u00edomh: Leabharlann Dhroim Lis &amp; [&hellip;]","og_url":"https:\/\/www.creativeireland.gov.ie\/en\/event\/seachtain-na-gaeilge-leabharlann-an-longfoirt\/","og_site_name":"Creative Ireland Programme","article_publisher":"https:\/\/www.facebook.com\/CreativeIrl\/","twitter_card":"summary_large_image","twitter_site":"@creativeirl","twitter_misc":{"Est. reading time":"1 minute"},"schema":{"@context":"https:\/\/schema.org","@graph":[{"@type":"WebPage","@id":"https:\/\/www.creativeireland.gov.ie\/en\/event\/seachtain-na-gaeilge-leabharlann-an-longfoirt\/","url":"https:\/\/www.creativeireland.gov.ie\/en\/event\/seachtain-na-gaeilge-leabharlann-an-longfoirt\/","name":"Seachtain Na Gaeilge - Leabharlann An Longfoirt - Creative Ireland Programme","isPartOf":{"@id":"https:\/\/www.creativeireland.gov.ie\/en\/#website"},"primaryImageOfPage":{"@id":"https:\/\/www.creativeireland.gov.ie\/en\/event\/seachtain-na-gaeilge-leabharlann-an-longfoirt\/#primaryimage"},"image":{"@id":"https:\/\/www.creativeireland.gov.ie\/en\/event\/seachtain-na-gaeilge-leabharlann-an-longfoirt\/#primaryimage"},"thumbnailUrl":"https:\/\/www.creativeireland.gov.ie\/app\/uploads\/2024\/09\/snag-part-a.jpg","datePublished":"2024-09-13T02:05:44+00:00","breadcrumb":{"@id":"https:\/\/www.creativeireland.gov.ie\/en\/event\/seachtain-na-gaeilge-leabharlann-an-longfoirt\/#breadcrumb"},"inLanguage":"en-US","potentialAction":[{"@type":"ReadAction","target":["https:\/\/www.creativeireland.gov.ie\/en\/event\/seachtain-na-gaeilge-leabharlann-an-longfoirt\/"]}]},{"@type":"ImageObject","inLanguage":"en-US","@id":"https:\/\/www.creativeireland.gov.ie\/en\/event\/seachtain-na-gaeilge-leabharlann-an-longfoirt\/#primaryimage","url":"https:\/\/www.creativeireland.gov.ie\/app\/uploads\/2024\/09\/snag-part-a.jpg","contentUrl":"https:\/\/www.creativeireland.gov.ie\/app\/uploads\/2024\/09\/snag-part-a.jpg","width":1920,"height":1080},{"@type":"BreadcrumbList","@id":"https:\/\/www.creativeireland.gov.ie\/en\/event\/seachtain-na-gaeilge-leabharlann-an-longfoirt\/#breadcrumb","itemListElement":[{"@type":"ListItem","position":1,"name":"Home","item":"https:\/\/www.creativeireland.gov.ie\/en\/"},{"@type":"ListItem","position":2,"name":"Seachtain Na Gaeilge &#8211; Leabharlann An Longfoirt"}]},{"@type":"WebSite","@id":"https:\/\/www.creativeireland.gov.ie\/en\/#website","url":"https:\/\/www.creativeireland.gov.ie\/en\/","name":"Creative Ireland Programme","description":"The Creative Ireland Programme is guided by a vision that every person in Ireland will have the opportunity to realise their full creative potential. It is a five year all-of-Government initiative, from 2017 to 2022, to place creativity at the centre of public policy.","potentialAction":[{"@type":"SearchAction","target":{"@type":"EntryPoint","urlTemplate":"https:\/\/www.creativeireland.gov.ie\/en\/?s={search_term_string}"},"query-input":{"@type":"PropertyValueSpecification","valueRequired":true,"valueName":"search_term_string"}}],"inLanguage":"en-US"}]}},"_links":{"self":[{"href":"https:\/\/www.creativeireland.gov.ie\/en\/wp-json\/wp\/v2\/event\/32946","targetHints":{"allow":["GET"]}}],"collection":[{"href":"https:\/\/www.creativeireland.gov.ie\/en\/wp-json\/wp\/v2\/event"}],"about":[{"href":"https:\/\/www.creativeireland.gov.ie\/en\/wp-json\/wp\/v2\/types\/event"}],"wp:featuredmedia":[{"embeddable":true,"href":"https:\/\/www.creativeireland.gov.ie\/en\/wp-json\/wp\/v2\/media\/32947"}],"wp:attachment":[{"href":"https:\/\/www.creativeireland.gov.ie\/en\/wp-json\/wp\/v2\/media?parent=32946"}],"curies":[{"name":"wp","href":"https:\/\/api.w.org\/{rel}","templated":true}]}}