{"version":"1.0","provider_name":"Creative Ireland Programme","provider_url":"https:\/\/www.creativeireland.gov.ie\/ga\/","title":"Scoileanna Ild\u00e1nacha - Creative Ireland Programme","type":"rich","width":600,"height":338,"html":"<blockquote class=\"wp-embedded-content\" data-secret=\"SYuIKwR2ms\"><a href=\"https:\/\/www.creativeireland.gov.ie\/ga\/oige-ildanach\/scoileanna-ildanacha\/\">Scoileanna Ild\u00e1nacha<\/a><\/blockquote><iframe sandbox=\"allow-scripts\" security=\"restricted\" src=\"https:\/\/www.creativeireland.gov.ie\/ga\/oige-ildanach\/scoileanna-ildanacha\/embed\/#?secret=SYuIKwR2ms\" width=\"600\" height=\"338\" title=\"&#8220;Scoileanna Ild\u00e1nacha&#8221; &#8212; Creative Ireland Programme\" data-secret=\"SYuIKwR2ms\" frameborder=\"0\" marginwidth=\"0\" marginheight=\"0\" scrolling=\"no\" class=\"wp-embedded-content\"><\/iframe><script type=\"text\/javascript\">\n\/* <![CDATA[ *\/\n\/*! This file is auto-generated *\/\n!function(d,l){\"use strict\";l.querySelector&&d.addEventListener&&\"undefined\"!=typeof URL&&(d.wp=d.wp||{},d.wp.receiveEmbedMessage||(d.wp.receiveEmbedMessage=function(e){var t=e.data;if((t||t.secret||t.message||t.value)&&!\/[^a-zA-Z0-9]\/.test(t.secret)){for(var s,r,n,a=l.querySelectorAll('iframe[data-secret=\"'+t.secret+'\"]'),o=l.querySelectorAll('blockquote[data-secret=\"'+t.secret+'\"]'),c=new RegExp(\"^https?:$\",\"i\"),i=0;i<o.length;i++)o[i].style.display=\"none\";for(i=0;i<a.length;i++)s=a[i],e.source===s.contentWindow&&(s.removeAttribute(\"style\"),\"height\"===t.message?(1e3<(r=parseInt(t.value,10))?r=1e3:~~r<200&&(r=200),s.height=r):\"link\"===t.message&&(r=new URL(s.getAttribute(\"src\")),n=new URL(t.value),c.test(n.protocol))&&n.host===r.host&&l.activeElement===s&&(d.top.location.href=t.value))}},d.addEventListener(\"message\",d.wp.receiveEmbedMessage,!1),l.addEventListener(\"DOMContentLoaded\",function(){for(var e,t,s=l.querySelectorAll(\"iframe.wp-embedded-content\"),r=0;r<s.length;r++)(t=(e=s[r]).getAttribute(\"data-secret\"))||(t=Math.random().toString(36).substring(2,12),e.src+=\"#?secret=\"+t,e.setAttribute(\"data-secret\",t)),e.contentWindow.postMessage({message:\"ready\",secret:t},\"*\")},!1)))}(window,document);\n\/* ]]> *\/\n<\/script>\n","thumbnail_url":"https:\/\/www.creativeireland.gov.ie\/app\/uploads\/2019\/12\/Plastics.-The-Good-The-Bad-The-Ugly-2.jpg","thumbnail_width":2048,"thumbnail_height":1424,"description":"N\u00edl \u00e1it is fearr le tos\u00fa amach ar shaol na cruthaitheachta \u2013 leis an gcruthaitheacht sa seomra ranga, coth\u00fa na cruthaitheachta ar fud na scoile, c\u00fanamh taca ina leith sin, ar an mbealach is fearr leis an scoil agus is fearr don scoil agus do leana\u00ed na scoile."}