{"id":17891,"date":"2021-11-05T14:35:31","date_gmt":"2021-11-05T14:35:31","guid":{"rendered":"https:\/\/www.creativeireland.gov.ie\/blog\/creative-climate-action-fund-creative-climate-action-crumlin\/"},"modified":"2022-09-23T12:35:23","modified_gmt":"2022-09-23T11:35:23","slug":"creative-climate-action-fund-creative-climate-action-crumlin","status":"publish","type":"creativenation","link":"https:\/\/www.creativeireland.gov.ie\/ga\/blog\/creative-climate-action-fund-creative-climate-action-crumlin\/","title":{"rendered":"Gn\u00edomh\u00fa Cruthaitheach ar son na hAer\u00e1ide: Gn\u00edomh\u00fa Cruthaitheach ar son na hAer\u00e1ide Chromhghlinne"},"content":{"rendered":"","protected":false},"featured_media":17227,"menu_order":0,"template":"page-creative-nation-advanced-content.php","categories":[339],"creativenation-tags":[240],"class_list":["post-17891","creativenation","type-creativenation","status-publish","has-post-thumbnail","hentry","category-creativity-and-climate-change-ga","creativenation-tags-creative-climate-action-fund-ga"],"acf":[],"yoast_head":"<!-- This site is optimized with the Yoast SEO plugin v25.9 - https:\/\/yoast.com\/wordpress\/plugins\/seo\/ -->\n<title>Gn\u00edomh\u00fa Cruthaitheach ar son na hAer\u00e1ide: Gn\u00edomh\u00fa Cruthaitheach ar son na hAer\u00e1ide Chromhghlinne - Creative Ireland Programme<\/title>\n<meta name=\"description\" content=\"Agus \u00e9 mar aidhm acu treochta\u00ed iompra\u00edochta 3,000 c\u00f3naitheoir i gCromghlinn ar an taobh \u00f3 dheas de Bhaile \u00c1tha Cliath a athr\u00fa, is tionscadal leathan uaillmhianach \u00e9 Gn\u00edomh\u00fa Cruthaitheach ar son na hAer\u00e1ide Chromhghlinne at\u00e1 \u00e1 mhaoini\u00fa ag \u00c9ire Ild\u00e1nach tr\u00edna chiste Gn\u00edomh\u00fa Cruthaitheach ar son na hAer\u00e1ide, ceann de 15 tionscadal den s\u00f3rt sin timpeall na t\u00edre.\" \/>\n<meta name=\"robots\" content=\"index, follow, max-snippet:-1, max-image-preview:large, max-video-preview:-1\" \/>\n<link rel=\"canonical\" href=\"https:\/\/www.creativeireland.gov.ie\/ga\/blog\/creative-climate-action-fund-creative-climate-action-crumlin\/\" \/>\n<meta property=\"og:locale\" content=\"ga_IE\" \/>\n<meta property=\"og:type\" content=\"article\" \/>\n<meta property=\"og:title\" content=\"Gn\u00edomh\u00fa Cruthaitheach ar son na hAer\u00e1ide: Gn\u00edomh\u00fa Cruthaitheach ar son na hAer\u00e1ide Chromhghlinne - Creative Ireland Programme\" \/>\n<meta property=\"og:description\" content=\"Agus \u00e9 mar aidhm acu treochta\u00ed iompra\u00edochta 3,000 c\u00f3naitheoir i gCromghlinn ar an taobh \u00f3 dheas de Bhaile \u00c1tha Cliath a athr\u00fa, is tionscadal leathan uaillmhianach \u00e9 Gn\u00edomh\u00fa Cruthaitheach ar son na hAer\u00e1ide Chromhghlinne at\u00e1 \u00e1 mhaoini\u00fa ag \u00c9ire Ild\u00e1nach tr\u00edna chiste Gn\u00edomh\u00fa Cruthaitheach ar son na hAer\u00e1ide, ceann de 15 tionscadal den s\u00f3rt sin timpeall na t\u00edre.\" \/>\n<meta property=\"og:url\" content=\"https:\/\/www.creativeireland.gov.ie\/ga\/blog\/creative-climate-action-fund-creative-climate-action-crumlin\/\" \/>\n<meta property=\"og:site_name\" content=\"Creative Ireland Programme\" \/>\n<meta property=\"article:publisher\" content=\"https:\/\/www.facebook.com\/CreativeIrl\/\" \/>\n<meta property=\"article:modified_time\" content=\"2022-09-23T11:35:23+00:00\" \/>\n<meta property=\"og:image\" content=\"https:\/\/www.creativeireland.gov.ie\/app\/uploads\/2021\/11\/4.png\" \/>\n\t<meta property=\"og:image:width\" content=\"1080\" \/>\n\t<meta property=\"og:image:height\" content=\"1080\" \/>\n\t<meta property=\"og:image:type\" content=\"image\/png\" \/>\n<meta name=\"twitter:card\" content=\"summary_large_image\" \/>\n<meta name=\"twitter:site\" content=\"@creativeirl\" \/>\n<script type=\"application\/ld+json\" class=\"yoast-schema-graph\">{\"@context\":\"https:\/\/schema.org\",\"@graph\":[{\"@type\":\"WebPage\",\"@id\":\"https:\/\/www.creativeireland.gov.ie\/ga\/blog\/creative-climate-action-fund-creative-climate-action-crumlin\/\",\"url\":\"https:\/\/www.creativeireland.gov.ie\/ga\/blog\/creative-climate-action-fund-creative-climate-action-crumlin\/\",\"name\":\"Gn\u00edomh\u00fa Cruthaitheach ar son na hAer\u00e1ide: Gn\u00edomh\u00fa Cruthaitheach ar son na hAer\u00e1ide Chromhghlinne - Creative Ireland Programme\",\"isPartOf\":{\"@id\":\"https:\/\/www.creativeireland.gov.ie\/ga\/#website\"},\"primaryImageOfPage\":{\"@id\":\"https:\/\/www.creativeireland.gov.ie\/ga\/blog\/creative-climate-action-fund-creative-climate-action-crumlin\/#primaryimage\"},\"image\":{\"@id\":\"https:\/\/www.creativeireland.gov.ie\/ga\/blog\/creative-climate-action-fund-creative-climate-action-crumlin\/#primaryimage\"},\"thumbnailUrl\":\"https:\/\/www.creativeireland.gov.ie\/app\/uploads\/2021\/11\/4.png\",\"datePublished\":\"2021-11-05T14:35:31+00:00\",\"dateModified\":\"2022-09-23T11:35:23+00:00\",\"description\":\"Agus \u00e9 mar aidhm acu treochta\u00ed iompra\u00edochta 3,000 c\u00f3naitheoir i gCromghlinn ar an taobh \u00f3 dheas de Bhaile \u00c1tha Cliath a athr\u00fa, is tionscadal leathan uaillmhianach \u00e9 Gn\u00edomh\u00fa Cruthaitheach ar son na hAer\u00e1ide Chromhghlinne at\u00e1 \u00e1 mhaoini\u00fa ag \u00c9ire Ild\u00e1nach tr\u00edna chiste Gn\u00edomh\u00fa Cruthaitheach ar son na hAer\u00e1ide, ceann de 15 tionscadal den s\u00f3rt sin timpeall na t\u00edre.\",\"breadcrumb\":{\"@id\":\"https:\/\/www.creativeireland.gov.ie\/ga\/blog\/creative-climate-action-fund-creative-climate-action-crumlin\/#breadcrumb\"},\"inLanguage\":\"ga-IE\",\"potentialAction\":[{\"@type\":\"ReadAction\",\"target\":[\"https:\/\/www.creativeireland.gov.ie\/ga\/blog\/creative-climate-action-fund-creative-climate-action-crumlin\/\"]}]},{\"@type\":\"ImageObject\",\"inLanguage\":\"ga-IE\",\"@id\":\"https:\/\/www.creativeireland.gov.ie\/ga\/blog\/creative-climate-action-fund-creative-climate-action-crumlin\/#primaryimage\",\"url\":\"https:\/\/www.creativeireland.gov.ie\/app\/uploads\/2021\/11\/4.png\",\"contentUrl\":\"https:\/\/www.creativeireland.gov.ie\/app\/uploads\/2021\/11\/4.png\",\"width\":1080,\"height\":1080},{\"@type\":\"BreadcrumbList\",\"@id\":\"https:\/\/www.creativeireland.gov.ie\/ga\/blog\/creative-climate-action-fund-creative-climate-action-crumlin\/#breadcrumb\",\"itemListElement\":[{\"@type\":\"ListItem\",\"position\":1,\"name\":\"Home\",\"item\":\"https:\/\/www.creativeireland.gov.ie\/ga\/\"},{\"@type\":\"ListItem\",\"position\":2,\"name\":\"Gn\u00edomh\u00fa Cruthaitheach ar son na hAer\u00e1ide: Gn\u00edomh\u00fa Cruthaitheach ar son na hAer\u00e1ide Chromhghlinne\"}]},{\"@type\":\"WebSite\",\"@id\":\"https:\/\/www.creativeireland.gov.ie\/ga\/#website\",\"url\":\"https:\/\/www.creativeireland.gov.ie\/ga\/\",\"name\":\"Creative Ireland Programme\",\"description\":\"The Creative Ireland Programme is guided by a vision that every person in Ireland will have the opportunity to realise their full creative potential. It is a five year all-of-Government initiative, from 2017 to 2022, to place creativity at the centre of public policy.\",\"potentialAction\":[{\"@type\":\"SearchAction\",\"target\":{\"@type\":\"EntryPoint\",\"urlTemplate\":\"https:\/\/www.creativeireland.gov.ie\/ga\/?s={search_term_string}\"},\"query-input\":{\"@type\":\"PropertyValueSpecification\",\"valueRequired\":true,\"valueName\":\"search_term_string\"}}],\"inLanguage\":\"ga-IE\"}]}<\/script>\n<!-- \/ Yoast SEO plugin. -->","yoast_head_json":{"title":"Gn\u00edomh\u00fa Cruthaitheach ar son na hAer\u00e1ide: Gn\u00edomh\u00fa Cruthaitheach ar son na hAer\u00e1ide Chromhghlinne - Creative Ireland Programme","description":"Agus \u00e9 mar aidhm acu treochta\u00ed iompra\u00edochta 3,000 c\u00f3naitheoir i gCromghlinn ar an taobh \u00f3 dheas de Bhaile \u00c1tha Cliath a athr\u00fa, is tionscadal leathan uaillmhianach \u00e9 Gn\u00edomh\u00fa Cruthaitheach ar son na hAer\u00e1ide Chromhghlinne at\u00e1 \u00e1 mhaoini\u00fa ag \u00c9ire Ild\u00e1nach tr\u00edna chiste Gn\u00edomh\u00fa Cruthaitheach ar son na hAer\u00e1ide, ceann de 15 tionscadal den s\u00f3rt sin timpeall na t\u00edre.","robots":{"index":"index","follow":"follow","max-snippet":"max-snippet:-1","max-image-preview":"max-image-preview:large","max-video-preview":"max-video-preview:-1"},"canonical":"https:\/\/www.creativeireland.gov.ie\/ga\/blog\/creative-climate-action-fund-creative-climate-action-crumlin\/","og_locale":"ga_IE","og_type":"article","og_title":"Gn\u00edomh\u00fa Cruthaitheach ar son na hAer\u00e1ide: Gn\u00edomh\u00fa Cruthaitheach ar son na hAer\u00e1ide Chromhghlinne - Creative Ireland Programme","og_description":"Agus \u00e9 mar aidhm acu treochta\u00ed iompra\u00edochta 3,000 c\u00f3naitheoir i gCromghlinn ar an taobh \u00f3 dheas de Bhaile \u00c1tha Cliath a athr\u00fa, is tionscadal leathan uaillmhianach \u00e9 Gn\u00edomh\u00fa Cruthaitheach ar son na hAer\u00e1ide Chromhghlinne at\u00e1 \u00e1 mhaoini\u00fa ag \u00c9ire Ild\u00e1nach tr\u00edna chiste Gn\u00edomh\u00fa Cruthaitheach ar son na hAer\u00e1ide, ceann de 15 tionscadal den s\u00f3rt sin timpeall na t\u00edre.","og_url":"https:\/\/www.creativeireland.gov.ie\/ga\/blog\/creative-climate-action-fund-creative-climate-action-crumlin\/","og_site_name":"Creative Ireland Programme","article_publisher":"https:\/\/www.facebook.com\/CreativeIrl\/","article_modified_time":"2022-09-23T11:35:23+00:00","og_image":[{"width":1080,"height":1080,"url":"https:\/\/www.creativeireland.gov.ie\/app\/uploads\/2021\/11\/4.png","type":"image\/png"}],"twitter_card":"summary_large_image","twitter_site":"@creativeirl","schema":{"@context":"https:\/\/schema.org","@graph":[{"@type":"WebPage","@id":"https:\/\/www.creativeireland.gov.ie\/ga\/blog\/creative-climate-action-fund-creative-climate-action-crumlin\/","url":"https:\/\/www.creativeireland.gov.ie\/ga\/blog\/creative-climate-action-fund-creative-climate-action-crumlin\/","name":"Gn\u00edomh\u00fa Cruthaitheach ar son na hAer\u00e1ide: Gn\u00edomh\u00fa Cruthaitheach ar son na hAer\u00e1ide Chromhghlinne - Creative Ireland Programme","isPartOf":{"@id":"https:\/\/www.creativeireland.gov.ie\/ga\/#website"},"primaryImageOfPage":{"@id":"https:\/\/www.creativeireland.gov.ie\/ga\/blog\/creative-climate-action-fund-creative-climate-action-crumlin\/#primaryimage"},"image":{"@id":"https:\/\/www.creativeireland.gov.ie\/ga\/blog\/creative-climate-action-fund-creative-climate-action-crumlin\/#primaryimage"},"thumbnailUrl":"https:\/\/www.creativeireland.gov.ie\/app\/uploads\/2021\/11\/4.png","datePublished":"2021-11-05T14:35:31+00:00","dateModified":"2022-09-23T11:35:23+00:00","description":"Agus \u00e9 mar aidhm acu treochta\u00ed iompra\u00edochta 3,000 c\u00f3naitheoir i gCromghlinn ar an taobh \u00f3 dheas de Bhaile \u00c1tha Cliath a athr\u00fa, is tionscadal leathan uaillmhianach \u00e9 Gn\u00edomh\u00fa Cruthaitheach ar son na hAer\u00e1ide Chromhghlinne at\u00e1 \u00e1 mhaoini\u00fa ag \u00c9ire Ild\u00e1nach tr\u00edna chiste Gn\u00edomh\u00fa Cruthaitheach ar son na hAer\u00e1ide, ceann de 15 tionscadal den s\u00f3rt sin timpeall na t\u00edre.","breadcrumb":{"@id":"https:\/\/www.creativeireland.gov.ie\/ga\/blog\/creative-climate-action-fund-creative-climate-action-crumlin\/#breadcrumb"},"inLanguage":"ga-IE","potentialAction":[{"@type":"ReadAction","target":["https:\/\/www.creativeireland.gov.ie\/ga\/blog\/creative-climate-action-fund-creative-climate-action-crumlin\/"]}]},{"@type":"ImageObject","inLanguage":"ga-IE","@id":"https:\/\/www.creativeireland.gov.ie\/ga\/blog\/creative-climate-action-fund-creative-climate-action-crumlin\/#primaryimage","url":"https:\/\/www.creativeireland.gov.ie\/app\/uploads\/2021\/11\/4.png","contentUrl":"https:\/\/www.creativeireland.gov.ie\/app\/uploads\/2021\/11\/4.png","width":1080,"height":1080},{"@type":"BreadcrumbList","@id":"https:\/\/www.creativeireland.gov.ie\/ga\/blog\/creative-climate-action-fund-creative-climate-action-crumlin\/#breadcrumb","itemListElement":[{"@type":"ListItem","position":1,"name":"Home","item":"https:\/\/www.creativeireland.gov.ie\/ga\/"},{"@type":"ListItem","position":2,"name":"Gn\u00edomh\u00fa Cruthaitheach ar son na hAer\u00e1ide: Gn\u00edomh\u00fa Cruthaitheach ar son na hAer\u00e1ide Chromhghlinne"}]},{"@type":"WebSite","@id":"https:\/\/www.creativeireland.gov.ie\/ga\/#website","url":"https:\/\/www.creativeireland.gov.ie\/ga\/","name":"Creative Ireland Programme","description":"The Creative Ireland Programme is guided by a vision that every person in Ireland will have the opportunity to realise their full creative potential. It is a five year all-of-Government initiative, from 2017 to 2022, to place creativity at the centre of public policy.","potentialAction":[{"@type":"SearchAction","target":{"@type":"EntryPoint","urlTemplate":"https:\/\/www.creativeireland.gov.ie\/ga\/?s={search_term_string}"},"query-input":{"@type":"PropertyValueSpecification","valueRequired":true,"valueName":"search_term_string"}}],"inLanguage":"ga-IE"}]}},"_links":{"self":[{"href":"https:\/\/www.creativeireland.gov.ie\/ga\/wp-json\/wp\/v2\/creativenation\/17891","targetHints":{"allow":["GET"]}}],"collection":[{"href":"https:\/\/www.creativeireland.gov.ie\/ga\/wp-json\/wp\/v2\/creativenation"}],"about":[{"href":"https:\/\/www.creativeireland.gov.ie\/ga\/wp-json\/wp\/v2\/types\/creativenation"}],"wp:featuredmedia":[{"embeddable":true,"href":"https:\/\/www.creativeireland.gov.ie\/ga\/wp-json\/wp\/v2\/media\/17227"}],"wp:attachment":[{"href":"https:\/\/www.creativeireland.gov.ie\/ga\/wp-json\/wp\/v2\/media?parent=17891"}],"wp:term":[{"taxonomy":"category","embeddable":true,"href":"https:\/\/www.creativeireland.gov.ie\/ga\/wp-json\/wp\/v2\/categories?post=17891"},{"taxonomy":"creativenation-tags","embeddable":true,"href":"https:\/\/www.creativeireland.gov.ie\/ga\/wp-json\/wp\/v2\/creativenation-tags?post=17891"}],"curies":[{"name":"wp","href":"https:\/\/api.w.org\/{rel}","templated":true}]}}