{"id":18213,"date":"2021-12-06T10:52:20","date_gmt":"2021-12-06T10:52:20","guid":{"rendered":"https:\/\/www.creativeireland.gov.ie\/blog\/street-art-2021\/"},"modified":"2022-10-06T17:41:42","modified_gmt":"2022-10-06T16:41:42","slug":"street-art-2021","status":"publish","type":"creativenation","link":"https:\/\/www.creativeireland.gov.ie\/ga\/blog\/street-art-2021\/","title":{"rendered":"An Fhil\u00edocht Uirbeach: An Eala\u00edn Sr\u00e1ide a tharraing aird in \u00c9irinn sa bhliain 2021"},"content":{"rendered":"","protected":false},"featured_media":17593,"menu_order":0,"template":"page-creative-nation-advanced-content.php","categories":[],"creativenation-tags":[302],"class_list":["post-18213","creativenation","type-creativenation","status-publish","has-post-thumbnail","hentry","creativenation-tags-street-art-2-ga"],"acf":[],"yoast_head":"<!-- This site is optimized with the Yoast SEO plugin v25.9 - https:\/\/yoast.com\/wordpress\/plugins\/seo\/ -->\n<title>An Fhil\u00edocht Uirbeach: An Eala\u00edn Sr\u00e1ide a tharraing aird in \u00c9irinn sa bhliain 2021 - Creative Ireland Programme<\/title>\n<meta name=\"description\" content=\"Anois agus muid ag druidim le deireadh 2021, t\u00e1imid ag breathn\u00fa siar ar an iliomad tionscnamh eala\u00edne sr\u00e1ide eile ar thug \u00c9ire Ild\u00e1nach taca\u00edocht d\u00f3ibh le 12 mh\u00ed anuas.\" \/>\n<meta name=\"robots\" content=\"index, follow, max-snippet:-1, max-image-preview:large, max-video-preview:-1\" \/>\n<link rel=\"canonical\" href=\"https:\/\/www.creativeireland.gov.ie\/ga\/blog\/street-art-2021\/\" \/>\n<meta property=\"og:locale\" content=\"ga_IE\" \/>\n<meta property=\"og:type\" content=\"article\" \/>\n<meta property=\"og:title\" content=\"An Fhil\u00edocht Uirbeach: An Eala\u00edn Sr\u00e1ide a tharraing aird in \u00c9irinn sa bhliain 2021 - Creative Ireland Programme\" \/>\n<meta property=\"og:description\" content=\"Anois agus muid ag druidim le deireadh 2021, t\u00e1imid ag breathn\u00fa siar ar an iliomad tionscnamh eala\u00edne sr\u00e1ide eile ar thug \u00c9ire Ild\u00e1nach taca\u00edocht d\u00f3ibh le 12 mh\u00ed anuas.\" \/>\n<meta property=\"og:url\" content=\"https:\/\/www.creativeireland.gov.ie\/ga\/blog\/street-art-2021\/\" \/>\n<meta property=\"og:site_name\" content=\"Creative Ireland Programme\" \/>\n<meta property=\"article:publisher\" content=\"https:\/\/www.facebook.com\/CreativeIrl\/\" \/>\n<meta property=\"article:modified_time\" content=\"2022-10-06T16:41:42+00:00\" \/>\n<meta property=\"og:image\" content=\"https:\/\/www.creativeireland.gov.ie\/app\/uploads\/2021\/11\/Friz-credit-jedniezgoda.com_Ardu_07_PRESS-scaled.jpeg\" \/>\n\t<meta property=\"og:image:width\" content=\"1707\" \/>\n\t<meta property=\"og:image:height\" content=\"2560\" \/>\n\t<meta property=\"og:image:type\" content=\"image\/jpeg\" \/>\n<meta name=\"twitter:card\" content=\"summary_large_image\" \/>\n<meta name=\"twitter:site\" content=\"@creativeirl\" \/>\n<script type=\"application\/ld+json\" class=\"yoast-schema-graph\">{\"@context\":\"https:\/\/schema.org\",\"@graph\":[{\"@type\":\"WebPage\",\"@id\":\"https:\/\/www.creativeireland.gov.ie\/ga\/blog\/street-art-2021\/\",\"url\":\"https:\/\/www.creativeireland.gov.ie\/ga\/blog\/street-art-2021\/\",\"name\":\"An Fhil\u00edocht Uirbeach: An Eala\u00edn Sr\u00e1ide a tharraing aird in \u00c9irinn sa bhliain 2021 - Creative Ireland Programme\",\"isPartOf\":{\"@id\":\"https:\/\/www.creativeireland.gov.ie\/ga\/#website\"},\"primaryImageOfPage\":{\"@id\":\"https:\/\/www.creativeireland.gov.ie\/ga\/blog\/street-art-2021\/#primaryimage\"},\"image\":{\"@id\":\"https:\/\/www.creativeireland.gov.ie\/ga\/blog\/street-art-2021\/#primaryimage\"},\"thumbnailUrl\":\"https:\/\/www.creativeireland.gov.ie\/app\/uploads\/2021\/11\/Friz-credit-jedniezgoda.com_Ardu_07_PRESS-scaled.jpeg\",\"datePublished\":\"2021-12-06T10:52:20+00:00\",\"dateModified\":\"2022-10-06T16:41:42+00:00\",\"description\":\"Anois agus muid ag druidim le deireadh 2021, t\u00e1imid ag breathn\u00fa siar ar an iliomad tionscnamh eala\u00edne sr\u00e1ide eile ar thug \u00c9ire Ild\u00e1nach taca\u00edocht d\u00f3ibh le 12 mh\u00ed anuas.\",\"breadcrumb\":{\"@id\":\"https:\/\/www.creativeireland.gov.ie\/ga\/blog\/street-art-2021\/#breadcrumb\"},\"inLanguage\":\"ga-IE\",\"potentialAction\":[{\"@type\":\"ReadAction\",\"target\":[\"https:\/\/www.creativeireland.gov.ie\/ga\/blog\/street-art-2021\/\"]}]},{\"@type\":\"ImageObject\",\"inLanguage\":\"ga-IE\",\"@id\":\"https:\/\/www.creativeireland.gov.ie\/ga\/blog\/street-art-2021\/#primaryimage\",\"url\":\"https:\/\/www.creativeireland.gov.ie\/app\/uploads\/2021\/11\/Friz-credit-jedniezgoda.com_Ardu_07_PRESS-scaled.jpeg\",\"contentUrl\":\"https:\/\/www.creativeireland.gov.ie\/app\/uploads\/2021\/11\/Friz-credit-jedniezgoda.com_Ardu_07_PRESS-scaled.jpeg\",\"width\":1707,\"height\":2560,\"caption\":\"Sligo born artist Friz pictured at her mural at St. Finbarr\u2019s Road, Cork, as part of Ard\u00fa Street Project 2021. Friz\u2019s mural is a depiction of the Goddess Cl\u00edodhna, her style was inspired by the Honan Chapel\u2019s mosaics and Harry Clarke stained glass. Ard\u00fa also welcomes three more large scale murals by Shane O\u2019Malley, Conor Harrington, and Asbestos. Twitter\/Instagram @ArduStreetArt \/ Photograph by Jed Niezgoda\"},{\"@type\":\"BreadcrumbList\",\"@id\":\"https:\/\/www.creativeireland.gov.ie\/ga\/blog\/street-art-2021\/#breadcrumb\",\"itemListElement\":[{\"@type\":\"ListItem\",\"position\":1,\"name\":\"Home\",\"item\":\"https:\/\/www.creativeireland.gov.ie\/ga\/\"},{\"@type\":\"ListItem\",\"position\":2,\"name\":\"An Fhil\u00edocht Uirbeach: An Eala\u00edn Sr\u00e1ide a tharraing aird in \u00c9irinn sa bhliain 2021\"}]},{\"@type\":\"WebSite\",\"@id\":\"https:\/\/www.creativeireland.gov.ie\/ga\/#website\",\"url\":\"https:\/\/www.creativeireland.gov.ie\/ga\/\",\"name\":\"Creative Ireland Programme\",\"description\":\"The Creative Ireland Programme is guided by a vision that every person in Ireland will have the opportunity to realise their full creative potential. It is a five year all-of-Government initiative, from 2017 to 2022, to place creativity at the centre of public policy.\",\"potentialAction\":[{\"@type\":\"SearchAction\",\"target\":{\"@type\":\"EntryPoint\",\"urlTemplate\":\"https:\/\/www.creativeireland.gov.ie\/ga\/?s={search_term_string}\"},\"query-input\":{\"@type\":\"PropertyValueSpecification\",\"valueRequired\":true,\"valueName\":\"search_term_string\"}}],\"inLanguage\":\"ga-IE\"}]}<\/script>\n<!-- \/ Yoast SEO plugin. -->","yoast_head_json":{"title":"An Fhil\u00edocht Uirbeach: An Eala\u00edn Sr\u00e1ide a tharraing aird in \u00c9irinn sa bhliain 2021 - Creative Ireland Programme","description":"Anois agus muid ag druidim le deireadh 2021, t\u00e1imid ag breathn\u00fa siar ar an iliomad tionscnamh eala\u00edne sr\u00e1ide eile ar thug \u00c9ire Ild\u00e1nach taca\u00edocht d\u00f3ibh le 12 mh\u00ed anuas.","robots":{"index":"index","follow":"follow","max-snippet":"max-snippet:-1","max-image-preview":"max-image-preview:large","max-video-preview":"max-video-preview:-1"},"canonical":"https:\/\/www.creativeireland.gov.ie\/ga\/blog\/street-art-2021\/","og_locale":"ga_IE","og_type":"article","og_title":"An Fhil\u00edocht Uirbeach: An Eala\u00edn Sr\u00e1ide a tharraing aird in \u00c9irinn sa bhliain 2021 - Creative Ireland Programme","og_description":"Anois agus muid ag druidim le deireadh 2021, t\u00e1imid ag breathn\u00fa siar ar an iliomad tionscnamh eala\u00edne sr\u00e1ide eile ar thug \u00c9ire Ild\u00e1nach taca\u00edocht d\u00f3ibh le 12 mh\u00ed anuas.","og_url":"https:\/\/www.creativeireland.gov.ie\/ga\/blog\/street-art-2021\/","og_site_name":"Creative Ireland Programme","article_publisher":"https:\/\/www.facebook.com\/CreativeIrl\/","article_modified_time":"2022-10-06T16:41:42+00:00","og_image":[{"width":1707,"height":2560,"url":"https:\/\/www.creativeireland.gov.ie\/app\/uploads\/2021\/11\/Friz-credit-jedniezgoda.com_Ardu_07_PRESS-scaled.jpeg","type":"image\/jpeg"}],"twitter_card":"summary_large_image","twitter_site":"@creativeirl","schema":{"@context":"https:\/\/schema.org","@graph":[{"@type":"WebPage","@id":"https:\/\/www.creativeireland.gov.ie\/ga\/blog\/street-art-2021\/","url":"https:\/\/www.creativeireland.gov.ie\/ga\/blog\/street-art-2021\/","name":"An Fhil\u00edocht Uirbeach: An Eala\u00edn Sr\u00e1ide a tharraing aird in \u00c9irinn sa bhliain 2021 - Creative Ireland Programme","isPartOf":{"@id":"https:\/\/www.creativeireland.gov.ie\/ga\/#website"},"primaryImageOfPage":{"@id":"https:\/\/www.creativeireland.gov.ie\/ga\/blog\/street-art-2021\/#primaryimage"},"image":{"@id":"https:\/\/www.creativeireland.gov.ie\/ga\/blog\/street-art-2021\/#primaryimage"},"thumbnailUrl":"https:\/\/www.creativeireland.gov.ie\/app\/uploads\/2021\/11\/Friz-credit-jedniezgoda.com_Ardu_07_PRESS-scaled.jpeg","datePublished":"2021-12-06T10:52:20+00:00","dateModified":"2022-10-06T16:41:42+00:00","description":"Anois agus muid ag druidim le deireadh 2021, t\u00e1imid ag breathn\u00fa siar ar an iliomad tionscnamh eala\u00edne sr\u00e1ide eile ar thug \u00c9ire Ild\u00e1nach taca\u00edocht d\u00f3ibh le 12 mh\u00ed anuas.","breadcrumb":{"@id":"https:\/\/www.creativeireland.gov.ie\/ga\/blog\/street-art-2021\/#breadcrumb"},"inLanguage":"ga-IE","potentialAction":[{"@type":"ReadAction","target":["https:\/\/www.creativeireland.gov.ie\/ga\/blog\/street-art-2021\/"]}]},{"@type":"ImageObject","inLanguage":"ga-IE","@id":"https:\/\/www.creativeireland.gov.ie\/ga\/blog\/street-art-2021\/#primaryimage","url":"https:\/\/www.creativeireland.gov.ie\/app\/uploads\/2021\/11\/Friz-credit-jedniezgoda.com_Ardu_07_PRESS-scaled.jpeg","contentUrl":"https:\/\/www.creativeireland.gov.ie\/app\/uploads\/2021\/11\/Friz-credit-jedniezgoda.com_Ardu_07_PRESS-scaled.jpeg","width":1707,"height":2560,"caption":"Sligo born artist Friz pictured at her mural at St. Finbarr\u2019s Road, Cork, as part of Ard\u00fa Street Project 2021. Friz\u2019s mural is a depiction of the Goddess Cl\u00edodhna, her style was inspired by the Honan Chapel\u2019s mosaics and Harry Clarke stained glass. Ard\u00fa also welcomes three more large scale murals by Shane O\u2019Malley, Conor Harrington, and Asbestos. Twitter\/Instagram @ArduStreetArt \/ Photograph by Jed Niezgoda"},{"@type":"BreadcrumbList","@id":"https:\/\/www.creativeireland.gov.ie\/ga\/blog\/street-art-2021\/#breadcrumb","itemListElement":[{"@type":"ListItem","position":1,"name":"Home","item":"https:\/\/www.creativeireland.gov.ie\/ga\/"},{"@type":"ListItem","position":2,"name":"An Fhil\u00edocht Uirbeach: An Eala\u00edn Sr\u00e1ide a tharraing aird in \u00c9irinn sa bhliain 2021"}]},{"@type":"WebSite","@id":"https:\/\/www.creativeireland.gov.ie\/ga\/#website","url":"https:\/\/www.creativeireland.gov.ie\/ga\/","name":"Creative Ireland Programme","description":"The Creative Ireland Programme is guided by a vision that every person in Ireland will have the opportunity to realise their full creative potential. It is a five year all-of-Government initiative, from 2017 to 2022, to place creativity at the centre of public policy.","potentialAction":[{"@type":"SearchAction","target":{"@type":"EntryPoint","urlTemplate":"https:\/\/www.creativeireland.gov.ie\/ga\/?s={search_term_string}"},"query-input":{"@type":"PropertyValueSpecification","valueRequired":true,"valueName":"search_term_string"}}],"inLanguage":"ga-IE"}]}},"_links":{"self":[{"href":"https:\/\/www.creativeireland.gov.ie\/ga\/wp-json\/wp\/v2\/creativenation\/18213","targetHints":{"allow":["GET"]}}],"collection":[{"href":"https:\/\/www.creativeireland.gov.ie\/ga\/wp-json\/wp\/v2\/creativenation"}],"about":[{"href":"https:\/\/www.creativeireland.gov.ie\/ga\/wp-json\/wp\/v2\/types\/creativenation"}],"wp:featuredmedia":[{"embeddable":true,"href":"https:\/\/www.creativeireland.gov.ie\/ga\/wp-json\/wp\/v2\/media\/17593"}],"wp:attachment":[{"href":"https:\/\/www.creativeireland.gov.ie\/ga\/wp-json\/wp\/v2\/media?parent=18213"}],"wp:term":[{"taxonomy":"category","embeddable":true,"href":"https:\/\/www.creativeireland.gov.ie\/ga\/wp-json\/wp\/v2\/categories?post=18213"},{"taxonomy":"creativenation-tags","embeddable":true,"href":"https:\/\/www.creativeireland.gov.ie\/ga\/wp-json\/wp\/v2\/creativenation-tags?post=18213"}],"curies":[{"name":"wp","href":"https:\/\/api.w.org\/{rel}","templated":true}]}}