{"id":18219,"date":"2021-11-15T11:04:40","date_gmt":"2021-11-15T11:04:40","guid":{"rendered":"https:\/\/www.creativeireland.gov.ie\/blog\/creative-climate-action-act-waterford\/"},"modified":"2022-09-23T12:34:47","modified_gmt":"2022-09-23T11:34:47","slug":"creative-climate-action-act-waterford","status":"publish","type":"creativenation","link":"https:\/\/www.creativeireland.gov.ie\/ga\/blog\/creative-climate-action-act-waterford\/","title":{"rendered":"Gn\u00edomh\u00fa go cruthaitheach ar son na hAer\u00e1ide: ACT Phort L\u00e1irge"},"content":{"rendered":"","protected":false},"featured_media":17529,"menu_order":0,"template":"page-creative-nation-advanced-content.php","categories":[339],"creativenation-tags":[240],"class_list":["post-18219","creativenation","type-creativenation","status-publish","has-post-thumbnail","hentry","category-creativity-and-climate-change-ga","creativenation-tags-creative-climate-action-fund-ga"],"acf":[],"yoast_head":"<!-- This site is optimized with the Yoast SEO plugin v25.9 - https:\/\/yoast.com\/wordpress\/plugins\/seo\/ -->\n<title>Gn\u00edomh\u00fa go cruthaitheach ar son na hAer\u00e1ide: ACT Phort L\u00e1irge - Creative Ireland Programme<\/title>\n<meta name=\"description\" content=\"Is iad iompar, fuinneamh t\u00ed, sp\u00e1sanna glasa agus an tomhaltas na t\u00e9ama\u00ed l\u00e1rnacha at\u00e1 ag ACT Phort L\u00e1irge.\" \/>\n<meta name=\"robots\" content=\"index, follow, max-snippet:-1, max-image-preview:large, max-video-preview:-1\" \/>\n<link rel=\"canonical\" href=\"https:\/\/www.creativeireland.gov.ie\/ga\/blog\/creative-climate-action-act-waterford\/\" \/>\n<meta property=\"og:locale\" content=\"ga_IE\" \/>\n<meta property=\"og:type\" content=\"article\" \/>\n<meta property=\"og:title\" content=\"Gn\u00edomh\u00fa go cruthaitheach ar son na hAer\u00e1ide: ACT Phort L\u00e1irge - Creative Ireland Programme\" \/>\n<meta property=\"og:description\" content=\"Is iad iompar, fuinneamh t\u00ed, sp\u00e1sanna glasa agus an tomhaltas na t\u00e9ama\u00ed l\u00e1rnacha at\u00e1 ag ACT Phort L\u00e1irge.\" \/>\n<meta property=\"og:url\" content=\"https:\/\/www.creativeireland.gov.ie\/ga\/blog\/creative-climate-action-act-waterford\/\" \/>\n<meta property=\"og:site_name\" content=\"Creative Ireland Programme\" \/>\n<meta property=\"article:publisher\" content=\"https:\/\/www.facebook.com\/CreativeIrl\/\" \/>\n<meta property=\"article:modified_time\" content=\"2022-09-23T11:34:47+00:00\" \/>\n<meta property=\"og:image\" content=\"https:\/\/www.creativeireland.gov.ie\/app\/uploads\/2021\/11\/ACT-Waterford-Image-by-Patrick-Browne.jpg\" \/>\n\t<meta property=\"og:image:width\" content=\"2560\" \/>\n\t<meta property=\"og:image:height\" content=\"1602\" \/>\n\t<meta property=\"og:image:type\" content=\"image\/jpeg\" \/>\n<meta name=\"twitter:card\" content=\"summary_large_image\" \/>\n<meta name=\"twitter:site\" content=\"@creativeirl\" \/>\n<script type=\"application\/ld+json\" class=\"yoast-schema-graph\">{\"@context\":\"https:\/\/schema.org\",\"@graph\":[{\"@type\":\"WebPage\",\"@id\":\"https:\/\/www.creativeireland.gov.ie\/ga\/blog\/creative-climate-action-act-waterford\/\",\"url\":\"https:\/\/www.creativeireland.gov.ie\/ga\/blog\/creative-climate-action-act-waterford\/\",\"name\":\"Gn\u00edomh\u00fa go cruthaitheach ar son na hAer\u00e1ide: ACT Phort L\u00e1irge - Creative Ireland Programme\",\"isPartOf\":{\"@id\":\"https:\/\/www.creativeireland.gov.ie\/ga\/#website\"},\"primaryImageOfPage\":{\"@id\":\"https:\/\/www.creativeireland.gov.ie\/ga\/blog\/creative-climate-action-act-waterford\/#primaryimage\"},\"image\":{\"@id\":\"https:\/\/www.creativeireland.gov.ie\/ga\/blog\/creative-climate-action-act-waterford\/#primaryimage\"},\"thumbnailUrl\":\"https:\/\/www.creativeireland.gov.ie\/app\/uploads\/2021\/11\/ACT-Waterford-Image-by-Patrick-Browne.jpg\",\"datePublished\":\"2021-11-15T11:04:40+00:00\",\"dateModified\":\"2022-09-23T11:34:47+00:00\",\"description\":\"Is iad iompar, fuinneamh t\u00ed, sp\u00e1sanna glasa agus an tomhaltas na t\u00e9ama\u00ed l\u00e1rnacha at\u00e1 ag ACT Phort L\u00e1irge.\",\"breadcrumb\":{\"@id\":\"https:\/\/www.creativeireland.gov.ie\/ga\/blog\/creative-climate-action-act-waterford\/#breadcrumb\"},\"inLanguage\":\"ga-IE\",\"potentialAction\":[{\"@type\":\"ReadAction\",\"target\":[\"https:\/\/www.creativeireland.gov.ie\/ga\/blog\/creative-climate-action-act-waterford\/\"]}]},{\"@type\":\"ImageObject\",\"inLanguage\":\"ga-IE\",\"@id\":\"https:\/\/www.creativeireland.gov.ie\/ga\/blog\/creative-climate-action-act-waterford\/#primaryimage\",\"url\":\"https:\/\/www.creativeireland.gov.ie\/app\/uploads\/2021\/11\/ACT-Waterford-Image-by-Patrick-Browne.jpg\",\"contentUrl\":\"https:\/\/www.creativeireland.gov.ie\/app\/uploads\/2021\/11\/ACT-Waterford-Image-by-Patrick-Browne.jpg\",\"width\":2560,\"height\":1602,\"caption\":\"Pictured with artist Aga Krym are Lismore Tidy Towns and Waterford Sl\u00ed are Mary O\u2019Brien, Rose O\u2019Dowd, David Keane, Sarah Keane, Nora O'Connor, Br\u00cdd Nowlan and Shelia Roche at Lismore. Picture: Patrick Browne\"},{\"@type\":\"BreadcrumbList\",\"@id\":\"https:\/\/www.creativeireland.gov.ie\/ga\/blog\/creative-climate-action-act-waterford\/#breadcrumb\",\"itemListElement\":[{\"@type\":\"ListItem\",\"position\":1,\"name\":\"Home\",\"item\":\"https:\/\/www.creativeireland.gov.ie\/ga\/\"},{\"@type\":\"ListItem\",\"position\":2,\"name\":\"Gn\u00edomh\u00fa go cruthaitheach ar son na hAer\u00e1ide: ACT Phort L\u00e1irge\"}]},{\"@type\":\"WebSite\",\"@id\":\"https:\/\/www.creativeireland.gov.ie\/ga\/#website\",\"url\":\"https:\/\/www.creativeireland.gov.ie\/ga\/\",\"name\":\"Creative Ireland Programme\",\"description\":\"The Creative Ireland Programme is guided by a vision that every person in Ireland will have the opportunity to realise their full creative potential. It is a five year all-of-Government initiative, from 2017 to 2022, to place creativity at the centre of public policy.\",\"potentialAction\":[{\"@type\":\"SearchAction\",\"target\":{\"@type\":\"EntryPoint\",\"urlTemplate\":\"https:\/\/www.creativeireland.gov.ie\/ga\/?s={search_term_string}\"},\"query-input\":{\"@type\":\"PropertyValueSpecification\",\"valueRequired\":true,\"valueName\":\"search_term_string\"}}],\"inLanguage\":\"ga-IE\"}]}<\/script>\n<!-- \/ Yoast SEO plugin. -->","yoast_head_json":{"title":"Gn\u00edomh\u00fa go cruthaitheach ar son na hAer\u00e1ide: ACT Phort L\u00e1irge - Creative Ireland Programme","description":"Is iad iompar, fuinneamh t\u00ed, sp\u00e1sanna glasa agus an tomhaltas na t\u00e9ama\u00ed l\u00e1rnacha at\u00e1 ag ACT Phort L\u00e1irge.","robots":{"index":"index","follow":"follow","max-snippet":"max-snippet:-1","max-image-preview":"max-image-preview:large","max-video-preview":"max-video-preview:-1"},"canonical":"https:\/\/www.creativeireland.gov.ie\/ga\/blog\/creative-climate-action-act-waterford\/","og_locale":"ga_IE","og_type":"article","og_title":"Gn\u00edomh\u00fa go cruthaitheach ar son na hAer\u00e1ide: ACT Phort L\u00e1irge - Creative Ireland Programme","og_description":"Is iad iompar, fuinneamh t\u00ed, sp\u00e1sanna glasa agus an tomhaltas na t\u00e9ama\u00ed l\u00e1rnacha at\u00e1 ag ACT Phort L\u00e1irge.","og_url":"https:\/\/www.creativeireland.gov.ie\/ga\/blog\/creative-climate-action-act-waterford\/","og_site_name":"Creative Ireland Programme","article_publisher":"https:\/\/www.facebook.com\/CreativeIrl\/","article_modified_time":"2022-09-23T11:34:47+00:00","og_image":[{"width":2560,"height":1602,"url":"https:\/\/www.creativeireland.gov.ie\/app\/uploads\/2021\/11\/ACT-Waterford-Image-by-Patrick-Browne.jpg","type":"image\/jpeg"}],"twitter_card":"summary_large_image","twitter_site":"@creativeirl","schema":{"@context":"https:\/\/schema.org","@graph":[{"@type":"WebPage","@id":"https:\/\/www.creativeireland.gov.ie\/ga\/blog\/creative-climate-action-act-waterford\/","url":"https:\/\/www.creativeireland.gov.ie\/ga\/blog\/creative-climate-action-act-waterford\/","name":"Gn\u00edomh\u00fa go cruthaitheach ar son na hAer\u00e1ide: ACT Phort L\u00e1irge - Creative Ireland Programme","isPartOf":{"@id":"https:\/\/www.creativeireland.gov.ie\/ga\/#website"},"primaryImageOfPage":{"@id":"https:\/\/www.creativeireland.gov.ie\/ga\/blog\/creative-climate-action-act-waterford\/#primaryimage"},"image":{"@id":"https:\/\/www.creativeireland.gov.ie\/ga\/blog\/creative-climate-action-act-waterford\/#primaryimage"},"thumbnailUrl":"https:\/\/www.creativeireland.gov.ie\/app\/uploads\/2021\/11\/ACT-Waterford-Image-by-Patrick-Browne.jpg","datePublished":"2021-11-15T11:04:40+00:00","dateModified":"2022-09-23T11:34:47+00:00","description":"Is iad iompar, fuinneamh t\u00ed, sp\u00e1sanna glasa agus an tomhaltas na t\u00e9ama\u00ed l\u00e1rnacha at\u00e1 ag ACT Phort L\u00e1irge.","breadcrumb":{"@id":"https:\/\/www.creativeireland.gov.ie\/ga\/blog\/creative-climate-action-act-waterford\/#breadcrumb"},"inLanguage":"ga-IE","potentialAction":[{"@type":"ReadAction","target":["https:\/\/www.creativeireland.gov.ie\/ga\/blog\/creative-climate-action-act-waterford\/"]}]},{"@type":"ImageObject","inLanguage":"ga-IE","@id":"https:\/\/www.creativeireland.gov.ie\/ga\/blog\/creative-climate-action-act-waterford\/#primaryimage","url":"https:\/\/www.creativeireland.gov.ie\/app\/uploads\/2021\/11\/ACT-Waterford-Image-by-Patrick-Browne.jpg","contentUrl":"https:\/\/www.creativeireland.gov.ie\/app\/uploads\/2021\/11\/ACT-Waterford-Image-by-Patrick-Browne.jpg","width":2560,"height":1602,"caption":"Pictured with artist Aga Krym are Lismore Tidy Towns and Waterford Sl\u00ed are Mary O\u2019Brien, Rose O\u2019Dowd, David Keane, Sarah Keane, Nora O'Connor, Br\u00cdd Nowlan and Shelia Roche at Lismore. Picture: Patrick Browne"},{"@type":"BreadcrumbList","@id":"https:\/\/www.creativeireland.gov.ie\/ga\/blog\/creative-climate-action-act-waterford\/#breadcrumb","itemListElement":[{"@type":"ListItem","position":1,"name":"Home","item":"https:\/\/www.creativeireland.gov.ie\/ga\/"},{"@type":"ListItem","position":2,"name":"Gn\u00edomh\u00fa go cruthaitheach ar son na hAer\u00e1ide: ACT Phort L\u00e1irge"}]},{"@type":"WebSite","@id":"https:\/\/www.creativeireland.gov.ie\/ga\/#website","url":"https:\/\/www.creativeireland.gov.ie\/ga\/","name":"Creative Ireland Programme","description":"The Creative Ireland Programme is guided by a vision that every person in Ireland will have the opportunity to realise their full creative potential. It is a five year all-of-Government initiative, from 2017 to 2022, to place creativity at the centre of public policy.","potentialAction":[{"@type":"SearchAction","target":{"@type":"EntryPoint","urlTemplate":"https:\/\/www.creativeireland.gov.ie\/ga\/?s={search_term_string}"},"query-input":{"@type":"PropertyValueSpecification","valueRequired":true,"valueName":"search_term_string"}}],"inLanguage":"ga-IE"}]}},"_links":{"self":[{"href":"https:\/\/www.creativeireland.gov.ie\/ga\/wp-json\/wp\/v2\/creativenation\/18219","targetHints":{"allow":["GET"]}}],"collection":[{"href":"https:\/\/www.creativeireland.gov.ie\/ga\/wp-json\/wp\/v2\/creativenation"}],"about":[{"href":"https:\/\/www.creativeireland.gov.ie\/ga\/wp-json\/wp\/v2\/types\/creativenation"}],"wp:featuredmedia":[{"embeddable":true,"href":"https:\/\/www.creativeireland.gov.ie\/ga\/wp-json\/wp\/v2\/media\/17529"}],"wp:attachment":[{"href":"https:\/\/www.creativeireland.gov.ie\/ga\/wp-json\/wp\/v2\/media?parent=18219"}],"wp:term":[{"taxonomy":"category","embeddable":true,"href":"https:\/\/www.creativeireland.gov.ie\/ga\/wp-json\/wp\/v2\/categories?post=18219"},{"taxonomy":"creativenation-tags","embeddable":true,"href":"https:\/\/www.creativeireland.gov.ie\/ga\/wp-json\/wp\/v2\/creativenation-tags?post=18219"}],"curies":[{"name":"wp","href":"https:\/\/api.w.org\/{rel}","templated":true}]}}