{"id":5421,"date":"2020-01-07T13:25:01","date_gmt":"2020-01-07T13:25:01","guid":{"rendered":"https:\/\/prod-creativeireland.zestydev.com\/comhphairtithe\/100-archive-plotting-contemporary-irish-communication-design\/"},"modified":"2020-01-07T13:27:23","modified_gmt":"2020-01-07T13:27:23","slug":"100-archive-plotting-contemporary-irish-communication-design","status":"publish","type":"page","link":"https:\/\/www.creativeireland.gov.ie\/ga\/comhphairtithe\/100-archive-plotting-contemporary-irish-communication-design\/","title":{"rendered":"100 Cartlann den saothar dearth\u00f3ireachta cumars\u00e1ide in \u00c9irinn an lae inniu"},"content":{"rendered":"\n<p><em>Tarla\u00edonn g\u00e9ar\u00fa b\u00edse gach bliain ag fanacht go bhfeictear an saothar a chuirtear faoi bhr\u00e1id, agus is bre\u00e1 na f\u00e9ir\u00edn\u00ed a bh\u00edonn agam bliain i ndiaidh bliana.\u00a0 Is \u00e1bhar d\u00f3chais borradh agus for\u00e1s a fheice\u00e1il faoin tionscal.\u00a0 T\u00e1 \u00e9ags\u00falacht n\u00edos m\u00f3 ag baint leis an gcur chuige agus le h\u00e1bhar na hoibre.\u00a0 T\u00e1 an obair dearth\u00f3ireachta n\u00edos fite anois in inneach na t\u00edre, n\u00ed amh\u00e1in ag lucht gn\u00f3, ach ag an lucht feachtasa\u00edochta at\u00e1 ag \u00e9ileamh athr\u00fa s\u00f3isialta agus polait\u00edochta chomh maith.<\/em><\/p>\n\n\n\n<p>\u2014John Gavin, Ball de Phain\u00e9al Chartlann 100 <\/p>\n\n\n\n<p>Is ard\u00e1n at\u00e1 sa chartlann 100, a chuir cumann na ndearth\u00f3ir\u00ed\ncumars\u00e1ide ar bun sa bhliain 2012, chun saothar dearth\u00f3ireachta a chur ar\ntaispe\u00e1int ann.&nbsp; Is \u00ed&nbsp;an phr\u00edomhbhearta\u00edocht\na dh\u00e9anann siad 100 saothar suntasach a fhoilsi\u00fa ar an idirl\u00edon gach bliain ar\niad a roghn\u00fa tar \u00e9is gairm scoile oscailte.&nbsp;\nRoghna\u00edtear an cnuasach cartlainne gach bliain \u00f3 r\u00e9ims\u00ed n\u00edos iomad\u00fala de\nr\u00e9ir a ch\u00e9ile den dearth\u00f3ireacht cumars\u00e1ide (dearth\u00f3ireacht grafaice,\neagarth\u00f3ireachta, cl\u00f3churad\u00f3ireachta, brand\u00e1la, digiteach, reatha) do\nchine\u00e1lacha \u00e9ags\u00fala \u00fas\u00e1ide: p\u00f3staeir d&#8217;o\u00edche i gclub n\u00f3 athbhrand\u00e1il ar chomhlacht\nidirn\u00e1isi\u00fanta, cl\u00f3 gn\u00f3 do ghn\u00f3lachta\u00ed beaga n\u00f3 feachtais do ghluaiseachta\u00ed m\u00f3ra\ns\u00f3isialta. <\/p>\n\n\n\n<p>Le c\u00fanamh \u00f3 \u00c9ire Ild\u00e1nach, rinneadh rans\u00fa ar chartlann 100\nina bhfuil n\u00edos m\u00f3 n\u00e1 2300 saothar dearth\u00f3ireachta tiomsaithe faoin tr\u00e1th seo\nagus c\u00edoradh ar na sonra\u00ed a ghabhann le gach saothar d&#8217;fhonn an chaoi a dt\u00e9ann\nan dearth\u00f3ireacht i bhfeidhm ar shaol an duine, ar ch\u00farsa\u00ed tr\u00e1cht\u00e1la, ar\nchult\u00far agus ar phobal na h\u00c9ireann a l\u00e9iri\u00fa.&nbsp;\nIs \u00e9 <em>Map Irish Design,<\/em>&nbsp;a bheidh \u00e1 sheoladh i dt\u00fas na bliana\n2020, toradh na hoibre sin.&nbsp; Tugtar le\nch\u00e9ile anail\u00eds sonra\u00ed, agallaimh, \u00e1bhar eagarth\u00f3ireachta, staid\u00e9ar c\u00e1sanna,\nsoil\u00e9iri\u00fa sonra\u00ed agus f\u00edse\u00e1in chun pearsana, ionaid, \u00e1bhair, tr\u00e1thanna agus\nc\u00faiseanna a bhaineann leis an dearth\u00f3ireacht in \u00c9irinn le deich mbliana anuas a\nchur i l\u00e1thair.&nbsp; Is l\u00e9ir \u00f3n togra seo\nnach \u00e9 amh\u00e1in go dtugann an t-\u00e1bhar dearth\u00f3ireachta l\u00e9iri\u00fa ar chult\u00far na t\u00edre\nach gur cuid th\u00e1bhachtach den chult\u00far sin at\u00e1 ann, go gcuid\u00edonn s\u00e9 le leathn\u00fa\naigne, go m\u00fanla\u00edonn s\u00e9 an tuiscint ar an ngn\u00e1thshaol agus go dt\u00e9ann s\u00e9 i\nbhfeidhm ar athr\u00fa meoin chomh maith lena l\u00e9iri\u00fa.<\/p>\n\n\n\n<p><a href=\"http:\/\/100archive.com\">100archive.com<\/a><\/p>\n","protected":false},"excerpt":{"rendered":"<p>Tarla\u00edonn g\u00e9ar\u00fa b\u00edse gach bliain ag fanacht go bhfeictear an saothar a chuirtear faoi bhr\u00e1id, agus is bre\u00e1 na f\u00e9ir\u00edn\u00ed a bh\u00edonn agam bliain i ndiaidh bliana.\u00a0 Is \u00e1bhar d\u00f3chais borradh agus for\u00e1s a fheice\u00e1il faoin tionscal.\u00a0 T\u00e1 \u00e9ags\u00falacht n\u00edos m\u00f3 ag baint leis an gcur chuige agus le h\u00e1bhar na hoibre.\u00a0 T\u00e1 an obair [&hellip;]<\/p>\n","protected":false},"author":1,"featured_media":5412,"parent":3357,"menu_order":0,"comment_status":"closed","ping_status":"closed","template":"page-basic-content.php","meta":{"footnotes":""},"class_list":["post-5421","page","type-page","status-publish","has-post-thumbnail","hentry"],"acf":[],"yoast_head":"<!-- This site is optimized with the Yoast SEO plugin v25.9 - https:\/\/yoast.com\/wordpress\/plugins\/seo\/ -->\n<title>100 Cartlann den saothar dearth\u00f3ireachta cumars\u00e1ide in \u00c9irinn an lae inniu - Creative Ireland Programme<\/title>\n<meta name=\"description\" content=\"Tarla\u00edonn g\u00e9ar\u00fa b\u00edse gach bliain ag fanacht go bhfeictear an saothar a chuirtear faoi bhr\u00e1id, agus is bre\u00e1 na f\u00e9ir\u00edn\u00ed a bh\u00edonn agam bliain i ndiaidh bliana.\" \/>\n<meta name=\"robots\" content=\"index, follow, max-snippet:-1, max-image-preview:large, max-video-preview:-1\" \/>\n<link rel=\"canonical\" href=\"https:\/\/www.creativeireland.gov.ie\/ga\/comhphairtithe\/100-archive-plotting-contemporary-irish-communication-design\/\" \/>\n<meta property=\"og:locale\" content=\"ga_IE\" \/>\n<meta property=\"og:type\" content=\"article\" \/>\n<meta property=\"og:title\" content=\"100 Cartlann den saothar dearth\u00f3ireachta cumars\u00e1ide in \u00c9irinn an lae inniu - Creative Ireland Programme\" \/>\n<meta property=\"og:description\" content=\"Tarla\u00edonn g\u00e9ar\u00fa b\u00edse gach bliain ag fanacht go bhfeictear an saothar a chuirtear faoi bhr\u00e1id, agus is bre\u00e1 na f\u00e9ir\u00edn\u00ed a bh\u00edonn agam bliain i ndiaidh bliana.\u00a0 Is \u00e1bhar d\u00f3chais borradh agus for\u00e1s a fheice\u00e1il faoin tionscal.\u00a0 T\u00e1 \u00e9ags\u00falacht n\u00edos m\u00f3 ag baint leis an gcur chuige agus le h\u00e1bhar na hoibre.\u00a0 T\u00e1 an obair [&hellip;]\" \/>\n<meta property=\"og:url\" content=\"https:\/\/www.creativeireland.gov.ie\/ga\/comhphairtithe\/100-archive-plotting-contemporary-irish-communication-design\/\" \/>\n<meta property=\"og:site_name\" content=\"Creative Ireland Programme\" \/>\n<meta property=\"article:publisher\" content=\"https:\/\/www.facebook.com\/CreativeIrl\/\" \/>\n<meta property=\"article:modified_time\" content=\"2020-01-07T13:27:23+00:00\" \/>\n<meta property=\"og:image\" content=\"https:\/\/www.creativeireland.gov.ie\/app\/uploads\/2020\/01\/It-Stops-Now-campaign-Designed-by-Victoria-Brunetta-Conor-Buckley-at-Piquant-Media-1024x768.jpg\" \/>\n\t<meta property=\"og:image:width\" content=\"1024\" \/>\n\t<meta property=\"og:image:height\" content=\"768\" \/>\n\t<meta property=\"og:image:type\" content=\"image\/jpeg\" \/>\n<meta name=\"twitter:card\" content=\"summary_large_image\" \/>\n<meta name=\"twitter:site\" content=\"@creativeirl\" \/>\n<meta name=\"twitter:label1\" content=\"Est. reading time\" \/>\n\t<meta name=\"twitter:data1\" content=\"2 minutes\" \/>\n<script type=\"application\/ld+json\" class=\"yoast-schema-graph\">{\"@context\":\"https:\/\/schema.org\",\"@graph\":[{\"@type\":\"WebPage\",\"@id\":\"https:\/\/www.creativeireland.gov.ie\/ga\/comhphairtithe\/100-archive-plotting-contemporary-irish-communication-design\/\",\"url\":\"https:\/\/www.creativeireland.gov.ie\/ga\/comhphairtithe\/100-archive-plotting-contemporary-irish-communication-design\/\",\"name\":\"100 Cartlann den saothar dearth\u00f3ireachta cumars\u00e1ide in \u00c9irinn an lae inniu - Creative Ireland Programme\",\"isPartOf\":{\"@id\":\"https:\/\/www.creativeireland.gov.ie\/ga\/#website\"},\"primaryImageOfPage\":{\"@id\":\"https:\/\/www.creativeireland.gov.ie\/ga\/comhphairtithe\/100-archive-plotting-contemporary-irish-communication-design\/#primaryimage\"},\"image\":{\"@id\":\"https:\/\/www.creativeireland.gov.ie\/ga\/comhphairtithe\/100-archive-plotting-contemporary-irish-communication-design\/#primaryimage\"},\"thumbnailUrl\":\"https:\/\/www.creativeireland.gov.ie\/app\/uploads\/2020\/01\/It-Stops-Now-campaign-Designed-by-Victoria-Brunetta-Conor-Buckley-at-Piquant-Media.jpg\",\"datePublished\":\"2020-01-07T13:25:01+00:00\",\"dateModified\":\"2020-01-07T13:27:23+00:00\",\"breadcrumb\":{\"@id\":\"https:\/\/www.creativeireland.gov.ie\/ga\/comhphairtithe\/100-archive-plotting-contemporary-irish-communication-design\/#breadcrumb\"},\"inLanguage\":\"ga-IE\",\"potentialAction\":[{\"@type\":\"ReadAction\",\"target\":[\"https:\/\/www.creativeireland.gov.ie\/ga\/comhphairtithe\/100-archive-plotting-contemporary-irish-communication-design\/\"]}]},{\"@type\":\"ImageObject\",\"inLanguage\":\"ga-IE\",\"@id\":\"https:\/\/www.creativeireland.gov.ie\/ga\/comhphairtithe\/100-archive-plotting-contemporary-irish-communication-design\/#primaryimage\",\"url\":\"https:\/\/www.creativeireland.gov.ie\/app\/uploads\/2020\/01\/It-Stops-Now-campaign-Designed-by-Victoria-Brunetta-Conor-Buckley-at-Piquant-Media.jpg\",\"contentUrl\":\"https:\/\/www.creativeireland.gov.ie\/app\/uploads\/2020\/01\/It-Stops-Now-campaign-Designed-by-Victoria-Brunetta-Conor-Buckley-at-Piquant-Media.jpg\",\"width\":2560,\"height\":1920,\"caption\":\"'It Stops Now' campaign Designed by Victoria Brunetta Conor Buckley at Piquant Media\"},{\"@type\":\"BreadcrumbList\",\"@id\":\"https:\/\/www.creativeireland.gov.ie\/ga\/comhphairtithe\/100-archive-plotting-contemporary-irish-communication-design\/#breadcrumb\",\"itemListElement\":[{\"@type\":\"ListItem\",\"position\":1,\"name\":\"Home\",\"item\":\"https:\/\/www.creativeireland.gov.ie\/ga\/\"},{\"@type\":\"ListItem\",\"position\":2,\"name\":\"Comhph\u00e1irt\u00edochta\u00ed\",\"item\":\"https:\/\/www.creativeireland.gov.ie\/ga\/comhphairtithe\/\"},{\"@type\":\"ListItem\",\"position\":3,\"name\":\"100 Cartlann den saothar dearth\u00f3ireachta cumars\u00e1ide in \u00c9irinn an lae inniu\"}]},{\"@type\":\"WebSite\",\"@id\":\"https:\/\/www.creativeireland.gov.ie\/ga\/#website\",\"url\":\"https:\/\/www.creativeireland.gov.ie\/ga\/\",\"name\":\"Creative Ireland Programme\",\"description\":\"The Creative Ireland Programme is guided by a vision that every person in Ireland will have the opportunity to realise their full creative potential. It is a five year all-of-Government initiative, from 2017 to 2022, to place creativity at the centre of public policy.\",\"potentialAction\":[{\"@type\":\"SearchAction\",\"target\":{\"@type\":\"EntryPoint\",\"urlTemplate\":\"https:\/\/www.creativeireland.gov.ie\/ga\/?s={search_term_string}\"},\"query-input\":{\"@type\":\"PropertyValueSpecification\",\"valueRequired\":true,\"valueName\":\"search_term_string\"}}],\"inLanguage\":\"ga-IE\"}]}<\/script>\n<!-- \/ Yoast SEO plugin. -->","yoast_head_json":{"title":"100 Cartlann den saothar dearth\u00f3ireachta cumars\u00e1ide in \u00c9irinn an lae inniu - Creative Ireland Programme","description":"Tarla\u00edonn g\u00e9ar\u00fa b\u00edse gach bliain ag fanacht go bhfeictear an saothar a chuirtear faoi bhr\u00e1id, agus is bre\u00e1 na f\u00e9ir\u00edn\u00ed a bh\u00edonn agam bliain i ndiaidh bliana.","robots":{"index":"index","follow":"follow","max-snippet":"max-snippet:-1","max-image-preview":"max-image-preview:large","max-video-preview":"max-video-preview:-1"},"canonical":"https:\/\/www.creativeireland.gov.ie\/ga\/comhphairtithe\/100-archive-plotting-contemporary-irish-communication-design\/","og_locale":"ga_IE","og_type":"article","og_title":"100 Cartlann den saothar dearth\u00f3ireachta cumars\u00e1ide in \u00c9irinn an lae inniu - Creative Ireland Programme","og_description":"Tarla\u00edonn g\u00e9ar\u00fa b\u00edse gach bliain ag fanacht go bhfeictear an saothar a chuirtear faoi bhr\u00e1id, agus is bre\u00e1 na f\u00e9ir\u00edn\u00ed a bh\u00edonn agam bliain i ndiaidh bliana.\u00a0 Is \u00e1bhar d\u00f3chais borradh agus for\u00e1s a fheice\u00e1il faoin tionscal.\u00a0 T\u00e1 \u00e9ags\u00falacht n\u00edos m\u00f3 ag baint leis an gcur chuige agus le h\u00e1bhar na hoibre.\u00a0 T\u00e1 an obair [&hellip;]","og_url":"https:\/\/www.creativeireland.gov.ie\/ga\/comhphairtithe\/100-archive-plotting-contemporary-irish-communication-design\/","og_site_name":"Creative Ireland Programme","article_publisher":"https:\/\/www.facebook.com\/CreativeIrl\/","article_modified_time":"2020-01-07T13:27:23+00:00","og_image":[{"width":1024,"height":768,"url":"https:\/\/www.creativeireland.gov.ie\/app\/uploads\/2020\/01\/It-Stops-Now-campaign-Designed-by-Victoria-Brunetta-Conor-Buckley-at-Piquant-Media-1024x768.jpg","type":"image\/jpeg"}],"twitter_card":"summary_large_image","twitter_site":"@creativeirl","twitter_misc":{"Est. reading time":"2 minutes"},"schema":{"@context":"https:\/\/schema.org","@graph":[{"@type":"WebPage","@id":"https:\/\/www.creativeireland.gov.ie\/ga\/comhphairtithe\/100-archive-plotting-contemporary-irish-communication-design\/","url":"https:\/\/www.creativeireland.gov.ie\/ga\/comhphairtithe\/100-archive-plotting-contemporary-irish-communication-design\/","name":"100 Cartlann den saothar dearth\u00f3ireachta cumars\u00e1ide in \u00c9irinn an lae inniu - Creative Ireland Programme","isPartOf":{"@id":"https:\/\/www.creativeireland.gov.ie\/ga\/#website"},"primaryImageOfPage":{"@id":"https:\/\/www.creativeireland.gov.ie\/ga\/comhphairtithe\/100-archive-plotting-contemporary-irish-communication-design\/#primaryimage"},"image":{"@id":"https:\/\/www.creativeireland.gov.ie\/ga\/comhphairtithe\/100-archive-plotting-contemporary-irish-communication-design\/#primaryimage"},"thumbnailUrl":"https:\/\/www.creativeireland.gov.ie\/app\/uploads\/2020\/01\/It-Stops-Now-campaign-Designed-by-Victoria-Brunetta-Conor-Buckley-at-Piquant-Media.jpg","datePublished":"2020-01-07T13:25:01+00:00","dateModified":"2020-01-07T13:27:23+00:00","breadcrumb":{"@id":"https:\/\/www.creativeireland.gov.ie\/ga\/comhphairtithe\/100-archive-plotting-contemporary-irish-communication-design\/#breadcrumb"},"inLanguage":"ga-IE","potentialAction":[{"@type":"ReadAction","target":["https:\/\/www.creativeireland.gov.ie\/ga\/comhphairtithe\/100-archive-plotting-contemporary-irish-communication-design\/"]}]},{"@type":"ImageObject","inLanguage":"ga-IE","@id":"https:\/\/www.creativeireland.gov.ie\/ga\/comhphairtithe\/100-archive-plotting-contemporary-irish-communication-design\/#primaryimage","url":"https:\/\/www.creativeireland.gov.ie\/app\/uploads\/2020\/01\/It-Stops-Now-campaign-Designed-by-Victoria-Brunetta-Conor-Buckley-at-Piquant-Media.jpg","contentUrl":"https:\/\/www.creativeireland.gov.ie\/app\/uploads\/2020\/01\/It-Stops-Now-campaign-Designed-by-Victoria-Brunetta-Conor-Buckley-at-Piquant-Media.jpg","width":2560,"height":1920,"caption":"'It Stops Now' campaign Designed by Victoria Brunetta Conor Buckley at Piquant Media"},{"@type":"BreadcrumbList","@id":"https:\/\/www.creativeireland.gov.ie\/ga\/comhphairtithe\/100-archive-plotting-contemporary-irish-communication-design\/#breadcrumb","itemListElement":[{"@type":"ListItem","position":1,"name":"Home","item":"https:\/\/www.creativeireland.gov.ie\/ga\/"},{"@type":"ListItem","position":2,"name":"Comhph\u00e1irt\u00edochta\u00ed","item":"https:\/\/www.creativeireland.gov.ie\/ga\/comhphairtithe\/"},{"@type":"ListItem","position":3,"name":"100 Cartlann den saothar dearth\u00f3ireachta cumars\u00e1ide in \u00c9irinn an lae inniu"}]},{"@type":"WebSite","@id":"https:\/\/www.creativeireland.gov.ie\/ga\/#website","url":"https:\/\/www.creativeireland.gov.ie\/ga\/","name":"Creative Ireland Programme","description":"The Creative Ireland Programme is guided by a vision that every person in Ireland will have the opportunity to realise their full creative potential. It is a five year all-of-Government initiative, from 2017 to 2022, to place creativity at the centre of public policy.","potentialAction":[{"@type":"SearchAction","target":{"@type":"EntryPoint","urlTemplate":"https:\/\/www.creativeireland.gov.ie\/ga\/?s={search_term_string}"},"query-input":{"@type":"PropertyValueSpecification","valueRequired":true,"valueName":"search_term_string"}}],"inLanguage":"ga-IE"}]}},"_links":{"self":[{"href":"https:\/\/www.creativeireland.gov.ie\/ga\/wp-json\/wp\/v2\/pages\/5421","targetHints":{"allow":["GET"]}}],"collection":[{"href":"https:\/\/www.creativeireland.gov.ie\/ga\/wp-json\/wp\/v2\/pages"}],"about":[{"href":"https:\/\/www.creativeireland.gov.ie\/ga\/wp-json\/wp\/v2\/types\/page"}],"author":[{"embeddable":true,"href":"https:\/\/www.creativeireland.gov.ie\/ga\/wp-json\/wp\/v2\/users\/1"}],"replies":[{"embeddable":true,"href":"https:\/\/www.creativeireland.gov.ie\/ga\/wp-json\/wp\/v2\/comments?post=5421"}],"version-history":[{"count":2,"href":"https:\/\/www.creativeireland.gov.ie\/ga\/wp-json\/wp\/v2\/pages\/5421\/revisions"}],"predecessor-version":[{"id":5423,"href":"https:\/\/www.creativeireland.gov.ie\/ga\/wp-json\/wp\/v2\/pages\/5421\/revisions\/5423"}],"up":[{"embeddable":true,"href":"https:\/\/www.creativeireland.gov.ie\/ga\/wp-json\/wp\/v2\/pages\/3357"}],"wp:featuredmedia":[{"embeddable":true,"href":"https:\/\/www.creativeireland.gov.ie\/ga\/wp-json\/wp\/v2\/media\/5412"}],"wp:attachment":[{"href":"https:\/\/www.creativeireland.gov.ie\/ga\/wp-json\/wp\/v2\/media?parent=5421"}],"curies":[{"name":"wp","href":"https:\/\/api.w.org\/{rel}","templated":true}]}}