{"id":5444,"date":"2020-01-07T17:51:20","date_gmt":"2020-01-07T17:51:20","guid":{"rendered":"https:\/\/prod-creativeireland.zestydev.com\/comhphairtithe\/launch-of-saolta-arts-and-health-policy-and-strategy\/"},"modified":"2020-01-07T18:00:08","modified_gmt":"2020-01-07T18:00:08","slug":"i-mi-na-samhna-2019-a-seoladh-polasai-agus-straiteis-ealaion-agus-slainte-shaolta","status":"publish","type":"page","link":"https:\/\/www.creativeireland.gov.ie\/ga\/comhphairtithe\/i-mi-na-samhna-2019-a-seoladh-polasai-agus-straiteis-ealaion-agus-slainte-shaolta\/","title":{"rendered":"Polasa\u00ed agus Strait\u00e9is Eala\u00edon agus Sl\u00e1inte Shaolta a Sheoladh"},"content":{"rendered":"\n<p>I m\u00ed na Samhna 2019 a seoladh Polasa\u00ed agus Strait\u00e9is Eala\u00edon agus Sl\u00e1inte Shaolta.\u00a0 Is \u00e9 Gr\u00fapa Ospid\u00e9al Shaolta an gr\u00fapa is m\u00f3 sa t\u00edr leis na hospid\u00e9il seo a leanas: Ospid\u00e9al na hOllscoile, Leitir Ceanainn, Ospid\u00e9al na hOllscoile, Maigh Eo, Ospid\u00e9al na hOllscoile, P\u00e1irc Mhuirlinne, Ospid\u00e9al na hOllscoile, Portiuncula, Ospid\u00e9al na hOllscoile, Ros Com\u00e1in, Ospid\u00e9al na hOllscoile, Sligeach agus Ospid\u00e9al na hOllscoile, Gaillimh.<\/p>\n\n\n\n<div class=\"wp-block-image\"><figure class=\"aligncenter size-large\"><img loading=\"lazy\" decoding=\"async\" width=\"1024\" height=\"768\" src=\"https:\/\/www.creativeireland.gov.ie\/app\/uploads\/2020\/01\/Portiuncula-University-Hospital-Artist-in-Residence-Programme-Credit-Saolta-Arts-1024x768.jpg\" alt=\"\" class=\"wp-image-5431\" srcset=\"https:\/\/www.creativeireland.gov.ie\/app\/uploads\/2020\/01\/Portiuncula-University-Hospital-Artist-in-Residence-Programme-Credit-Saolta-Arts-1024x768.jpg 1024w, https:\/\/www.creativeireland.gov.ie\/app\/uploads\/2020\/01\/Portiuncula-University-Hospital-Artist-in-Residence-Programme-Credit-Saolta-Arts-300x225.jpg 300w, https:\/\/www.creativeireland.gov.ie\/app\/uploads\/2020\/01\/Portiuncula-University-Hospital-Artist-in-Residence-Programme-Credit-Saolta-Arts-768x576.jpg 768w, https:\/\/www.creativeireland.gov.ie\/app\/uploads\/2020\/01\/Portiuncula-University-Hospital-Artist-in-Residence-Programme-Credit-Saolta-Arts-1536x1152.jpg 1536w, https:\/\/www.creativeireland.gov.ie\/app\/uploads\/2020\/01\/Portiuncula-University-Hospital-Artist-in-Residence-Programme-Credit-Saolta-Arts-2048x1536.jpg 2048w\" sizes=\"auto, (max-width: 1024px) 100vw, 1024px\" \/><figcaption>Portiuncula University Hospital Artist in Residence Programme Credit Saolta Arts<\/figcaption><\/figure><\/div>\n\n\n\n<p>Buna\u00edodh an polasa\u00ed ar an l\u00f3n eolais \u00f3\u00a0chl\u00e1r cuimsitheach de thaispe\u00e1ntais, d&#8217;imeachta\u00ed agus de bhearta caidrimh poibl\u00ed le gach duine de phobal an ospid\u00e9il, na hothair, gach duine den lucht leighis agus altranais, na cuairteoir\u00ed agus foireann taca an ospid\u00e9il.\u00a0 Is comhar p\u00e1irtn\u00e9ireachta at\u00e1 ann idir Iontaobhas Eala\u00edne Ospid\u00e9il Ollscoil na Gaillimhe, Gr\u00fapa Ch\u00faram Sl\u00e1inte Ollscoile Shaolta, Seirbh\u00eds Eala\u00edon Chomhairle Chontae na Gaillimhe, Gr\u00fapa Forfheidhmi\u00fach\u00e1in Shaolta maidir le h\u00c9ire Fholl\u00e1in, Gr\u00fapa Thaith\u00ed\u00a0an Othair agus Comhairle na nOthar.<\/p>\n\n\n\n<p><\/p>\n\n\n\n<div class=\"wp-block-image\"><figure class=\"aligncenter size-large\"><img loading=\"lazy\" decoding=\"async\" width=\"1024\" height=\"682\" src=\"https:\/\/www.creativeireland.gov.ie\/app\/uploads\/2020\/01\/Offset-UHG-Post-Room-Credit-Ruby-Wallis-1024x682.jpg\" alt=\"\" class=\"wp-image-5433\" srcset=\"https:\/\/www.creativeireland.gov.ie\/app\/uploads\/2020\/01\/Offset-UHG-Post-Room-Credit-Ruby-Wallis-1024x682.jpg 1024w, https:\/\/www.creativeireland.gov.ie\/app\/uploads\/2020\/01\/Offset-UHG-Post-Room-Credit-Ruby-Wallis-300x200.jpg 300w, https:\/\/www.creativeireland.gov.ie\/app\/uploads\/2020\/01\/Offset-UHG-Post-Room-Credit-Ruby-Wallis-768x512.jpg 768w, https:\/\/www.creativeireland.gov.ie\/app\/uploads\/2020\/01\/Offset-UHG-Post-Room-Credit-Ruby-Wallis-1536x1024.jpg 1536w, https:\/\/www.creativeireland.gov.ie\/app\/uploads\/2020\/01\/Offset-UHG-Post-Room-Credit-Ruby-Wallis.jpg 2000w\" sizes=\"auto, (max-width: 1024px) 100vw, 1024px\" \/><figcaption>Offset UHG Post Room Credit Ruby Wallis<\/figcaption><\/figure><\/div>\n\n\n\n<p>I bhfianaise an r\u00e9imse leathan at\u00e1 le Gr\u00fapa Ospid\u00e9al Shaolta, tuigeadh do \u00c9ire Ild\u00e1nach gur mhaith an eiseaml\u00e1ir a bheadh ann maidir le nu\u00e1la\u00edocht agus le hoibri\u00fa\u00a0i gcomhar agus go mbeadh t\u00e1bhacht ar an leibh\u00e9al n\u00e1isi\u00fanta leis maidir le cl\u00e1ir chruthaitheachta a thabhairt i gcr\u00edch i ngr\u00fapa\u00ed eile ospid\u00e9al. <\/p>\n\n\n\n<div class=\"wp-block-image\"><figure class=\"aligncenter size-large\"><img loading=\"lazy\" decoding=\"async\" width=\"1024\" height=\"754\" src=\"https:\/\/www.creativeireland.gov.ie\/app\/uploads\/2020\/01\/Offset-Artwork-Credit-Saolta-Arts-1024x754.jpg\" alt=\"\" class=\"wp-image-5435\" srcset=\"https:\/\/www.creativeireland.gov.ie\/app\/uploads\/2020\/01\/Offset-Artwork-Credit-Saolta-Arts-1024x754.jpg 1024w, https:\/\/www.creativeireland.gov.ie\/app\/uploads\/2020\/01\/Offset-Artwork-Credit-Saolta-Arts-300x221.jpg 300w, https:\/\/www.creativeireland.gov.ie\/app\/uploads\/2020\/01\/Offset-Artwork-Credit-Saolta-Arts-768x566.jpg 768w, https:\/\/www.creativeireland.gov.ie\/app\/uploads\/2020\/01\/Offset-Artwork-Credit-Saolta-Arts-1536x1132.jpg 1536w, https:\/\/www.creativeireland.gov.ie\/app\/uploads\/2020\/01\/Offset-Artwork-Credit-Saolta-Arts-2048x1509.jpg 2048w\" sizes=\"auto, (max-width: 1024px) 100vw, 1024px\" \/><figcaption>Offset Artwork Credit Saolta Arts<\/figcaption><\/figure><\/div>\n\n\n\n<p>www.saolta.ie<\/p>\n\n\n\n<div class=\"wp-block-image\"><figure class=\"aligncenter size-large\"><img loading=\"lazy\" decoding=\"async\" width=\"1024\" height=\"745\" src=\"https:\/\/www.creativeireland.gov.ie\/app\/uploads\/2020\/01\/Offset-Artwork-2-Credit-Saolta-Arts-1024x745.jpg\" alt=\"\" class=\"wp-image-5437\" srcset=\"https:\/\/www.creativeireland.gov.ie\/app\/uploads\/2020\/01\/Offset-Artwork-2-Credit-Saolta-Arts-1024x745.jpg 1024w, https:\/\/www.creativeireland.gov.ie\/app\/uploads\/2020\/01\/Offset-Artwork-2-Credit-Saolta-Arts-300x218.jpg 300w, https:\/\/www.creativeireland.gov.ie\/app\/uploads\/2020\/01\/Offset-Artwork-2-Credit-Saolta-Arts-768x559.jpg 768w, https:\/\/www.creativeireland.gov.ie\/app\/uploads\/2020\/01\/Offset-Artwork-2-Credit-Saolta-Arts-1536x1117.jpg 1536w, https:\/\/www.creativeireland.gov.ie\/app\/uploads\/2020\/01\/Offset-Artwork-2-Credit-Saolta-Arts.jpg 1948w\" sizes=\"auto, (max-width: 1024px) 100vw, 1024px\" \/><figcaption>Offset Artwork 2 Credit Saolta Arts<\/figcaption><\/figure><\/div>\n","protected":false},"excerpt":{"rendered":"<p>I m\u00ed na Samhna 2019 a seoladh Polasa\u00ed agus Strait\u00e9is Eala\u00edon agus Sl\u00e1inte Shaolta.\u00a0 Is \u00e9 Gr\u00fapa Ospid\u00e9al Shaolta an gr\u00fapa is m\u00f3 sa t\u00edr leis na hospid\u00e9il seo a leanas: Ospid\u00e9al na hOllscoile, Leitir Ceanainn, Ospid\u00e9al na hOllscoile, Maigh Eo, Ospid\u00e9al na hOllscoile, P\u00e1irc Mhuirlinne, Ospid\u00e9al na hOllscoile, Portiuncula, Ospid\u00e9al na hOllscoile, Ros Com\u00e1in, [&hellip;]<\/p>\n","protected":false},"author":1,"featured_media":5440,"parent":3357,"menu_order":0,"comment_status":"closed","ping_status":"closed","template":"page-basic-content.php","meta":{"footnotes":""},"class_list":["post-5444","page","type-page","status-publish","has-post-thumbnail","hentry"],"acf":[],"yoast_head":"<!-- This site is optimized with the Yoast SEO plugin v25.9 - https:\/\/yoast.com\/wordpress\/plugins\/seo\/ -->\n<title>Polasa\u00ed agus Strait\u00e9is Eala\u00edon agus Sl\u00e1inte Shaolta a Sheoladh - Creative Ireland Programme<\/title>\n<meta name=\"description\" content=\"In November 2019 the Saolta Arts and Health Policy and Strategy was launched.\" \/>\n<meta name=\"robots\" content=\"index, follow, max-snippet:-1, max-image-preview:large, max-video-preview:-1\" \/>\n<link rel=\"canonical\" href=\"https:\/\/www.creativeireland.gov.ie\/ga\/comhphairtithe\/i-mi-na-samhna-2019-a-seoladh-polasai-agus-straiteis-ealaion-agus-slainte-shaolta\/\" \/>\n<meta property=\"og:locale\" content=\"ga_IE\" \/>\n<meta property=\"og:type\" content=\"article\" \/>\n<meta property=\"og:title\" content=\"Polasa\u00ed agus Strait\u00e9is Eala\u00edon agus Sl\u00e1inte Shaolta a Sheoladh - Creative Ireland Programme\" \/>\n<meta property=\"og:description\" content=\"In November 2019 the Saolta Arts and Health Policy and Strategy was launched.\" \/>\n<meta property=\"og:url\" content=\"https:\/\/www.creativeireland.gov.ie\/ga\/comhphairtithe\/i-mi-na-samhna-2019-a-seoladh-polasai-agus-straiteis-ealaion-agus-slainte-shaolta\/\" \/>\n<meta property=\"og:site_name\" content=\"Creative Ireland Programme\" \/>\n<meta property=\"article:publisher\" content=\"https:\/\/www.facebook.com\/CreativeIrl\/\" \/>\n<meta property=\"article:modified_time\" content=\"2020-01-07T18:00:08+00:00\" \/>\n<meta property=\"og:image\" content=\"https:\/\/www.creativeireland.gov.ie\/app\/uploads\/2020\/01\/Portiuncula-University-Hospital-Artist-in-Residence-Programme-Credit-Saolta-Arts-2.jpg\" \/>\n\t<meta property=\"og:image:width\" content=\"2560\" \/>\n\t<meta property=\"og:image:height\" content=\"1920\" \/>\n\t<meta property=\"og:image:type\" content=\"image\/jpeg\" \/>\n<meta name=\"twitter:card\" content=\"summary_large_image\" \/>\n<meta name=\"twitter:site\" content=\"@creativeirl\" \/>\n<meta name=\"twitter:label1\" content=\"Est. reading time\" \/>\n\t<meta name=\"twitter:data1\" content=\"1 minute\" \/>\n<script type=\"application\/ld+json\" class=\"yoast-schema-graph\">{\"@context\":\"https:\/\/schema.org\",\"@graph\":[{\"@type\":\"WebPage\",\"@id\":\"https:\/\/www.creativeireland.gov.ie\/ga\/comhphairtithe\/i-mi-na-samhna-2019-a-seoladh-polasai-agus-straiteis-ealaion-agus-slainte-shaolta\/\",\"url\":\"https:\/\/www.creativeireland.gov.ie\/ga\/comhphairtithe\/i-mi-na-samhna-2019-a-seoladh-polasai-agus-straiteis-ealaion-agus-slainte-shaolta\/\",\"name\":\"Polasa\u00ed agus Strait\u00e9is Eala\u00edon agus Sl\u00e1inte Shaolta a Sheoladh - Creative Ireland Programme\",\"isPartOf\":{\"@id\":\"https:\/\/www.creativeireland.gov.ie\/ga\/#website\"},\"primaryImageOfPage\":{\"@id\":\"https:\/\/www.creativeireland.gov.ie\/ga\/comhphairtithe\/i-mi-na-samhna-2019-a-seoladh-polasai-agus-straiteis-ealaion-agus-slainte-shaolta\/#primaryimage\"},\"image\":{\"@id\":\"https:\/\/www.creativeireland.gov.ie\/ga\/comhphairtithe\/i-mi-na-samhna-2019-a-seoladh-polasai-agus-straiteis-ealaion-agus-slainte-shaolta\/#primaryimage\"},\"thumbnailUrl\":\"https:\/\/www.creativeireland.gov.ie\/app\/uploads\/2020\/01\/Portiuncula-University-Hospital-Artist-in-Residence-Programme-Credit-Saolta-Arts-2.jpg\",\"datePublished\":\"2020-01-07T17:51:20+00:00\",\"dateModified\":\"2020-01-07T18:00:08+00:00\",\"description\":\"In November 2019 the Saolta Arts and Health Policy and Strategy was launched.\",\"breadcrumb\":{\"@id\":\"https:\/\/www.creativeireland.gov.ie\/ga\/comhphairtithe\/i-mi-na-samhna-2019-a-seoladh-polasai-agus-straiteis-ealaion-agus-slainte-shaolta\/#breadcrumb\"},\"inLanguage\":\"ga-IE\",\"potentialAction\":[{\"@type\":\"ReadAction\",\"target\":[\"https:\/\/www.creativeireland.gov.ie\/ga\/comhphairtithe\/i-mi-na-samhna-2019-a-seoladh-polasai-agus-straiteis-ealaion-agus-slainte-shaolta\/\"]}]},{\"@type\":\"ImageObject\",\"inLanguage\":\"ga-IE\",\"@id\":\"https:\/\/www.creativeireland.gov.ie\/ga\/comhphairtithe\/i-mi-na-samhna-2019-a-seoladh-polasai-agus-straiteis-ealaion-agus-slainte-shaolta\/#primaryimage\",\"url\":\"https:\/\/www.creativeireland.gov.ie\/app\/uploads\/2020\/01\/Portiuncula-University-Hospital-Artist-in-Residence-Programme-Credit-Saolta-Arts-2.jpg\",\"contentUrl\":\"https:\/\/www.creativeireland.gov.ie\/app\/uploads\/2020\/01\/Portiuncula-University-Hospital-Artist-in-Residence-Programme-Credit-Saolta-Arts-2.jpg\",\"width\":2560,\"height\":1920,\"caption\":\"Portiuncula University Hospital Artist in Residence Programme Credit Saolta Arts 2\"},{\"@type\":\"BreadcrumbList\",\"@id\":\"https:\/\/www.creativeireland.gov.ie\/ga\/comhphairtithe\/i-mi-na-samhna-2019-a-seoladh-polasai-agus-straiteis-ealaion-agus-slainte-shaolta\/#breadcrumb\",\"itemListElement\":[{\"@type\":\"ListItem\",\"position\":1,\"name\":\"Home\",\"item\":\"https:\/\/www.creativeireland.gov.ie\/ga\/\"},{\"@type\":\"ListItem\",\"position\":2,\"name\":\"Comhph\u00e1irt\u00edochta\u00ed\",\"item\":\"https:\/\/www.creativeireland.gov.ie\/ga\/comhphairtithe\/\"},{\"@type\":\"ListItem\",\"position\":3,\"name\":\"Polasa\u00ed agus Strait\u00e9is Eala\u00edon agus Sl\u00e1inte Shaolta a Sheoladh\"}]},{\"@type\":\"WebSite\",\"@id\":\"https:\/\/www.creativeireland.gov.ie\/ga\/#website\",\"url\":\"https:\/\/www.creativeireland.gov.ie\/ga\/\",\"name\":\"Creative Ireland Programme\",\"description\":\"The Creative Ireland Programme is guided by a vision that every person in Ireland will have the opportunity to realise their full creative potential. It is a five year all-of-Government initiative, from 2017 to 2022, to place creativity at the centre of public policy.\",\"potentialAction\":[{\"@type\":\"SearchAction\",\"target\":{\"@type\":\"EntryPoint\",\"urlTemplate\":\"https:\/\/www.creativeireland.gov.ie\/ga\/?s={search_term_string}\"},\"query-input\":{\"@type\":\"PropertyValueSpecification\",\"valueRequired\":true,\"valueName\":\"search_term_string\"}}],\"inLanguage\":\"ga-IE\"}]}<\/script>\n<!-- \/ Yoast SEO plugin. -->","yoast_head_json":{"title":"Polasa\u00ed agus Strait\u00e9is Eala\u00edon agus Sl\u00e1inte Shaolta a Sheoladh - Creative Ireland Programme","description":"In November 2019 the Saolta Arts and Health Policy and Strategy was launched.","robots":{"index":"index","follow":"follow","max-snippet":"max-snippet:-1","max-image-preview":"max-image-preview:large","max-video-preview":"max-video-preview:-1"},"canonical":"https:\/\/www.creativeireland.gov.ie\/ga\/comhphairtithe\/i-mi-na-samhna-2019-a-seoladh-polasai-agus-straiteis-ealaion-agus-slainte-shaolta\/","og_locale":"ga_IE","og_type":"article","og_title":"Polasa\u00ed agus Strait\u00e9is Eala\u00edon agus Sl\u00e1inte Shaolta a Sheoladh - Creative Ireland Programme","og_description":"In November 2019 the Saolta Arts and Health Policy and Strategy was launched.","og_url":"https:\/\/www.creativeireland.gov.ie\/ga\/comhphairtithe\/i-mi-na-samhna-2019-a-seoladh-polasai-agus-straiteis-ealaion-agus-slainte-shaolta\/","og_site_name":"Creative Ireland Programme","article_publisher":"https:\/\/www.facebook.com\/CreativeIrl\/","article_modified_time":"2020-01-07T18:00:08+00:00","og_image":[{"width":2560,"height":1920,"url":"https:\/\/www.creativeireland.gov.ie\/app\/uploads\/2020\/01\/Portiuncula-University-Hospital-Artist-in-Residence-Programme-Credit-Saolta-Arts-2.jpg","type":"image\/jpeg"}],"twitter_card":"summary_large_image","twitter_site":"@creativeirl","twitter_misc":{"Est. reading time":"1 minute"},"schema":{"@context":"https:\/\/schema.org","@graph":[{"@type":"WebPage","@id":"https:\/\/www.creativeireland.gov.ie\/ga\/comhphairtithe\/i-mi-na-samhna-2019-a-seoladh-polasai-agus-straiteis-ealaion-agus-slainte-shaolta\/","url":"https:\/\/www.creativeireland.gov.ie\/ga\/comhphairtithe\/i-mi-na-samhna-2019-a-seoladh-polasai-agus-straiteis-ealaion-agus-slainte-shaolta\/","name":"Polasa\u00ed agus Strait\u00e9is Eala\u00edon agus Sl\u00e1inte Shaolta a Sheoladh - Creative Ireland Programme","isPartOf":{"@id":"https:\/\/www.creativeireland.gov.ie\/ga\/#website"},"primaryImageOfPage":{"@id":"https:\/\/www.creativeireland.gov.ie\/ga\/comhphairtithe\/i-mi-na-samhna-2019-a-seoladh-polasai-agus-straiteis-ealaion-agus-slainte-shaolta\/#primaryimage"},"image":{"@id":"https:\/\/www.creativeireland.gov.ie\/ga\/comhphairtithe\/i-mi-na-samhna-2019-a-seoladh-polasai-agus-straiteis-ealaion-agus-slainte-shaolta\/#primaryimage"},"thumbnailUrl":"https:\/\/www.creativeireland.gov.ie\/app\/uploads\/2020\/01\/Portiuncula-University-Hospital-Artist-in-Residence-Programme-Credit-Saolta-Arts-2.jpg","datePublished":"2020-01-07T17:51:20+00:00","dateModified":"2020-01-07T18:00:08+00:00","description":"In November 2019 the Saolta Arts and Health Policy and Strategy was launched.","breadcrumb":{"@id":"https:\/\/www.creativeireland.gov.ie\/ga\/comhphairtithe\/i-mi-na-samhna-2019-a-seoladh-polasai-agus-straiteis-ealaion-agus-slainte-shaolta\/#breadcrumb"},"inLanguage":"ga-IE","potentialAction":[{"@type":"ReadAction","target":["https:\/\/www.creativeireland.gov.ie\/ga\/comhphairtithe\/i-mi-na-samhna-2019-a-seoladh-polasai-agus-straiteis-ealaion-agus-slainte-shaolta\/"]}]},{"@type":"ImageObject","inLanguage":"ga-IE","@id":"https:\/\/www.creativeireland.gov.ie\/ga\/comhphairtithe\/i-mi-na-samhna-2019-a-seoladh-polasai-agus-straiteis-ealaion-agus-slainte-shaolta\/#primaryimage","url":"https:\/\/www.creativeireland.gov.ie\/app\/uploads\/2020\/01\/Portiuncula-University-Hospital-Artist-in-Residence-Programme-Credit-Saolta-Arts-2.jpg","contentUrl":"https:\/\/www.creativeireland.gov.ie\/app\/uploads\/2020\/01\/Portiuncula-University-Hospital-Artist-in-Residence-Programme-Credit-Saolta-Arts-2.jpg","width":2560,"height":1920,"caption":"Portiuncula University Hospital Artist in Residence Programme Credit Saolta Arts 2"},{"@type":"BreadcrumbList","@id":"https:\/\/www.creativeireland.gov.ie\/ga\/comhphairtithe\/i-mi-na-samhna-2019-a-seoladh-polasai-agus-straiteis-ealaion-agus-slainte-shaolta\/#breadcrumb","itemListElement":[{"@type":"ListItem","position":1,"name":"Home","item":"https:\/\/www.creativeireland.gov.ie\/ga\/"},{"@type":"ListItem","position":2,"name":"Comhph\u00e1irt\u00edochta\u00ed","item":"https:\/\/www.creativeireland.gov.ie\/ga\/comhphairtithe\/"},{"@type":"ListItem","position":3,"name":"Polasa\u00ed agus Strait\u00e9is Eala\u00edon agus Sl\u00e1inte Shaolta a Sheoladh"}]},{"@type":"WebSite","@id":"https:\/\/www.creativeireland.gov.ie\/ga\/#website","url":"https:\/\/www.creativeireland.gov.ie\/ga\/","name":"Creative Ireland Programme","description":"The Creative Ireland Programme is guided by a vision that every person in Ireland will have the opportunity to realise their full creative potential. It is a five year all-of-Government initiative, from 2017 to 2022, to place creativity at the centre of public policy.","potentialAction":[{"@type":"SearchAction","target":{"@type":"EntryPoint","urlTemplate":"https:\/\/www.creativeireland.gov.ie\/ga\/?s={search_term_string}"},"query-input":{"@type":"PropertyValueSpecification","valueRequired":true,"valueName":"search_term_string"}}],"inLanguage":"ga-IE"}]}},"_links":{"self":[{"href":"https:\/\/www.creativeireland.gov.ie\/ga\/wp-json\/wp\/v2\/pages\/5444","targetHints":{"allow":["GET"]}}],"collection":[{"href":"https:\/\/www.creativeireland.gov.ie\/ga\/wp-json\/wp\/v2\/pages"}],"about":[{"href":"https:\/\/www.creativeireland.gov.ie\/ga\/wp-json\/wp\/v2\/types\/page"}],"author":[{"embeddable":true,"href":"https:\/\/www.creativeireland.gov.ie\/ga\/wp-json\/wp\/v2\/users\/1"}],"replies":[{"embeddable":true,"href":"https:\/\/www.creativeireland.gov.ie\/ga\/wp-json\/wp\/v2\/comments?post=5444"}],"version-history":[{"count":2,"href":"https:\/\/www.creativeireland.gov.ie\/ga\/wp-json\/wp\/v2\/pages\/5444\/revisions"}],"predecessor-version":[{"id":5446,"href":"https:\/\/www.creativeireland.gov.ie\/ga\/wp-json\/wp\/v2\/pages\/5444\/revisions\/5446"}],"up":[{"embeddable":true,"href":"https:\/\/www.creativeireland.gov.ie\/ga\/wp-json\/wp\/v2\/pages\/3357"}],"wp:featuredmedia":[{"embeddable":true,"href":"https:\/\/www.creativeireland.gov.ie\/ga\/wp-json\/wp\/v2\/media\/5440"}],"wp:attachment":[{"href":"https:\/\/www.creativeireland.gov.ie\/ga\/wp-json\/wp\/v2\/media?parent=5444"}],"curies":[{"name":"wp","href":"https:\/\/api.w.org\/{rel}","templated":true}]}}